{"id":972,"date":"2020-07-03T06:07:43","date_gmt":"2020-07-03T06:07:43","guid":{"rendered":"https:\/\/www.persimmontravels.com\/excursiones-privadas-desde-sevilla-y-otras-ciudades-de-andalucia\/"},"modified":"2020-07-10T18:05:18","modified_gmt":"2020-07-10T18:05:18","slug":"excursiones-privadas-desde-sevilla-y-otras-ciudades-de-andalucia","status":"publish","type":"page","link":"https:\/\/www.persimmontravels.com\/es\/excursiones-privadas-desde-sevilla-y-otras-ciudades-de-andalucia\/","title":{"rendered":"Excursiones Privadas desde Sevilla y otras ciudades de Andaluc\u00eda"},"content":{"rendered":"<p>[vc_row][vc_column width=\u00bb2\/3&#8243; css=\u00bb.vc_custom_1591201265282{padding-top: 30px !important;padding-right: 30px !important;padding-bottom: 30px !important;padding-left: 30px !important;}\u00bb][vc_custom_heading text=\u00bbQu\u00e9 es un Day Trip? (Excursiones Privadas)\u00bb use_theme_fonts=\u00bbyes\u00bb][vc_column_text]Las excursiones privadas son una forma muy c\u00f3moda, segura y f\u00e1cil de programar una visita a un lugar cercano desde donde se hospeda.<\/p>\n<p>Sin m\u00e1s preocupaciones, nuestro servicio de recogida en su hotel o apartamento tur\u00edstico por nuestros gu\u00edas en autom\u00f3vil privado se ocupar\u00e1 de todos los asuntos para que disfrute de su excursi\u00f3n de un d\u00eda, dando valor a su tiempo por menos dinero de lo que espera.<\/p>\n<p>Al final del d\u00eda, al regreso de la excursi\u00f3n, estamos seguros de que tendr\u00e1 la sensaci\u00f3n de haber podido aprovechar al m\u00e1ximo el tiempo.[\/vc_column_text][\/vc_column][vc_column width=\u00bb1\/3&#8243;][vc_single_image image=\u00bb577&#8243; img_size=\u00bbfull\u00bb alignment=\u00bbcenter\u00bb][\/vc_column][\/vc_row][vc_row][vc_column width=\u00bb1\/3&#8243;][vc_single_image image=\u00bb312&#8243; img_size=\u00bbfull\u00bb alignment=\u00bbcenter\u00bb][\/vc_column][vc_column width=\u00bb2\/3&#8243; css=\u00bb.vc_custom_1591201300888{padding-top: 30px !important;padding-right: 30px !important;padding-bottom: 30px !important;padding-left: 30px !important;}\u00bb][vc_custom_heading text=\u00bbPor qu\u00e9 hacer un Day Trip con Persimmon Travels?\u00bb use_theme_fonts=\u00bbyes\u00bb][vc_column_text]Seguridad y comodidad y, sobre todo, aprovechar al m\u00e1ximo tu tiempo con tu familia, con tus amigos y con el grupo que quieres y conoces, es el valor de contratar una excursi\u00f3n de un d\u00eda con Persimmon Travels.<br \/>\nNuestros gu\u00edas son grandes expertos preparados para proporcionarle una visita excepcional donde desee y para resolver cualquier pregunta o recomendaci\u00f3n que necesite.[\/vc_column_text][vc_row_inner][vc_column_inner width=\u00bb1\/2&#8243;][vc_single_image image=\u00bb721&#8243; img_size=\u00bbmedium\u00bb title=\u00bbexcursiones privadas en coche\u00bb][\/vc_column_inner][vc_column_inner width=\u00bb1\/2&#8243;][vc_single_image image=\u00bb1003&#8243; img_size=\u00bbmedium\u00bb][\/vc_column_inner][\/vc_row_inner][\/vc_column][\/vc_row][vc_row full_width=\u00bbstretch_row_content\u00bb][vc_column][vc_custom_heading text=\u00bbNuestras Excursiones Privadas (Day Trips). \u00bf A d\u00f3nde quieres ir?\u00bb font_container=\u00bbtag:h2|text_align:center\u00bb use_theme_fonts=\u00bbyes\u00bb css=\u00bb.vc_custom_1591201495040{margin-top: 40px !important;margin-bottom: 20px !important;}\u00bb]\t\t<div class=\"row\">\n\t\t\t<div class=\"sd-products-carousel sd-products-carousel-\">\n\t\t\t\t<div class=\"woocommerce columns-4 \"><div class=\"col-md-3 col-sm-4 col-xs-12 sd-loop-class post-2397 product type-product status-publish has-post-thumbnail hentry product_cat-day-trip product_cat-uncategorized product_tag-day-trips product_tag-seville destination-sevilla tour-month-april tour-month-august tour-month-december tour-month-february tour-month-january tour-month-july tour-month-june tour-month-march tour-month-may tour-month-november tour-month-october tour-month-september tour-type-activities tour-type-day-trip tour-type-day-trip-seville tour-type-group-tours\">\n\t<div class=\"sd-tour-item\">\n\t\t<div class=\"sd-tour-item-thumb\"><img src=\"https:\/\/www.persimmontravels.com\/wp-content\/uploads\/2021\/02\/concurso-2-300x300.jpg\" class=\"attachment-shop_catalog size-shop_catalog wp-post-image\" alt=\"\" decoding=\"async\" loading=\"lazy\" srcset=\"https:\/\/www.persimmontravels.com\/wp-content\/uploads\/2021\/02\/concurso-2-300x300.jpg 300w, https:\/\/www.persimmontravels.com\/wp-content\/uploads\/2021\/02\/concurso-2-150x150.jpg 150w, https:\/\/www.persimmontravels.com\/wp-content\/uploads\/2021\/02\/concurso-2-189x189.jpg 189w, https:\/\/www.persimmontravels.com\/wp-content\/uploads\/2021\/02\/concurso-2-88x88.jpg 88w, https:\/\/www.persimmontravels.com\/wp-content\/uploads\/2021\/02\/concurso-2-213x213.jpg 213w, https:\/\/www.persimmontravels.com\/wp-content\/uploads\/2021\/02\/concurso-2-100x100.jpg 100w\" sizes=\"(max-width: 300px) 100vw, 300px\" \/><\/div><\/a>\t\t<div class=\"sd-tour-item-content-wrap\">\n\t\t\t<h3>\n\t\t\t\t<a href=\"https:\/\/www.persimmontravels.com\/es\/product\/day-trip-to-andalusian-hacienda-cortijo-andaluz-private-tour-small-groups\/\" title=\"Andalusian Country House (Cortijo Andaluz) [PRIVATE\/SMALL GROUPS]\" rel=\"bookmark\">\n\t\t\t\t\tAndalusian Country House (Cortijo Andaluz) [PRIVATE\/SMALL GROUPS]\t\t\t\t<\/a>\n\t\t\t<\/h3>\n\t\t\t<span class=\"sd-tour-days\">\n\t\t\t\t \t\t\t<\/span>\n\t\t\t<!-- sd-tour-days -->\n\t\t\t\n\t\t\t\t\t\t\n\t\t\t\t<div class=\"sd-stars\">\n\t\t\t\t\t\t\t\t\t<\/div>\n\t\t\t\t\t\t\t\t\t<div class=\"clearfix\"><\/div>\n\t\t\t\t\t\t\n\t\t\t<div class=\"sd-tour-excerpt\">\n\t\t\t\t<p><\/p>\n\t\t\t<\/div>\n\t\t\t<!-- sd-tour-excerpt -->\n\t\t\t\n\t\t\t<div class=\"sd-tour-price\">\n\t\t\t\t<!-- <span>From: <\/span>-->\t\t\t<\/div>\n\t\t\t<!-- sd-tour-price -->\n\t\t<\/div>\n\t<\/div>\n\t<!-- sd-tour-item -->\n<\/div>\n<div class=\"clearfix visible-md-block visible-lg-block sd-separate-rows\"><\/div><div class=\"clearfix visible-sm-block sd-separate-rows\"><\/div><div class=\"clearfix visible-xs-block sd-separate-rows\"><\/div><div class=\"col-md-3 col-sm-4 col-xs-12 sd-loop-class post-3057 product type-product status-publish has-post-thumbnail hentry product_cat-day-trip product_cat-uncategorized product_tag-day-trips product_tag-seville destination-sevilla tour-month-april tour-month-december tour-month-february tour-month-january tour-month-march tour-month-may tour-month-november tour-month-october tour-month-september tour-type-day-trip tour-type-day-trip-seville\">\n\t<div class=\"sd-tour-item\">\n\t\t<div class=\"sd-tour-item-thumb\"><img src=\"https:\/\/www.persimmontravels.com\/wp-content\/uploads\/2021\/02\/caminito-del-rey1.jpg\" class=\"attachment-shop_catalog size-shop_catalog wp-post-image\" alt=\"\" decoding=\"async\" loading=\"lazy\" \/><\/div><\/a>\t\t<div class=\"sd-tour-item-content-wrap\">\n\t\t\t<h3>\n\t\t\t\t<a href=\"https:\/\/www.persimmontravels.com\/es\/product\/day-trip-to-caminito-del-rey-private-tour-small-groups\/\" title=\"Caminito del Rey (King&#8217;s Little Path) &#038; Antequera Dolmens Archaeological Site or Osuna [Private\/Small Groups]\" rel=\"bookmark\">\n\t\t\t\t\tCaminito del Rey (King&#8217;s Little Path) &#038; Antequera Dolmens Archaeological Site or Osuna [Private\/Small Groups]\t\t\t\t<\/a>\n\t\t\t<\/h3>\n\t\t\t<span class=\"sd-tour-days\">\n\t\t\t\t \t\t\t<\/span>\n\t\t\t<!-- sd-tour-days -->\n\t\t\t\n\t\t\t\t\t\t\n\t\t\t\t<div class=\"sd-stars\">\n\t\t\t\t\t\t\t\t\t<\/div>\n\t\t\t\t\t\t\t\t\t<div class=\"clearfix\"><\/div>\n\t\t\t\t\t\t\n\t\t\t<div class=\"sd-tour-excerpt\">\n\t\t\t\t<p><\/p>\n\t\t\t<\/div>\n\t\t\t<!-- sd-tour-excerpt -->\n\t\t\t\n\t\t\t<div class=\"sd-tour-price\">\n\t\t\t\t<!-- <span>From: <\/span>-->\t\t\t<\/div>\n\t\t\t<!-- sd-tour-price -->\n\t\t<\/div>\n\t<\/div>\n\t<!-- sd-tour-item -->\n<\/div>\n<div class=\"clearfix visible-md-block visible-lg-block sd-separate-rows\"><\/div><div class=\"clearfix visible-sm-block sd-separate-rows\"><\/div><div class=\"clearfix visible-xs-block sd-separate-rows\"><\/div><div class=\"col-md-3 col-sm-4 col-xs-12 sd-loop-class post-872 product type-product status-publish has-post-thumbnail hentry product_cat-viajes-de-un-dia product_tag-alhambra-es product_tag-excursiones-privadas product_tag-excursiones-privadas-es product_tag-granada-es product_tag-tickets-de-la-alhambra destination-sevilla tour-month-abril tour-month-agosto tour-month-diciembre tour-month-enero tour-month-febrero tour-month-julio tour-month-junio tour-month-marzo tour-month-mayo tour-month-noviembre tour-month-octubre tour-month-septiembre tour-type-day-trip-es tour-type-day-trip-seville-es\">\n\t<div class=\"sd-tour-item\">\n\t\t<div class=\"sd-tour-item-thumb\"><img src=\"https:\/\/www.persimmontravels.com\/wp-content\/uploads\/2020\/03\/lions-4680963_1920-300x300.jpg\" class=\"attachment-shop_catalog size-shop_catalog wp-post-image\" alt=\"\" decoding=\"async\" loading=\"lazy\" srcset=\"https:\/\/www.persimmontravels.com\/wp-content\/uploads\/2020\/03\/lions-4680963_1920-300x300.jpg 300w, https:\/\/www.persimmontravels.com\/wp-content\/uploads\/2020\/03\/lions-4680963_1920-150x150.jpg 150w, https:\/\/www.persimmontravels.com\/wp-content\/uploads\/2020\/03\/lions-4680963_1920-189x189.jpg 189w, https:\/\/www.persimmontravels.com\/wp-content\/uploads\/2020\/03\/lions-4680963_1920-88x88.jpg 88w, https:\/\/www.persimmontravels.com\/wp-content\/uploads\/2020\/03\/lions-4680963_1920-213x213.jpg 213w, https:\/\/www.persimmontravels.com\/wp-content\/uploads\/2020\/03\/lions-4680963_1920-100x100.jpg 100w\" sizes=\"(max-width: 300px) 100vw, 300px\" \/><\/div><\/a>\t\t<div class=\"sd-tour-item-content-wrap\">\n\t\t\t<h3>\n\t\t\t\t<a href=\"https:\/\/www.persimmontravels.com\/es\/producto\/day-trip-sevilla-granada-alhambra-privada\/\" title=\"Day Trip Sevilla &#8211; Granada &#038; Alhambra (Excursi\u00f3n privada)\" rel=\"bookmark\">\n\t\t\t\t\tDay Trip Sevilla &#8211; Granada &#038; Alhambra (Excursi\u00f3n privada)\t\t\t\t<\/a>\n\t\t\t<\/h3>\n\t\t\t<span class=\"sd-tour-days\">\n\t\t\t\t \t\t\t<\/span>\n\t\t\t<!-- sd-tour-days -->\n\t\t\t\n\t\t\t\t\t\t\n\t\t\t\t<div class=\"sd-stars\">\n\t\t\t\t\t\t\t\t\t<\/div>\n\t\t\t\t\t\t\t\t\t<div class=\"clearfix\"><\/div>\n\t\t\t\t\t\t\n\t\t\t<div class=\"sd-tour-excerpt\">\n\t\t\t\t<p><\/p>\n\t\t\t<\/div>\n\t\t\t<!-- sd-tour-excerpt -->\n\t\t\t\n\t\t\t<div class=\"sd-tour-price\">\n\t\t\t\t<!-- <span>From: <\/span>-->\t\t\t<\/div>\n\t\t\t<!-- sd-tour-price -->\n\t\t<\/div>\n\t<\/div>\n\t<!-- sd-tour-item -->\n<\/div>\n<div class=\"clearfix visible-md-block visible-lg-block sd-separate-rows\"><\/div><div class=\"clearfix visible-sm-block sd-separate-rows\"><\/div><div class=\"clearfix visible-xs-block sd-separate-rows\"><\/div><div class=\"col-md-3 col-sm-4 col-xs-12 sd-loop-class post-870 product type-product status-publish has-post-thumbnail hentry product_cat-viajes-de-un-dia destination-sevilla tour-month-abril tour-month-agosto tour-month-diciembre tour-month-enero tour-month-febrero tour-month-julio tour-month-junio tour-month-marzo tour-month-mayo tour-month-noviembre tour-month-octubre tour-month-septiembre tour-type-day-trip-es tour-type-day-trip-seville-es\">\n\t<div class=\"sd-tour-item\">\n\t\t<div class=\"sd-tour-item-thumb\"><img src=\"https:\/\/www.persimmontravels.com\/wp-content\/uploads\/2020\/03\/cadiz9-1-300x300.png\" class=\"attachment-shop_catalog size-shop_catalog wp-post-image\" alt=\"\" decoding=\"async\" loading=\"lazy\" srcset=\"https:\/\/www.persimmontravels.com\/wp-content\/uploads\/2020\/03\/cadiz9-1-300x300.png 300w, https:\/\/www.persimmontravels.com\/wp-content\/uploads\/2020\/03\/cadiz9-1-150x150.png 150w, https:\/\/www.persimmontravels.com\/wp-content\/uploads\/2020\/03\/cadiz9-1-189x189.png 189w, https:\/\/www.persimmontravels.com\/wp-content\/uploads\/2020\/03\/cadiz9-1-88x88.png 88w, https:\/\/www.persimmontravels.com\/wp-content\/uploads\/2020\/03\/cadiz9-1-213x213.png 213w, https:\/\/www.persimmontravels.com\/wp-content\/uploads\/2020\/03\/cadiz9-1-100x100.png 100w\" sizes=\"(max-width: 300px) 100vw, 300px\" \/><\/div><\/a>\t\t<div class=\"sd-tour-item-content-wrap\">\n\t\t\t<h3>\n\t\t\t\t<a href=\"https:\/\/www.persimmontravels.com\/es\/producto\/day-trip-seville-jerez-cadiz\/\" title=\"Excursi\u00f3n de un d\u00eda Sevilla &#8211; Jerez y C\u00e1diz (Tour Privado)\" rel=\"bookmark\">\n\t\t\t\t\tExcursi\u00f3n de un d\u00eda Sevilla &#8211; Jerez y C\u00e1diz (Tour Privado)\t\t\t\t<\/a>\n\t\t\t<\/h3>\n\t\t\t<span class=\"sd-tour-days\">\n\t\t\t\t \t\t\t<\/span>\n\t\t\t<!-- sd-tour-days -->\n\t\t\t\n\t\t\t\t\t\t\n\t\t\t\t<div class=\"sd-stars\">\n\t\t\t\t\t\t\t\t\t<\/div>\n\t\t\t\t\t\t\t\t\t<div class=\"clearfix\"><\/div>\n\t\t\t\t\t\t\n\t\t\t<div class=\"sd-tour-excerpt\">\n\t\t\t\t<p><\/p>\n\t\t\t<\/div>\n\t\t\t<!-- sd-tour-excerpt -->\n\t\t\t\n\t\t\t<div class=\"sd-tour-price\">\n\t\t\t\t<!-- <span>From: <\/span>-->\t\t\t<\/div>\n\t\t\t<!-- sd-tour-price -->\n\t\t<\/div>\n\t<\/div>\n\t<!-- sd-tour-item -->\n<\/div>\n<div class=\"clearfix visible-md-block visible-lg-block sd-separate-rows\"><\/div><div class=\"clearfix visible-sm-block sd-separate-rows\"><\/div><div class=\"clearfix visible-xs-block sd-separate-rows\"><\/div><div class=\"col-md-3 col-sm-4 col-xs-12 sd-loop-class post-871 product type-product status-publish has-post-thumbnail hentry product_cat-viajes-de-un-dia destination-sevilla tour-month-abril tour-month-agosto tour-month-diciembre tour-month-enero tour-month-febrero tour-month-julio tour-month-junio tour-month-marzo tour-month-mayo tour-month-noviembre tour-month-octubre tour-month-septiembre tour-type-day-trip-es tour-type-day-trip-seville-es\">\n\t<div class=\"sd-tour-item\">\n\t\t<div class=\"sd-tour-item-thumb\"><img src=\"https:\/\/www.persimmontravels.com\/wp-content\/uploads\/2020\/03\/round-3223149_1920-1-300x300.jpg\" class=\"attachment-shop_catalog size-shop_catalog wp-post-image\" alt=\"\" decoding=\"async\" loading=\"lazy\" srcset=\"https:\/\/www.persimmontravels.com\/wp-content\/uploads\/2020\/03\/round-3223149_1920-1-300x300.jpg 300w, https:\/\/www.persimmontravels.com\/wp-content\/uploads\/2020\/03\/round-3223149_1920-1-150x150.jpg 150w, https:\/\/www.persimmontravels.com\/wp-content\/uploads\/2020\/03\/round-3223149_1920-1-189x189.jpg 189w, https:\/\/www.persimmontravels.com\/wp-content\/uploads\/2020\/03\/round-3223149_1920-1-88x88.jpg 88w, https:\/\/www.persimmontravels.com\/wp-content\/uploads\/2020\/03\/round-3223149_1920-1-213x213.jpg 213w, https:\/\/www.persimmontravels.com\/wp-content\/uploads\/2020\/03\/round-3223149_1920-1-100x100.jpg 100w\" sizes=\"(max-width: 300px) 100vw, 300px\" \/><\/div><\/a>\t\t<div class=\"sd-tour-item-content-wrap\">\n\t\t\t<h3>\n\t\t\t\t<a href=\"https:\/\/www.persimmontravels.com\/es\/producto\/day-trip-seville-ronda\/\" title=\"Excursi\u00f3n de un d\u00eda Sevilla &#8211; Ronda y Pueblos Blancos\" rel=\"bookmark\">\n\t\t\t\t\tExcursi\u00f3n de un d\u00eda Sevilla &#8211; Ronda y Pueblos Blancos\t\t\t\t<\/a>\n\t\t\t<\/h3>\n\t\t\t<span class=\"sd-tour-days\">\n\t\t\t\t \t\t\t<\/span>\n\t\t\t<!-- sd-tour-days -->\n\t\t\t\n\t\t\t\t\t\t\n\t\t\t\t<div class=\"sd-stars\">\n\t\t\t\t\t\t\t\t\t<\/div>\n\t\t\t\t\t\t\t\t\t<div class=\"clearfix\"><\/div>\n\t\t\t\t\t\t\n\t\t\t<div class=\"sd-tour-excerpt\">\n\t\t\t\t<p><\/p>\n\t\t\t<\/div>\n\t\t\t<!-- sd-tour-excerpt -->\n\t\t\t\n\t\t\t<div class=\"sd-tour-price\">\n\t\t\t\t<!-- <span>From: <\/span>-->\t\t\t<\/div>\n\t\t\t<!-- sd-tour-price -->\n\t\t<\/div>\n\t<\/div>\n\t<!-- sd-tour-item -->\n<\/div>\n<div class=\"clearfix visible-md-block visible-lg-block sd-separate-rows\"><\/div><div class=\"clearfix visible-sm-block sd-separate-rows\"><\/div><div class=\"clearfix visible-xs-block sd-separate-rows\"><\/div><div class=\"col-md-3 col-sm-4 col-xs-12 sd-loop-class post-867 product type-product status-publish has-post-thumbnail hentry product_cat-viajes-de-un-dia destination-sevilla tour-month-abril tour-month-agosto tour-month-diciembre tour-month-enero tour-month-febrero tour-month-julio tour-month-junio tour-month-marzo tour-month-mayo tour-month-noviembre tour-month-octubre tour-month-septiembre tour-type-day-trip-es tour-type-day-trip-seville-es\">\n\t<div class=\"sd-tour-item\">\n\t\t<div class=\"sd-tour-item-thumb\"><img src=\"https:\/\/www.persimmontravels.com\/wp-content\/uploads\/2020\/03\/italica-2-300x300.jpg\" class=\"attachment-shop_catalog size-shop_catalog wp-post-image\" alt=\"\" decoding=\"async\" loading=\"lazy\" srcset=\"https:\/\/www.persimmontravels.com\/wp-content\/uploads\/2020\/03\/italica-2-300x300.jpg 300w, https:\/\/www.persimmontravels.com\/wp-content\/uploads\/2020\/03\/italica-2-150x150.jpg 150w, https:\/\/www.persimmontravels.com\/wp-content\/uploads\/2020\/03\/italica-2-189x189.jpg 189w, https:\/\/www.persimmontravels.com\/wp-content\/uploads\/2020\/03\/italica-2-88x88.jpg 88w, https:\/\/www.persimmontravels.com\/wp-content\/uploads\/2020\/03\/italica-2-213x213.jpg 213w, https:\/\/www.persimmontravels.com\/wp-content\/uploads\/2020\/03\/italica-2-100x100.jpg 100w\" sizes=\"(max-width: 300px) 100vw, 300px\" \/><\/div><\/a>\t\t<div class=\"sd-tour-item-content-wrap\">\n\t\t\t<h3>\n\t\t\t\t<a href=\"https:\/\/www.persimmontravels.com\/es\/producto\/trip-roman-ruins-italica-monastery-san-isidoro\/\" title=\"Excursi\u00f3n privada a las Ruinas Romanas de It\u00e1lica y el Monasterio de San Isidoro del Campo\" rel=\"bookmark\">\n\t\t\t\t\tExcursi\u00f3n privada a las Ruinas Romanas de It\u00e1lica y el Monasterio de San Isidoro del Campo\t\t\t\t<\/a>\n\t\t\t<\/h3>\n\t\t\t<span class=\"sd-tour-days\">\n\t\t\t\t \t\t\t<\/span>\n\t\t\t<!-- sd-tour-days -->\n\t\t\t\n\t\t\t\t\t\t\n\t\t\t\t<div class=\"sd-stars\">\n\t\t\t\t\t\t\t\t\t<\/div>\n\t\t\t\t\t\t\t\t\t<div class=\"clearfix\"><\/div>\n\t\t\t\t\t\t\n\t\t\t<div class=\"sd-tour-excerpt\">\n\t\t\t\t<p><\/p>\n\t\t\t<\/div>\n\t\t\t<!-- sd-tour-excerpt -->\n\t\t\t\n\t\t\t<div class=\"sd-tour-price\">\n\t\t\t\t<!-- <span>From: <\/span>-->\t\t\t<\/div>\n\t\t\t<!-- sd-tour-price -->\n\t\t<\/div>\n\t<\/div>\n\t<!-- sd-tour-item -->\n<\/div>\n<div class=\"clearfix visible-md-block visible-lg-block sd-separate-rows\"><\/div><div class=\"clearfix visible-sm-block sd-separate-rows\"><\/div><div class=\"clearfix visible-xs-block sd-separate-rows\"><\/div><div class=\"col-md-3 col-sm-4 col-xs-12 sd-loop-class post-868 product type-product status-publish has-post-thumbnail hentry product_cat-viajes-de-un-dia destination-sevilla tour-month-abril tour-month-agosto tour-month-diciembre tour-month-enero tour-month-febrero tour-month-julio tour-month-junio tour-month-marzo tour-month-mayo tour-month-noviembre tour-month-octubre tour-month-septiembre tour-type-day-trip-es tour-type-day-trip-seville-es\">\n\t<div class=\"sd-tour-item\">\n\t\t<div class=\"sd-tour-item-thumb\"><img src=\"https:\/\/www.persimmontravels.com\/wp-content\/uploads\/2020\/03\/aracena-ciudad-de-la-cut-300x300.jpg\" class=\"attachment-shop_catalog size-shop_catalog wp-post-image\" alt=\"\" decoding=\"async\" loading=\"lazy\" srcset=\"https:\/\/www.persimmontravels.com\/wp-content\/uploads\/2020\/03\/aracena-ciudad-de-la-cut-300x300.jpg 300w, https:\/\/www.persimmontravels.com\/wp-content\/uploads\/2020\/03\/aracena-ciudad-de-la-cut-150x150.jpg 150w, https:\/\/www.persimmontravels.com\/wp-content\/uploads\/2020\/03\/aracena-ciudad-de-la-cut-189x189.jpg 189w, https:\/\/www.persimmontravels.com\/wp-content\/uploads\/2020\/03\/aracena-ciudad-de-la-cut-88x88.jpg 88w, https:\/\/www.persimmontravels.com\/wp-content\/uploads\/2020\/03\/aracena-ciudad-de-la-cut-213x213.jpg 213w, https:\/\/www.persimmontravels.com\/wp-content\/uploads\/2020\/03\/aracena-ciudad-de-la-cut-100x100.jpg 100w\" sizes=\"(max-width: 300px) 100vw, 300px\" \/><\/div><\/a>\t\t<div class=\"sd-tour-item-content-wrap\">\n\t\t\t<h3>\n\t\t\t\t<a href=\"https:\/\/www.persimmontravels.com\/es\/producto\/day-trip-seville-arecena\/\" title=\"Excursi\u00f3n Sevilla &#8211; Aracena (Tour Privado)\" rel=\"bookmark\">\n\t\t\t\t\tExcursi\u00f3n Sevilla &#8211; Aracena (Tour Privado)\t\t\t\t<\/a>\n\t\t\t<\/h3>\n\t\t\t<span class=\"sd-tour-days\">\n\t\t\t\t \t\t\t<\/span>\n\t\t\t<!-- sd-tour-days -->\n\t\t\t\n\t\t\t\t\t\t\n\t\t\t\t<div class=\"sd-stars\">\n\t\t\t\t\t\t\t\t\t<\/div>\n\t\t\t\t\t\t\t\t\t<div class=\"clearfix\"><\/div>\n\t\t\t\t\t\t\n\t\t\t<div class=\"sd-tour-excerpt\">\n\t\t\t\t<p><\/p>\n\t\t\t<\/div>\n\t\t\t<!-- sd-tour-excerpt -->\n\t\t\t\n\t\t\t<div class=\"sd-tour-price\">\n\t\t\t\t<!-- <span>From: <\/span>-->\t\t\t<\/div>\n\t\t\t<!-- sd-tour-price -->\n\t\t<\/div>\n\t<\/div>\n\t<!-- sd-tour-item -->\n<\/div>\n<div class=\"clearfix visible-md-block visible-lg-block sd-separate-rows\"><\/div><div class=\"clearfix visible-sm-block sd-separate-rows\"><\/div><div class=\"clearfix visible-xs-block sd-separate-rows\"><\/div><div class=\"col-md-3 col-sm-4 col-xs-12 sd-loop-class post-869 product type-product status-publish has-post-thumbnail hentry product_cat-viajes-de-un-dia product_tag-cordoba-es product_tag-cordoba-es-2 product_tag-excursion-privada product_tag-excursiones-privadas product_tag-mesquita product_tag-mezquita-es destination-sevilla tour-month-abril tour-month-agosto tour-month-diciembre tour-month-enero tour-month-febrero tour-month-julio tour-month-junio tour-month-marzo tour-month-mayo tour-month-noviembre tour-month-octubre tour-month-septiembre tour-type-day-trip-es tour-type-day-trip-seville-es\">\n\t<div class=\"sd-tour-item\">\n\t\t<div class=\"sd-tour-item-thumb\"><img src=\"https:\/\/www.persimmontravels.com\/wp-content\/uploads\/2020\/03\/architecture-756147_1920-300x300.jpg\" class=\"attachment-shop_catalog size-shop_catalog wp-post-image\" alt=\"\" decoding=\"async\" loading=\"lazy\" srcset=\"https:\/\/www.persimmontravels.com\/wp-content\/uploads\/2020\/03\/architecture-756147_1920-300x300.jpg 300w, https:\/\/www.persimmontravels.com\/wp-content\/uploads\/2020\/03\/architecture-756147_1920-150x150.jpg 150w, https:\/\/www.persimmontravels.com\/wp-content\/uploads\/2020\/03\/architecture-756147_1920-189x189.jpg 189w, https:\/\/www.persimmontravels.com\/wp-content\/uploads\/2020\/03\/architecture-756147_1920-88x88.jpg 88w, https:\/\/www.persimmontravels.com\/wp-content\/uploads\/2020\/03\/architecture-756147_1920-213x213.jpg 213w, https:\/\/www.persimmontravels.com\/wp-content\/uploads\/2020\/03\/architecture-756147_1920-100x100.jpg 100w\" sizes=\"(max-width: 300px) 100vw, 300px\" \/><\/div><\/a>\t\t<div class=\"sd-tour-item-content-wrap\">\n\t\t\t<h3>\n\t\t\t\t<a href=\"https:\/\/www.persimmontravels.com\/es\/producto\/day-trip-seville-cordoba\/\" title=\"Excursion Sevilla &#8211; C\u00f3rdoba (Tour Privado)\" rel=\"bookmark\">\n\t\t\t\t\tExcursion Sevilla &#8211; C\u00f3rdoba (Tour Privado)\t\t\t\t<\/a>\n\t\t\t<\/h3>\n\t\t\t<span class=\"sd-tour-days\">\n\t\t\t\t \t\t\t<\/span>\n\t\t\t<!-- sd-tour-days -->\n\t\t\t\n\t\t\t\t\t\t\n\t\t\t\t<div class=\"sd-stars\">\n\t\t\t\t\t\t\t\t\t<\/div>\n\t\t\t\t\t\t\t\t\t<div class=\"clearfix\"><\/div>\n\t\t\t\t\t\t\n\t\t\t<div class=\"sd-tour-excerpt\">\n\t\t\t\t<p><\/p>\n\t\t\t<\/div>\n\t\t\t<!-- sd-tour-excerpt -->\n\t\t\t\n\t\t\t<div class=\"sd-tour-price\">\n\t\t\t\t<!-- <span>From: <\/span>-->\t\t\t<\/div>\n\t\t\t<!-- sd-tour-price -->\n\t\t<\/div>\n\t<\/div>\n\t<!-- sd-tour-item -->\n<\/div>\n<div class=\"clearfix visible-md-block visible-lg-block sd-separate-rows\"><\/div><div class=\"clearfix visible-sm-block sd-separate-rows\"><\/div><div class=\"clearfix visible-xs-block sd-separate-rows\"><\/div><\/div>\t\t\t<\/div>\n\t\t<\/div>\n\t\t\n\t[\/vc_column][\/vc_row][vc_row][vc_column][\/vc_column][\/vc_row]<\/p>\n","protected":false},"excerpt":{"rendered":"<p>[vc_row][vc_column width=\u00bb2\/3&#8243; css=\u00bb.vc_custom_1591201265282{padding-top: 30px !important;padding-right: 30px !important;padding-bottom: 30px !important;padding-left: 30px<\/p>\n","protected":false},"author":1,"featured_media":6619,"parent":0,"menu_order":0,"comment_status":"closed","ping_status":"closed","template":"full-width-page.php","meta":{"content-type":""},"_links":{"self":[{"href":"https:\/\/www.persimmontravels.com\/es\/wp-json\/wp\/v2\/pages\/972"}],"collection":[{"href":"https:\/\/www.persimmontravels.com\/es\/wp-json\/wp\/v2\/pages"}],"about":[{"href":"https:\/\/www.persimmontravels.com\/es\/wp-json\/wp\/v2\/types\/page"}],"author":[{"embeddable":true,"href":"https:\/\/www.persimmontravels.com\/es\/wp-json\/wp\/v2\/users\/1"}],"replies":[{"embeddable":true,"href":"https:\/\/www.persimmontravels.com\/es\/wp-json\/wp\/v2\/comments?post=972"}],"version-history":[{"count":6,"href":"https:\/\/www.persimmontravels.com\/es\/wp-json\/wp\/v2\/pages\/972\/revisions"}],"predecessor-version":[{"id":1150,"href":"https:\/\/www.persimmontravels.com\/es\/wp-json\/wp\/v2\/pages\/972\/revisions\/1150"}],"wp:featuredmedia":[{"embeddable":true,"href":"https:\/\/www.persimmontravels.com\/es\/wp-json\/wp\/v2\/media\/6619"}],"wp:attachment":[{"href":"https:\/\/www.persimmontravels.com\/es\/wp-json\/wp\/v2\/media?parent=972"}],"curies":[{"name":"wp","href":"https:\/\/api.w.org\/{rel}","templated":true}]}}