{"id":823,"date":"2017-01-07T00:10:32","date_gmt":"2017-01-06T22:10:32","guid":{"rendered":"https:\/\/www.persimmontravels.com\/our-tours\/"},"modified":"2020-06-09T16:03:12","modified_gmt":"2020-06-09T16:03:12","slug":"tours","status":"publish","type":"page","link":"https:\/\/www.persimmontravels.com\/es\/tours\/","title":{"rendered":"Tours"},"content":{"rendered":"<p>[vc_row centered=\u00bbyes\u00bb bg_type=\u00bbimage\u00bb parallax_style=\u00bbvcpb-default\u00bb bg_image_new=\u00bbid^634|url^https:\/\/www.persimmontravels.com\/wp-content\/uploads\/2020\/04\/sevilla.jpg|caption^null|alt^null|title^sevilla|description^null\u00bb bg_image_repeat=\u00bbno-repeat\u00bb bg_image_posiiton=\u00bbcenter center\u00bb][vc_column]<div class=\"ult-spacer spacer-69f31612aea58\" data-id=\"69f31612aea58\" data-height=\"120\" data-height-mobile=\"120\" data-height-tab=\"120\" data-height-tab-portrait=\"\" data-height-mobile-landscape=\"\" style=\"clear:both;display:block;\"><\/div><div id=\"ultimate-heading-69369f31612aeb4c\" class=\"uvc-heading ult-adjust-bottom-margin ultimate-heading-69369f31612aeb4c uvc-8592 \" data-hspacer=\"no_spacer\"  data-halign=\"left\" style=\"text-align:left\"><div class=\"uvc-heading-spacer no_spacer\" style=\"top\"><\/div><div class=\"uvc-main-heading ult-responsive\"  data-ultimate-target='.uvc-heading.ultimate-heading-69369f31612aeb4c h2'  data-responsive-json-new='{\"font-size\":\"desktop:24px;\",\"line-height\":\"\"}' ><h2 style=\"font-family:&#039;Fjalla One&#039;;font-weight:normal;color:#ffffff;\">NUESTROS TOURS<\/h2><\/div><\/div>\n\t<div class=\"sd-breadcrumbs\">\n\t\t<!-- Breadcrumb NavXT 7.2.0 -->\n<span property=\"itemListElement\" typeof=\"ListItem\"><a property=\"item\" typeof=\"WebPage\" title=\"Ir a Persimmontravels.\" href=\"https:\/\/www.persimmontravels.com\/es\/\" class=\"home\" aria-current=\"page\"><span property=\"name\">Persimmontravels<\/span><\/a><meta property=\"position\" content=\"1\"><\/span>\t<\/div>\n\t\n<div class=\"ult-spacer spacer-69f31612af10d\" data-id=\"69f31612af10d\" data-height=\"80\" data-height-mobile=\"80\" data-height-tab=\"80\" data-height-tab-portrait=\"\" data-height-mobile-landscape=\"\" style=\"clear:both;display:block;\"><\/div>[\/vc_column][\/vc_row][vc_row][vc_column]\t\t<div class=\"row\">\n\t\t\t<div class=\"sd-products-carousel sd-products-carousel-\">\n\t\t\t\t<div class=\"woocommerce columns-4 \"><div class=\"col-md-3 col-sm-4 col-xs-12 sd-loop-class post-10327 product type-product status-publish hentry product_cat-uncategorized\">\n\t<div class=\"sd-tour-item\">\n\t\t<div class=\"sd-tour-item-thumb\"><\/div><\/a>\t\t<div class=\"sd-tour-item-content-wrap\">\n\t\t\t<h3>\n\t\t\t\t<a href=\"https:\/\/www.persimmontravels.com\/es\/product\/10327\/\" title=\"\" rel=\"bookmark\">\n\t\t\t\t\t\t\t\t\t<\/a>\n\t\t\t<\/h3>\n\t\t\t<span class=\"sd-tour-days\">\n\t\t\t\t \t\t\t<\/span>\n\t\t\t<!-- sd-tour-days -->\n\t\t\t\n\t\t\t\t\t\t\n\t\t\t\t<div class=\"sd-stars\">\n\t\t\t\t\t\t\t\t\t<\/div>\n\t\t\t\t\t\t\t\t\t<div class=\"clearfix\"><\/div>\n\t\t\t\t\t\t\n\t\t\t<div class=\"sd-tour-excerpt\">\n\t\t\t\t<p><\/p>\n\t\t\t<\/div>\n\t\t\t<!-- sd-tour-excerpt -->\n\t\t\t\n\t\t\t<div class=\"sd-tour-price\">\n\t\t\t\t<!-- <span>From: <\/span>-->\t\t\t<\/div>\n\t\t\t<!-- sd-tour-price -->\n\t\t<\/div>\n\t<\/div>\n\t<!-- sd-tour-item -->\n<\/div>\n<div class=\"clearfix visible-md-block visible-lg-block sd-separate-rows\"><\/div><div class=\"clearfix visible-sm-block sd-separate-rows\"><\/div><div class=\"clearfix visible-xs-block sd-separate-rows\"><\/div><div class=\"col-md-3 col-sm-4 col-xs-12 sd-loop-class post-1063 product type-product status-publish has-post-thumbnail hentry product_cat-resturantsbars product_cat-shows product_tag-flamenco product_tag-flamenco-dinner product_tag-seville product_tag-triana destination-sevilla tour-month-april tour-month-august tour-month-december tour-month-february tour-month-january tour-month-july tour-month-june tour-month-march tour-month-may tour-month-november tour-month-october tour-month-september tour-type-restaurants-bars tour-type-shows-and-events\">\n\t<div class=\"sd-tour-item\">\n\t\t<div class=\"sd-tour-item-thumb\"><img src=\"https:\/\/www.persimmontravels.com\/wp-content\/uploads\/2020\/07\/abades-triana-eve-4-300x300.jpg\" class=\"attachment-shop_catalog size-shop_catalog wp-post-image\" alt=\"\" decoding=\"async\" loading=\"lazy\" srcset=\"https:\/\/www.persimmontravels.com\/wp-content\/uploads\/2020\/07\/abades-triana-eve-4-300x300.jpg 300w, https:\/\/www.persimmontravels.com\/wp-content\/uploads\/2020\/07\/abades-triana-eve-4-150x150.jpg 150w, https:\/\/www.persimmontravels.com\/wp-content\/uploads\/2020\/07\/abades-triana-eve-4-189x189.jpg 189w, https:\/\/www.persimmontravels.com\/wp-content\/uploads\/2020\/07\/abades-triana-eve-4-88x88.jpg 88w, https:\/\/www.persimmontravels.com\/wp-content\/uploads\/2020\/07\/abades-triana-eve-4-213x213.jpg 213w, https:\/\/www.persimmontravels.com\/wp-content\/uploads\/2020\/07\/abades-triana-eve-4-100x100.jpg 100w\" sizes=\"(max-width: 300px) 100vw, 300px\" \/><\/div><\/a>\t\t<div class=\"sd-tour-item-content-wrap\">\n\t\t\t<h3>\n\t\t\t\t<a href=\"https:\/\/www.persimmontravels.com\/es\/product\/abades-triana-flamenco-dinner\/\" title=\"Abades Triana Flamenco Dinner\" rel=\"bookmark\">\n\t\t\t\t\tAbades Triana Flamenco Dinner\t\t\t\t<\/a>\n\t\t\t<\/h3>\n\t\t\t<span class=\"sd-tour-days\">\n\t\t\t\t \t\t\t<\/span>\n\t\t\t<!-- sd-tour-days -->\n\t\t\t\n\t\t\t\t\t\t\n\t\t\t\t<div class=\"sd-stars\">\n\t\t\t\t\t\t\t\t\t<\/div>\n\t\t\t\t\t\t\t\t\t<div class=\"clearfix\"><\/div>\n\t\t\t\t\t\t<div class=\"sd-tour-icons\">\n\t\t\t\t<span data-tooltip=\"\"><img src=\"https:\/\/www.persimmontravels.com\/wp-content\/themes\/travelpress\/framework\/images\/metabox\/martini-icon.png\" alt=\"\" title=\"\" \/><\/span><span data-tooltip=\"\"><img src=\"https:\/\/www.persimmontravels.com\/wp-content\/themes\/travelpress\/framework\/images\/metabox\/hotel-icon.png\" alt=\"\" title=\"\" \/><\/span>\t\t\t<\/div>\n\t\t\t<!-- sd-tour-icons -->\n\t\t\t\t\t\t\n\t\t\t<div class=\"sd-tour-excerpt\">\n\t\t\t\t<p><\/p>\n\t\t\t<\/div>\n\t\t\t<!-- sd-tour-excerpt -->\n\t\t\t\n\t\t\t<div class=\"sd-tour-price\">\n\t\t\t\t<!-- <span>From: <\/span>-->\t\t\t<\/div>\n\t\t\t<!-- sd-tour-price -->\n\t\t<\/div>\n\t<\/div>\n\t<!-- sd-tour-item -->\n<\/div>\n<div class=\"clearfix visible-md-block visible-lg-block sd-separate-rows\"><\/div><div class=\"clearfix visible-sm-block sd-separate-rows\"><\/div><div class=\"clearfix visible-xs-block sd-separate-rows\"><\/div><div class=\"col-md-3 col-sm-4 col-xs-12 sd-loop-class post-1356 product type-product status-publish has-post-thumbnail hentry product_cat-activitividades product_tag-bicicletas product_tag-seville-es destination-sevilla tour-month-abril tour-month-agosto tour-month-diciembre tour-month-enero tour-month-febrero tour-month-julio tour-month-junio tour-month-marzo tour-month-mayo tour-month-noviembre tour-month-octubre tour-month-septiembre tour-type-actividades tour-type-tour-ciudad\">\n\t<div class=\"sd-tour-item\">\n\t\t<div class=\"sd-tour-item-thumb\"><img src=\"https:\/\/www.persimmontravels.com\/wp-content\/uploads\/2020\/07\/BICI-300x300.jpeg\" class=\"attachment-shop_catalog size-shop_catalog wp-post-image\" alt=\"\" decoding=\"async\" loading=\"lazy\" srcset=\"https:\/\/www.persimmontravels.com\/wp-content\/uploads\/2020\/07\/BICI-300x300.jpeg 300w, https:\/\/www.persimmontravels.com\/wp-content\/uploads\/2020\/07\/BICI-150x150.jpeg 150w, https:\/\/www.persimmontravels.com\/wp-content\/uploads\/2020\/07\/BICI-189x189.jpeg 189w, https:\/\/www.persimmontravels.com\/wp-content\/uploads\/2020\/07\/BICI-88x88.jpeg 88w, https:\/\/www.persimmontravels.com\/wp-content\/uploads\/2020\/07\/BICI-213x213.jpeg 213w, https:\/\/www.persimmontravels.com\/wp-content\/uploads\/2020\/07\/BICI-100x100.jpeg 100w\" sizes=\"(max-width: 300px) 100vw, 300px\" \/><\/div><\/a>\t\t<div class=\"sd-tour-item-content-wrap\">\n\t\t\t<h3>\n\t\t\t\t<a href=\"https:\/\/www.persimmontravels.com\/es\/producto\/alquiler-de-bicis-en-sevilla\/\" title=\"ALQUILER DE BICIS EN SEVILLA\" rel=\"bookmark\">\n\t\t\t\t\tALQUILER DE BICIS EN SEVILLA\t\t\t\t<\/a>\n\t\t\t<\/h3>\n\t\t\t<span class=\"sd-tour-days\">\n\t\t\t\t \t\t\t<\/span>\n\t\t\t<!-- sd-tour-days -->\n\t\t\t\n\t\t\t\t\t\t\n\t\t\t\t<div class=\"sd-stars\">\n\t\t\t\t\t\t\t\t\t<\/div>\n\t\t\t\t\t\t\t\t\t<div class=\"clearfix\"><\/div>\n\t\t\t\t\t\t\n\t\t\t<div class=\"sd-tour-excerpt\">\n\t\t\t\t<p><\/p>\n\t\t\t<\/div>\n\t\t\t<!-- sd-tour-excerpt -->\n\t\t\t\n\t\t\t<div class=\"sd-tour-price\">\n\t\t\t\t<!-- <span>From: <\/span>-->\t\t\t<\/div>\n\t\t\t<!-- sd-tour-price -->\n\t\t<\/div>\n\t<\/div>\n\t<!-- sd-tour-item -->\n<\/div>\n<div class=\"clearfix visible-md-block visible-lg-block sd-separate-rows\"><\/div><div class=\"clearfix visible-sm-block sd-separate-rows\"><\/div><div class=\"clearfix visible-xs-block sd-separate-rows\"><\/div><div class=\"col-md-3 col-sm-4 col-xs-12 sd-loop-class post-1226 product type-product status-publish has-post-thumbnail hentry product_cat-tour-en-la-ciudad product_cat-actividades product_cat-activites-fr product_cat-monumentos product_tag-bicicletas-electricas product_tag-patin-electricos destination-sevilla tour-month-abril tour-month-agosto tour-month-enero tour-month-febrero tour-month-julio tour-month-junio tour-month-marzo tour-month-mayo tour-month-octubre tour-month-septiembre tour-type-actividades tour-type-tour-ciudad tour-type-tours-en-grupo\">\n\t<div class=\"sd-tour-item\">\n\t\t<div class=\"sd-tour-item-thumb\"><img src=\"https:\/\/www.persimmontravels.com\/wp-content\/uploads\/2020\/07\/descarga-2.jpg\" class=\"attachment-shop_catalog size-shop_catalog wp-post-image\" alt=\"\" decoding=\"async\" loading=\"lazy\" srcset=\"https:\/\/www.persimmontravels.com\/wp-content\/uploads\/2020\/07\/descarga-2.jpg 225w, https:\/\/www.persimmontravels.com\/wp-content\/uploads\/2020\/07\/descarga-2-150x150.jpg 150w, https:\/\/www.persimmontravels.com\/wp-content\/uploads\/2020\/07\/descarga-2-189x189.jpg 189w, https:\/\/www.persimmontravels.com\/wp-content\/uploads\/2020\/07\/descarga-2-88x88.jpg 88w, https:\/\/www.persimmontravels.com\/wp-content\/uploads\/2020\/07\/descarga-2-213x213.jpg 213w, https:\/\/www.persimmontravels.com\/wp-content\/uploads\/2020\/07\/descarga-2-100x100.jpg 100w\" sizes=\"(max-width: 225px) 100vw, 225px\" \/><\/div><\/a>\t\t<div class=\"sd-tour-item-content-wrap\">\n\t\t\t<h3>\n\t\t\t\t<a href=\"https:\/\/www.persimmontravels.com\/es\/producto\/alquiler-de-patinetes-electricos\/\" title=\"Alquiler de Patinetes el\u00e9ctricos\" rel=\"bookmark\">\n\t\t\t\t\tAlquiler de Patinetes el\u00e9ctricos\t\t\t\t<\/a>\n\t\t\t<\/h3>\n\t\t\t<span class=\"sd-tour-days\">\n\t\t\t\t \t\t\t<\/span>\n\t\t\t<!-- sd-tour-days -->\n\t\t\t\n\t\t\t\t\t\t\n\t\t\t\t<div class=\"sd-stars\">\n\t\t\t\t\t\t\t\t\t<\/div>\n\t\t\t\t\t\t\t\t\t<div class=\"clearfix\"><\/div>\n\t\t\t\t\t\t\n\t\t\t<div class=\"sd-tour-excerpt\">\n\t\t\t\t<p><\/p>\n\t\t\t<\/div>\n\t\t\t<!-- sd-tour-excerpt -->\n\t\t\t\n\t\t\t<div class=\"sd-tour-price\">\n\t\t\t\t<!-- <span>From: <\/span>-->\t\t\t<\/div>\n\t\t\t<!-- sd-tour-price -->\n\t\t<\/div>\n\t<\/div>\n\t<!-- sd-tour-item -->\n<\/div>\n<div class=\"clearfix visible-md-block visible-lg-block sd-separate-rows\"><\/div><div class=\"clearfix visible-sm-block sd-separate-rows\"><\/div><div class=\"clearfix visible-xs-block sd-separate-rows\"><\/div><div class=\"col-md-3 col-sm-4 col-xs-12 sd-loop-class post-10666 product type-product status-publish has-post-thumbnail hentry product_cat-aventura product_tag-aventuras product_tag-barranquismo destination-cadiz destination-malaga destination-sevilla tour-type-aventures\">\n\t<div class=\"sd-tour-item\">\n\t\t<div class=\"sd-tour-item-thumb\"><img src=\"https:\/\/www.persimmontravels.com\/wp-content\/uploads\/2023\/08\/GOPR3779-13-scaled.jpg\" class=\"attachment-shop_catalog size-shop_catalog wp-post-image\" alt=\"Persimmon aventuras\" decoding=\"async\" loading=\"lazy\" srcset=\"https:\/\/www.persimmontravels.com\/wp-content\/uploads\/2023\/08\/GOPR3779-13-scaled.jpg 2560w, https:\/\/www.persimmontravels.com\/wp-content\/uploads\/2023\/08\/GOPR3779-13-300x225.jpg 300w, https:\/\/www.persimmontravels.com\/wp-content\/uploads\/2023\/08\/GOPR3779-13-1024x768.jpg 1024w, https:\/\/www.persimmontravels.com\/wp-content\/uploads\/2023\/08\/GOPR3779-13-768x576.jpg 768w, https:\/\/www.persimmontravels.com\/wp-content\/uploads\/2023\/08\/GOPR3779-13-1536x1152.jpg 1536w, https:\/\/www.persimmontravels.com\/wp-content\/uploads\/2023\/08\/GOPR3779-13-2048x1536.jpg 2048w, https:\/\/www.persimmontravels.com\/wp-content\/uploads\/2023\/08\/GOPR3779-13-600x450.jpg 600w\" sizes=\"(max-width: 2560px) 100vw, 2560px\" \/><\/div><\/a>\t\t<div class=\"sd-tour-item-content-wrap\">\n\t\t\t<h3>\n\t\t\t\t<a href=\"https:\/\/www.persimmontravels.com\/es\/producto\/barranquismo-descenso-de-la-garganta-verde\/\" title=\"Barranquismo: Descenso de la Garganta verde\" rel=\"bookmark\">\n\t\t\t\t\tBarranquismo: Descenso de la Garganta verde\t\t\t\t<\/a>\n\t\t\t<\/h3>\n\t\t\t<span class=\"sd-tour-days\">\n\t\t\t\t \t\t\t<\/span>\n\t\t\t<!-- sd-tour-days -->\n\t\t\t\n\t\t\t\t\t\t\n\t\t\t\t<div class=\"sd-stars\">\n\t\t\t\t\t\t\t\t\t<\/div>\n\t\t\t\t\t\t\t\t\t<div class=\"clearfix\"><\/div>\n\t\t\t\t\t\t<div class=\"sd-tour-icons\">\n\t\t\t\t<span data-tooltip=\"\"><img src=\"https:\/\/www.persimmontravels.com\/wp-content\/themes\/travelpress\/framework\/images\/metabox\/backpack-icon.png\" alt=\"\" title=\"\" \/><\/span>\t\t\t<\/div>\n\t\t\t<!-- sd-tour-icons -->\n\t\t\t\t\t\t\n\t\t\t<div class=\"sd-tour-excerpt\">\n\t\t\t\t<p><\/p>\n\t\t\t<\/div>\n\t\t\t<!-- sd-tour-excerpt -->\n\t\t\t\n\t\t\t<div class=\"sd-tour-price\">\n\t\t\t\t<!-- <span>From: <\/span>-->\t\t\t<\/div>\n\t\t\t<!-- sd-tour-price -->\n\t\t<\/div>\n\t<\/div>\n\t<!-- sd-tour-item -->\n<\/div>\n<div class=\"clearfix visible-md-block visible-lg-block sd-separate-rows\"><\/div><div class=\"clearfix visible-sm-block sd-separate-rows\"><\/div><div class=\"clearfix visible-xs-block sd-separate-rows\"><\/div><div class=\"col-md-3 col-sm-4 col-xs-12 sd-loop-class post-10333 product type-product status-publish hentry product_cat-uncategorized-es\">\n\t<div class=\"sd-tour-item\">\n\t\t<div class=\"sd-tour-item-thumb\"><\/div><\/a>\t\t<div class=\"sd-tour-item-content-wrap\">\n\t\t\t<h3>\n\t\t\t\t<a href=\"https:\/\/www.persimmontravels.com\/es\/producto\/barranquismo-descenso-de-la-sima-del-diablo\/\" title=\"Barranquismo: Descenso de la Sima del Diablo\" rel=\"bookmark\">\n\t\t\t\t\tBarranquismo: Descenso de la Sima del Diablo\t\t\t\t<\/a>\n\t\t\t<\/h3>\n\t\t\t<span class=\"sd-tour-days\">\n\t\t\t\t \t\t\t<\/span>\n\t\t\t<!-- sd-tour-days -->\n\t\t\t\n\t\t\t\t\t\t\n\t\t\t\t<div class=\"sd-stars\">\n\t\t\t\t\t\t\t\t\t<\/div>\n\t\t\t\t\t\t\t\t\t<div class=\"clearfix\"><\/div>\n\t\t\t\t\t\t\n\t\t\t<div class=\"sd-tour-excerpt\">\n\t\t\t\t<p><\/p>\n\t\t\t<\/div>\n\t\t\t<!-- sd-tour-excerpt -->\n\t\t\t\n\t\t\t<div class=\"sd-tour-price\">\n\t\t\t\t<!-- <span>From: <\/span>-->\t\t\t<\/div>\n\t\t\t<!-- sd-tour-price -->\n\t\t<\/div>\n\t<\/div>\n\t<!-- sd-tour-item -->\n<\/div>\n<div class=\"clearfix visible-md-block visible-lg-block sd-separate-rows\"><\/div><div class=\"clearfix visible-sm-block sd-separate-rows\"><\/div><div class=\"clearfix visible-xs-block sd-separate-rows\"><\/div><div class=\"col-md-3 col-sm-4 col-xs-12 sd-loop-class post-10502 product type-product status-publish has-post-thumbnail hentry product_cat-aventura product_tag-aventuras product_tag-barranquismo destination-sevilla destination-cadiz destination-cordoba destination-malaga tour-type-aventures\">\n\t<div class=\"sd-tour-item\">\n\t\t<div class=\"sd-tour-item-thumb\"><img src=\"https:\/\/www.persimmontravels.com\/wp-content\/uploads\/2023\/08\/09062021-GOPR2185-scaled.jpg\" class=\"attachment-shop_catalog size-shop_catalog wp-post-image\" alt=\"persimmon aventuras\" decoding=\"async\" loading=\"lazy\" srcset=\"https:\/\/www.persimmontravels.com\/wp-content\/uploads\/2023\/08\/09062021-GOPR2185-scaled.jpg 2560w, https:\/\/www.persimmontravels.com\/wp-content\/uploads\/2023\/08\/09062021-GOPR2185-300x225.jpg 300w, https:\/\/www.persimmontravels.com\/wp-content\/uploads\/2023\/08\/09062021-GOPR2185-1024x768.jpg 1024w, https:\/\/www.persimmontravels.com\/wp-content\/uploads\/2023\/08\/09062021-GOPR2185-768x576.jpg 768w, https:\/\/www.persimmontravels.com\/wp-content\/uploads\/2023\/08\/09062021-GOPR2185-1536x1152.jpg 1536w, https:\/\/www.persimmontravels.com\/wp-content\/uploads\/2023\/08\/09062021-GOPR2185-2048x1536.jpg 2048w, https:\/\/www.persimmontravels.com\/wp-content\/uploads\/2023\/08\/09062021-GOPR2185-600x450.jpg 600w\" sizes=\"(max-width: 2560px) 100vw, 2560px\" \/><\/div><\/a>\t\t<div class=\"sd-tour-item-content-wrap\">\n\t\t\t<h3>\n\t\t\t\t<a href=\"https:\/\/www.persimmontravels.com\/es\/producto\/barranquismo-guadalmina-benahavis-para-todos-los-publicos\/\" title=\"Barranquismo: Guadalmina (Benahavis). Para todos los p\u00fablicos\" rel=\"bookmark\">\n\t\t\t\t\tBarranquismo: Guadalmina (Benahavis). Para todos los p\u00fablicos\t\t\t\t<\/a>\n\t\t\t<\/h3>\n\t\t\t<span class=\"sd-tour-days\">\n\t\t\t\t \t\t\t<\/span>\n\t\t\t<!-- sd-tour-days -->\n\t\t\t\n\t\t\t\t\t\t\n\t\t\t\t<div class=\"sd-stars\">\n\t\t\t\t\t\t\t\t\t<\/div>\n\t\t\t\t\t\t\t\t\t<div class=\"clearfix\"><\/div>\n\t\t\t\t\t\t<div class=\"sd-tour-icons\">\n\t\t\t\t<span data-tooltip=\"\"><img src=\"https:\/\/www.persimmontravels.com\/wp-content\/themes\/travelpress\/framework\/images\/metabox\/backpack-icon.png\" alt=\"\" title=\"\" \/><\/span>\t\t\t<\/div>\n\t\t\t<!-- sd-tour-icons -->\n\t\t\t\t\t\t\n\t\t\t<div class=\"sd-tour-excerpt\">\n\t\t\t\t<p><\/p>\n\t\t\t<\/div>\n\t\t\t<!-- sd-tour-excerpt -->\n\t\t\t\n\t\t\t<div class=\"sd-tour-price\">\n\t\t\t\t<!-- <span>From: <\/span>-->\t\t\t<\/div>\n\t\t\t<!-- sd-tour-price -->\n\t\t<\/div>\n\t<\/div>\n\t<!-- sd-tour-item -->\n<\/div>\n<div class=\"clearfix visible-md-block visible-lg-block sd-separate-rows\"><\/div><div class=\"clearfix visible-sm-block sd-separate-rows\"><\/div><div class=\"clearfix visible-xs-block sd-separate-rows\"><\/div><div class=\"col-md-3 col-sm-4 col-xs-12 sd-loop-class post-11787 product type-product status-publish has-post-thumbnail hentry product_cat-aventura product_tag-aventuras product_tag-barranquismo destination-malaga destination-cadiz destination-sevilla tour-type-aventures\">\n\t<div class=\"sd-tour-item\">\n\t\t<div class=\"sd-tour-item-thumb\"><img src=\"https:\/\/www.persimmontravels.com\/wp-content\/uploads\/2023\/09\/Screenshot_2023-09-02-16-12-21-94_6012fa4d4ddec268fc5c7112cbb265e7-01.jpeg\" class=\"attachment-shop_catalog size-shop_catalog wp-post-image\" alt=\"barranquismo cerca sevilla\" decoding=\"async\" loading=\"lazy\" srcset=\"https:\/\/www.persimmontravels.com\/wp-content\/uploads\/2023\/09\/Screenshot_2023-09-02-16-12-21-94_6012fa4d4ddec268fc5c7112cbb265e7-01.jpeg 1079w, https:\/\/www.persimmontravels.com\/wp-content\/uploads\/2023\/09\/Screenshot_2023-09-02-16-12-21-94_6012fa4d4ddec268fc5c7112cbb265e7-01-300x261.jpeg 300w, https:\/\/www.persimmontravels.com\/wp-content\/uploads\/2023\/09\/Screenshot_2023-09-02-16-12-21-94_6012fa4d4ddec268fc5c7112cbb265e7-01-1024x891.jpeg 1024w, https:\/\/www.persimmontravels.com\/wp-content\/uploads\/2023\/09\/Screenshot_2023-09-02-16-12-21-94_6012fa4d4ddec268fc5c7112cbb265e7-01-768x668.jpeg 768w, https:\/\/www.persimmontravels.com\/wp-content\/uploads\/2023\/09\/Screenshot_2023-09-02-16-12-21-94_6012fa4d4ddec268fc5c7112cbb265e7-01-600x522.jpeg 600w\" sizes=\"(max-width: 1079px) 100vw, 1079px\" \/><\/div><\/a>\t\t<div class=\"sd-tour-item-content-wrap\">\n\t\t\t<h3>\n\t\t\t\t<a href=\"https:\/\/www.persimmontravels.com\/es\/producto\/barranquismo-jorox\/\" title=\"Barranquismo: Jorox\" rel=\"bookmark\">\n\t\t\t\t\tBarranquismo: Jorox\t\t\t\t<\/a>\n\t\t\t<\/h3>\n\t\t\t<span class=\"sd-tour-days\">\n\t\t\t\t \t\t\t<\/span>\n\t\t\t<!-- sd-tour-days -->\n\t\t\t\n\t\t\t\t\t\t\n\t\t\t\t<div class=\"sd-stars\">\n\t\t\t\t\t\t\t\t\t<\/div>\n\t\t\t\t\t\t\t\t\t<div class=\"clearfix\"><\/div>\n\t\t\t\t\t\t<div class=\"sd-tour-icons\">\n\t\t\t\t<span data-tooltip=\"\"><img src=\"https:\/\/www.persimmontravels.com\/wp-content\/themes\/travelpress\/framework\/images\/metabox\/backpack-icon.png\" alt=\"\" title=\"\" \/><\/span>\t\t\t<\/div>\n\t\t\t<!-- sd-tour-icons -->\n\t\t\t\t\t\t\n\t\t\t<div class=\"sd-tour-excerpt\">\n\t\t\t\t<p><\/p>\n\t\t\t<\/div>\n\t\t\t<!-- sd-tour-excerpt -->\n\t\t\t\n\t\t\t<div class=\"sd-tour-price\">\n\t\t\t\t<!-- <span>From: <\/span>-->\t\t\t<\/div>\n\t\t\t<!-- sd-tour-price -->\n\t\t<\/div>\n\t<\/div>\n\t<!-- sd-tour-item -->\n<\/div>\n<div class=\"clearfix visible-md-block visible-lg-block sd-separate-rows\"><\/div><div class=\"clearfix visible-sm-block sd-separate-rows\"><\/div><div class=\"clearfix visible-xs-block sd-separate-rows\"><\/div><div class=\"col-md-3 col-sm-4 col-xs-12 sd-loop-class post-10351 product type-product status-publish has-post-thumbnail hentry product_cat-aventura destination-malaga tour-type-day-trip-es tour-type-day-trip-seville-es\">\n\t<div class=\"sd-tour-item\">\n\t\t<div class=\"sd-tour-item-thumb\"><img src=\"https:\/\/www.persimmontravels.com\/wp-content\/uploads\/2023\/08\/7b.jpg\" class=\"attachment-shop_catalog size-shop_catalog wp-post-image\" alt=\"Barranquismo C\u00e1diz\" decoding=\"async\" loading=\"lazy\" srcset=\"https:\/\/www.persimmontravels.com\/wp-content\/uploads\/2023\/08\/7b.jpg 720w, https:\/\/www.persimmontravels.com\/wp-content\/uploads\/2023\/08\/7b-300x200.jpg 300w, https:\/\/www.persimmontravels.com\/wp-content\/uploads\/2023\/08\/7b-600x400.jpg 600w, https:\/\/www.persimmontravels.com\/wp-content\/uploads\/2023\/08\/7b-272x182.jpg 272w\" sizes=\"(max-width: 720px) 100vw, 720px\" \/><div class=\"sd-off-price sd-off-price-off\"><span class=\"sd-sale-arrow\"> <\/span><span class=\"sd-sale-text\">11% OFF<\/span><\/div><!-- sd-off-price --><\/div><\/a>\t\t<div class=\"sd-tour-item-content-wrap\">\n\t\t\t<h3>\n\t\t\t\t<a href=\"https:\/\/www.persimmontravels.com\/es\/producto\/barranquismo-la-sima-del-diablo\/\" title=\"Barranquismo: la Sima del Diablo\" rel=\"bookmark\">\n\t\t\t\t\tBarranquismo: la Sima del Diablo\t\t\t\t<\/a>\n\t\t\t<\/h3>\n\t\t\t<span class=\"sd-tour-days\">\n\t\t\t\t \t\t\t<\/span>\n\t\t\t<!-- sd-tour-days -->\n\t\t\t\n\t\t\t\t\t\t\n\t\t\t\t<div class=\"sd-stars\">\n\t\t\t\t\t\t\t\t\t<\/div>\n\t\t\t\t\t\t\t\t\t<div class=\"clearfix\"><\/div>\n\t\t\t\t\t\t\n\t\t\t<div class=\"sd-tour-excerpt\">\n\t\t\t\t<p><\/p>\n\t\t\t<\/div>\n\t\t\t<!-- sd-tour-excerpt -->\n\t\t\t\n\t\t\t<div class=\"sd-tour-price\">\n\t\t\t\t<!-- <span>From: <\/span>-->\t\t\t<\/div>\n\t\t\t<!-- sd-tour-price -->\n\t\t<\/div>\n\t<\/div>\n\t<!-- sd-tour-item -->\n<\/div>\n<div class=\"clearfix visible-md-block visible-lg-block sd-separate-rows\"><\/div><div class=\"clearfix visible-sm-block sd-separate-rows\"><\/div><div class=\"clearfix visible-xs-block sd-separate-rows\"><\/div><div class=\"col-md-3 col-sm-4 col-xs-12 sd-loop-class post-10337 product type-product status-publish hentry product_cat-actividades product_tag-aventuras destination-malaga tour-type-aventures\">\n\t<div class=\"sd-tour-item\">\n\t\t<div class=\"sd-tour-item-thumb\"><\/div><\/a>\t\t<div class=\"sd-tour-item-content-wrap\">\n\t\t\t<h3>\n\t\t\t\t<a href=\"https:\/\/www.persimmontravels.com\/es\/producto\/barranquismo-sima-del-diablo\/\" title=\"Barranquismo: Sima del Diablo\" rel=\"bookmark\">\n\t\t\t\t\tBarranquismo: Sima del Diablo\t\t\t\t<\/a>\n\t\t\t<\/h3>\n\t\t\t<span class=\"sd-tour-days\">\n\t\t\t\t \t\t\t<\/span>\n\t\t\t<!-- sd-tour-days -->\n\t\t\t\n\t\t\t\t\t\t\n\t\t\t\t<div class=\"sd-stars\">\n\t\t\t\t\t\t\t\t\t<\/div>\n\t\t\t\t\t\t\t\t\t<div class=\"clearfix\"><\/div>\n\t\t\t\t\t\t\n\t\t\t<div class=\"sd-tour-excerpt\">\n\t\t\t\t<p><\/p>\n\t\t\t<\/div>\n\t\t\t<!-- sd-tour-excerpt -->\n\t\t\t\n\t\t\t<div class=\"sd-tour-price\">\n\t\t\t\t<!-- <span>From: <\/span>-->\t\t\t<\/div>\n\t\t\t<!-- sd-tour-price -->\n\t\t<\/div>\n\t<\/div>\n\t<!-- sd-tour-item -->\n<\/div>\n<div class=\"clearfix visible-md-block visible-lg-block sd-separate-rows\"><\/div><div class=\"clearfix visible-sm-block sd-separate-rows\"><\/div><div class=\"clearfix visible-xs-block sd-separate-rows\"><\/div><div class=\"col-md-3 col-sm-4 col-xs-12 sd-loop-class post-10925 product type-product status-publish has-post-thumbnail hentry product_cat-aventura product_tag-aventuras product_tag-barranquismo destination-cadiz destination-cordoba destination-malaga destination-sevilla tour-type-aventures\">\n\t<div class=\"sd-tour-item\">\n\t\t<div class=\"sd-tour-item-thumb\"><img src=\"https:\/\/www.persimmontravels.com\/wp-content\/uploads\/2023\/08\/Screenshot_2023-08-15-08-07-19-51_6012fa4d4ddec268fc5c7112cbb265e7-01.jpeg\" class=\"attachment-shop_catalog size-shop_catalog wp-post-image\" alt=\"aventuras sevilla\" decoding=\"async\" loading=\"lazy\" srcset=\"https:\/\/www.persimmontravels.com\/wp-content\/uploads\/2023\/08\/Screenshot_2023-08-15-08-07-19-51_6012fa4d4ddec268fc5c7112cbb265e7-01.jpeg 1079w, https:\/\/www.persimmontravels.com\/wp-content\/uploads\/2023\/08\/Screenshot_2023-08-15-08-07-19-51_6012fa4d4ddec268fc5c7112cbb265e7-01-300x180.jpeg 300w, https:\/\/www.persimmontravels.com\/wp-content\/uploads\/2023\/08\/Screenshot_2023-08-15-08-07-19-51_6012fa4d4ddec268fc5c7112cbb265e7-01-1024x616.jpeg 1024w, https:\/\/www.persimmontravels.com\/wp-content\/uploads\/2023\/08\/Screenshot_2023-08-15-08-07-19-51_6012fa4d4ddec268fc5c7112cbb265e7-01-768x462.jpeg 768w, https:\/\/www.persimmontravels.com\/wp-content\/uploads\/2023\/08\/Screenshot_2023-08-15-08-07-19-51_6012fa4d4ddec268fc5c7112cbb265e7-01-600x361.jpeg 600w\" sizes=\"(max-width: 1079px) 100vw, 1079px\" \/><\/div><\/a>\t\t<div class=\"sd-tour-item-content-wrap\">\n\t\t\t<h3>\n\t\t\t\t<a href=\"https:\/\/www.persimmontravels.com\/es\/producto\/barranquismo-sima-del-diablo-2\/\" title=\"Barranquismo: Sima del Diablo\" rel=\"bookmark\">\n\t\t\t\t\tBarranquismo: Sima del Diablo\t\t\t\t<\/a>\n\t\t\t<\/h3>\n\t\t\t<span class=\"sd-tour-days\">\n\t\t\t\t \t\t\t<\/span>\n\t\t\t<!-- sd-tour-days -->\n\t\t\t\n\t\t\t\t\t\t\n\t\t\t\t<div class=\"sd-stars\">\n\t\t\t\t\t\t\t\t\t<\/div>\n\t\t\t\t\t\t\t\t\t<div class=\"clearfix\"><\/div>\n\t\t\t\t\t\t<div class=\"sd-tour-icons\">\n\t\t\t\t<span data-tooltip=\"\"><img src=\"https:\/\/www.persimmontravels.com\/wp-content\/themes\/travelpress\/framework\/images\/metabox\/backpack-icon.png\" alt=\"\" title=\"\" \/><\/span>\t\t\t<\/div>\n\t\t\t<!-- sd-tour-icons -->\n\t\t\t\t\t\t\n\t\t\t<div class=\"sd-tour-excerpt\">\n\t\t\t\t<p><\/p>\n\t\t\t<\/div>\n\t\t\t<!-- sd-tour-excerpt -->\n\t\t\t\n\t\t\t<div class=\"sd-tour-price\">\n\t\t\t\t<!-- <span>From: <\/span>-->\t\t\t<\/div>\n\t\t\t<!-- sd-tour-price -->\n\t\t<\/div>\n\t<\/div>\n\t<!-- sd-tour-item -->\n<\/div>\n<div class=\"clearfix visible-md-block visible-lg-block sd-separate-rows\"><\/div><div class=\"clearfix visible-sm-block sd-separate-rows\"><\/div><div class=\"clearfix visible-xs-block sd-separate-rows\"><\/div><div class=\"col-md-3 col-sm-4 col-xs-12 sd-loop-class post-10384 product type-product status-publish has-post-thumbnail hentry product_cat-aventura product_tag-aventuras product_tag-barranquismo destination-malaga destination-cadiz destination-sevilla tour-month-agosto tour-month-noviembre tour-month-octubre tour-month-septiembre tour-type-aventures\">\n\t<div class=\"sd-tour-item\">\n\t\t<div class=\"sd-tour-item-thumb\"><img src=\"https:\/\/www.persimmontravels.com\/wp-content\/uploads\/2023\/08\/7b.jpg\" class=\"attachment-shop_catalog size-shop_catalog wp-post-image\" alt=\"Barranquismo C\u00e1diz\" decoding=\"async\" loading=\"lazy\" srcset=\"https:\/\/www.persimmontravels.com\/wp-content\/uploads\/2023\/08\/7b.jpg 720w, https:\/\/www.persimmontravels.com\/wp-content\/uploads\/2023\/08\/7b-300x200.jpg 300w, https:\/\/www.persimmontravels.com\/wp-content\/uploads\/2023\/08\/7b-600x400.jpg 600w, https:\/\/www.persimmontravels.com\/wp-content\/uploads\/2023\/08\/7b-272x182.jpg 272w\" sizes=\"(max-width: 720px) 100vw, 720px\" \/><\/div><\/a>\t\t<div class=\"sd-tour-item-content-wrap\">\n\t\t\t<h3>\n\t\t\t\t<a href=\"https:\/\/www.persimmontravels.com\/es\/producto\/barranquismo-zarzalones\/\" title=\"Barranquismo: Zarzalones\" rel=\"bookmark\">\n\t\t\t\t\tBarranquismo: Zarzalones\t\t\t\t<\/a>\n\t\t\t<\/h3>\n\t\t\t<span class=\"sd-tour-days\">\n\t\t\t\t \t\t\t<\/span>\n\t\t\t<!-- sd-tour-days -->\n\t\t\t\n\t\t\t\t\t\t\n\t\t\t\t<div class=\"sd-stars\">\n\t\t\t\t\t\t\t\t\t<\/div>\n\t\t\t\t\t\t\t\t\t<div class=\"clearfix\"><\/div>\n\t\t\t\t\t\t<div class=\"sd-tour-icons\">\n\t\t\t\t<span data-tooltip=\"\"><img src=\"https:\/\/www.persimmontravels.com\/wp-content\/themes\/travelpress\/framework\/images\/metabox\/backpack-icon.png\" alt=\"\" title=\"\" \/><\/span>\t\t\t<\/div>\n\t\t\t<!-- sd-tour-icons -->\n\t\t\t\t\t\t\n\t\t\t<div class=\"sd-tour-excerpt\">\n\t\t\t\t<p><\/p>\n\t\t\t<\/div>\n\t\t\t<!-- sd-tour-excerpt -->\n\t\t\t\n\t\t\t<div class=\"sd-tour-price\">\n\t\t\t\t<!-- <span>From: <\/span>-->\t\t\t<\/div>\n\t\t\t<!-- sd-tour-price -->\n\t\t<\/div>\n\t<\/div>\n\t<!-- sd-tour-item -->\n<\/div>\n<div class=\"clearfix visible-md-block visible-lg-block sd-separate-rows\"><\/div><div class=\"clearfix visible-sm-block sd-separate-rows\"><\/div><div class=\"clearfix visible-xs-block sd-separate-rows\"><\/div><div class=\"col-md-3 col-sm-4 col-xs-12 sd-loop-class post-10340 product type-product status-publish hentry product_cat-adventures destination-malaga tour-type-adventures\">\n\t<div class=\"sd-tour-item\">\n\t\t<div class=\"sd-tour-item-thumb\"><\/div><\/a>\t\t<div class=\"sd-tour-item-content-wrap\">\n\t\t\t<h3>\n\t\t\t\t<a href=\"https:\/\/www.persimmontravels.com\/es\/product\/canyoning-sima-del-diablo\/\" title=\"Canyoning: Sima del Diablo\" rel=\"bookmark\">\n\t\t\t\t\tCanyoning: Sima del Diablo\t\t\t\t<\/a>\n\t\t\t<\/h3>\n\t\t\t<span class=\"sd-tour-days\">\n\t\t\t\t \t\t\t<\/span>\n\t\t\t<!-- sd-tour-days -->\n\t\t\t\n\t\t\t\t\t\t\n\t\t\t\t<div class=\"sd-stars\">\n\t\t\t\t\t\t\t\t\t<\/div>\n\t\t\t\t\t\t\t\t\t<div class=\"clearfix\"><\/div>\n\t\t\t\t\t\t\n\t\t\t<div class=\"sd-tour-excerpt\">\n\t\t\t\t<p><\/p>\n\t\t\t<\/div>\n\t\t\t<!-- sd-tour-excerpt -->\n\t\t\t\n\t\t\t<div class=\"sd-tour-price\">\n\t\t\t\t<!-- <span>From: <\/span>-->\t\t\t<\/div>\n\t\t\t<!-- sd-tour-price -->\n\t\t<\/div>\n\t<\/div>\n\t<!-- sd-tour-item -->\n<\/div>\n<div class=\"clearfix visible-md-block visible-lg-block sd-separate-rows\"><\/div><div class=\"clearfix visible-sm-block sd-separate-rows\"><\/div><div class=\"clearfix visible-xs-block sd-separate-rows\"><\/div><div class=\"col-md-3 col-sm-4 col-xs-12 sd-loop-class post-1044 product type-product status-publish has-post-thumbnail hentry product_cat-monumentos product_cat-tour-en-la-ciudad destination-sevilla tour-month-abril tour-month-agosto tour-month-diciembre tour-month-enero tour-month-febrero tour-month-julio tour-month-junio tour-month-marzo tour-month-mayo tour-month-noviembre tour-month-octubre tour-month-septiembre tour-type-tour-ciudad\">\n\t<div class=\"sd-tour-item\">\n\t\t<div class=\"sd-tour-item-thumb\"><img src=\"https:\/\/www.persimmontravels.com\/wp-content\/uploads\/2020\/03\/Plaza-Espana-Sevilla-300x300.jpg\" class=\"attachment-shop_catalog size-shop_catalog wp-post-image\" alt=\"\" decoding=\"async\" loading=\"lazy\" srcset=\"https:\/\/www.persimmontravels.com\/wp-content\/uploads\/2020\/03\/Plaza-Espana-Sevilla-300x300.jpg 300w, https:\/\/www.persimmontravels.com\/wp-content\/uploads\/2020\/03\/Plaza-Espana-Sevilla-150x150.jpg 150w, https:\/\/www.persimmontravels.com\/wp-content\/uploads\/2020\/03\/Plaza-Espana-Sevilla-189x189.jpg 189w, https:\/\/www.persimmontravels.com\/wp-content\/uploads\/2020\/03\/Plaza-Espana-Sevilla-88x88.jpg 88w, https:\/\/www.persimmontravels.com\/wp-content\/uploads\/2020\/03\/Plaza-Espana-Sevilla-213x213.jpg 213w, https:\/\/www.persimmontravels.com\/wp-content\/uploads\/2020\/03\/Plaza-Espana-Sevilla-100x100.jpg 100w\" sizes=\"(max-width: 300px) 100vw, 300px\" \/><\/div><\/a>\t\t<div class=\"sd-tour-item-content-wrap\">\n\t\t\t<h3>\n\t\t\t\t<a href=\"https:\/\/www.persimmontravels.com\/es\/producto\/cathedral-giralda-tour\/\" title=\"Cathedral-Giralda Tour\" rel=\"bookmark\">\n\t\t\t\t\tCathedral-Giralda Tour\t\t\t\t<\/a>\n\t\t\t<\/h3>\n\t\t\t<span class=\"sd-tour-days\">\n\t\t\t\t \t\t\t<\/span>\n\t\t\t<!-- sd-tour-days -->\n\t\t\t\n\t\t\t\t\t\t\n\t\t\t\t<div class=\"sd-stars\">\n\t\t\t\t\t\t\t\t\t<\/div>\n\t\t\t\t\t\t\t\t\t<div class=\"clearfix\"><\/div>\n\t\t\t\t\t\t\n\t\t\t<div class=\"sd-tour-excerpt\">\n\t\t\t\t<p><\/p>\n\t\t\t<\/div>\n\t\t\t<!-- sd-tour-excerpt -->\n\t\t\t\n\t\t\t<div class=\"sd-tour-price\">\n\t\t\t\t<!-- <span>From: <\/span>-->\t\t\t<\/div>\n\t\t\t<!-- sd-tour-price -->\n\t\t<\/div>\n\t<\/div>\n\t<!-- sd-tour-item -->\n<\/div>\n<div class=\"clearfix visible-md-block visible-lg-block sd-separate-rows\"><\/div><div class=\"clearfix visible-sm-block sd-separate-rows\"><\/div><div class=\"clearfix visible-xs-block sd-separate-rows\"><\/div><div class=\"col-md-3 col-sm-4 col-xs-12 sd-loop-class post-12499 product type-product status-publish has-post-thumbnail hentry product_cat-cruceros product_tag-celebrity product_tag-cruceros product_tag-lujo product_tag-mediterraneo destination-roma tour-month-agosto\">\n\t<div class=\"sd-tour-item\">\n\t\t<div class=\"sd-tour-item-thumb\"><img src=\"https:\/\/www.persimmontravels.com\/wp-content\/uploads\/2023\/08\/descarga.jpg\" class=\"attachment-shop_catalog size-shop_catalog wp-post-image\" alt=\"Celebrity Ascent\" decoding=\"async\" loading=\"lazy\" srcset=\"https:\/\/www.persimmontravels.com\/wp-content\/uploads\/2023\/08\/descarga.jpg 367w, https:\/\/www.persimmontravels.com\/wp-content\/uploads\/2023\/08\/descarga-300x112.jpg 300w\" sizes=\"(max-width: 367px) 100vw, 367px\" \/><\/div><\/a>\t\t<div class=\"sd-tour-item-content-wrap\">\n\t\t\t<h3>\n\t\t\t\t<a href=\"https:\/\/www.persimmontravels.com\/es\/producto\/celebrity-ascent-world-roma-citavecchia-napoles-mikonos-efesos-kusadashi-santorini-atenas-pireo\/\" title=\"Celebrity Ascent World: Roma (Citavecchia)\/Napoles\/Mikonos\/\u00c9fesos (Kusadashi)\/Santorini\/Atenas (Pireo)\" rel=\"bookmark\">\n\t\t\t\t\tCelebrity Ascent World: Roma (Citavecchia)\/Napoles\/Mikonos\/\u00c9fesos (Kusadashi)\/Santorini\/Atenas (Pireo)\t\t\t\t<\/a>\n\t\t\t<\/h3>\n\t\t\t<span class=\"sd-tour-days\">\n\t\t\t\t \t\t\t<\/span>\n\t\t\t<!-- sd-tour-days -->\n\t\t\t\n\t\t\t\t\t\t\n\t\t\t\t<div class=\"sd-stars\">\n\t\t\t\t\t\t\t\t\t<\/div>\n\t\t\t\t\t\t\t\t\t<div class=\"clearfix\"><\/div>\n\t\t\t\t\t\t<div class=\"sd-tour-icons\">\n\t\t\t\t<span data-tooltip=\"\"><img src=\"https:\/\/www.persimmontravels.com\/wp-content\/themes\/travelpress\/framework\/images\/metabox\/ship-icon.png\" alt=\"\" title=\"\" \/><\/span><span data-tooltip=\"\"><img src=\"https:\/\/www.persimmontravels.com\/wp-content\/themes\/travelpress\/framework\/images\/metabox\/hotel-icon.png\" alt=\"\" title=\"\" \/><\/span>\t\t\t<\/div>\n\t\t\t<!-- sd-tour-icons -->\n\t\t\t\t\t\t\n\t\t\t<div class=\"sd-tour-excerpt\">\n\t\t\t\t<p><\/p>\n\t\t\t<\/div>\n\t\t\t<!-- sd-tour-excerpt -->\n\t\t\t\n\t\t\t<div class=\"sd-tour-price\">\n\t\t\t\t<!-- <span>From: <\/span>-->\t\t\t<\/div>\n\t\t\t<!-- sd-tour-price -->\n\t\t<\/div>\n\t<\/div>\n\t<!-- sd-tour-item -->\n<\/div>\n<div class=\"clearfix visible-md-block visible-lg-block sd-separate-rows\"><\/div><div class=\"clearfix visible-sm-block sd-separate-rows\"><\/div><div class=\"clearfix visible-xs-block sd-separate-rows\"><\/div><div class=\"col-md-3 col-sm-4 col-xs-12 sd-loop-class post-12941 product type-product status-publish has-post-thumbnail hentry product_cat-cruceros product_tag-celebrity product_tag-cruceros product_tag-lujo product_tag-mediterraneo\">\n\t<div class=\"sd-tour-item\">\n\t\t<div class=\"sd-tour-item-thumb\"><img src=\"https:\/\/www.persimmontravels.com\/wp-content\/uploads\/2023\/08\/descarga.jpg\" class=\"attachment-shop_catalog size-shop_catalog wp-post-image\" alt=\"Celebrity Ascent\" decoding=\"async\" loading=\"lazy\" srcset=\"https:\/\/www.persimmontravels.com\/wp-content\/uploads\/2023\/08\/descarga.jpg 367w, https:\/\/www.persimmontravels.com\/wp-content\/uploads\/2023\/08\/descarga-300x112.jpg 300w\" sizes=\"(max-width: 367px) 100vw, 367px\" \/><\/div><\/a>\t\t<div class=\"sd-tour-item-content-wrap\">\n\t\t\t<h3>\n\t\t\t\t<a href=\"https:\/\/www.persimmontravels.com\/es\/producto\/celebrity-ascent-world-roma-citavecchia-napoles-mikonos-efesos-kusadashi-santorini-atenas-pireo-copy\/\" title=\"Celebrity Ascent World: Roma (Citavecchia)\/Napoles\/Mikonos\/\u00c9fesos (Kusadashi)\/Santorini\/Atenas (Pireo) (Copy)\" rel=\"bookmark\">\n\t\t\t\t\tCelebrity Ascent World: Roma (Citavecchia)\/Napoles\/Mikonos\/\u00c9fesos (Kusadashi)\/Santorini\/Atenas (Pireo) (Copy)\t\t\t\t<\/a>\n\t\t\t<\/h3>\n\t\t\t<span class=\"sd-tour-days\">\n\t\t\t\t \t\t\t<\/span>\n\t\t\t<!-- sd-tour-days -->\n\t\t\t\n\t\t\t\t\t\t\n\t\t\t\t<div class=\"sd-stars\">\n\t\t\t\t\t\t\t\t\t<\/div>\n\t\t\t\t\t\t\t\t\t<div class=\"clearfix\"><\/div>\n\t\t\t\t\t\t<div class=\"sd-tour-icons\">\n\t\t\t\t<span data-tooltip=\"\"><img src=\"https:\/\/www.persimmontravels.com\/wp-content\/themes\/travelpress\/framework\/images\/metabox\/ship-icon.png\" alt=\"\" title=\"\" \/><\/span><span data-tooltip=\"\"><img src=\"https:\/\/www.persimmontravels.com\/wp-content\/themes\/travelpress\/framework\/images\/metabox\/hotel-icon.png\" alt=\"\" title=\"\" \/><\/span>\t\t\t<\/div>\n\t\t\t<!-- sd-tour-icons -->\n\t\t\t\t\t\t\n\t\t\t<div class=\"sd-tour-excerpt\">\n\t\t\t\t<p><\/p>\n\t\t\t<\/div>\n\t\t\t<!-- sd-tour-excerpt -->\n\t\t\t\n\t\t\t<div class=\"sd-tour-price\">\n\t\t\t\t<!-- <span>From: <\/span>-->\t\t\t<\/div>\n\t\t\t<!-- sd-tour-price -->\n\t\t<\/div>\n\t<\/div>\n\t<!-- sd-tour-item -->\n<\/div>\n<div class=\"clearfix visible-md-block visible-lg-block sd-separate-rows\"><\/div><div class=\"clearfix visible-sm-block sd-separate-rows\"><\/div><div class=\"clearfix visible-xs-block sd-separate-rows\"><\/div><div class=\"col-md-3 col-sm-4 col-xs-12 sd-loop-class post-12105 product type-product status-publish has-post-thumbnail hentry product_cat-cruceros product_tag-canarias product_tag-costa product_tag-cruceros product_tag-madeira product_tag-valencia destination-valencia tour-month-enero\">\n\t<div class=\"sd-tour-item\">\n\t\t<div class=\"sd-tour-item-thumb\"><img src=\"https:\/\/www.persimmontravels.com\/wp-content\/uploads\/2023\/09\/costa-Firenze-poster.png\" class=\"attachment-shop_catalog size-shop_catalog wp-post-image\" alt=\"cruceros canarias\" decoding=\"async\" loading=\"lazy\" srcset=\"https:\/\/www.persimmontravels.com\/wp-content\/uploads\/2023\/09\/costa-Firenze-poster.png 940w, https:\/\/www.persimmontravels.com\/wp-content\/uploads\/2023\/09\/costa-Firenze-poster-300x251.png 300w, https:\/\/www.persimmontravels.com\/wp-content\/uploads\/2023\/09\/costa-Firenze-poster-768x644.png 768w, https:\/\/www.persimmontravels.com\/wp-content\/uploads\/2023\/09\/costa-Firenze-poster-600x503.png 600w\" sizes=\"(max-width: 940px) 100vw, 940px\" \/><\/div><\/a>\t\t<div class=\"sd-tour-item-content-wrap\">\n\t\t\t<h3>\n\t\t\t\t<a href=\"https:\/\/www.persimmontravels.com\/es\/producto\/costa-furenze-crucero-canarias-y-madeira-desde-valencia-9-de-enero-de-2024-11-dias-vbarcelona-funchal-madeira-barcelona-copy\/\" title=\"Costa Firenze Crucero Canarias y Madeira desde Valencia 9 de Enero de 2024 (11 d\u00edas): Valencia, Arrecife, Las Palmas de Gran Canaria, Santa Cruz, Funchal, C\u00e1diz, Barcelona\" rel=\"bookmark\">\n\t\t\t\t\tCosta Firenze Crucero Canarias y Madeira desde Valencia 9 de Enero de 2024 (11 d\u00edas): Valencia, Arrecife, Las Palmas de Gran Canaria, Santa Cruz, Funchal, C\u00e1diz, Barcelona\t\t\t\t<\/a>\n\t\t\t<\/h3>\n\t\t\t<span class=\"sd-tour-days\">\n\t\t\t\t \t\t\t<\/span>\n\t\t\t<!-- sd-tour-days -->\n\t\t\t\n\t\t\t\t\t\t\n\t\t\t\t<div class=\"sd-stars\">\n\t\t\t\t\t\t\t\t\t<\/div>\n\t\t\t\t\t\t\t\t\t<div class=\"clearfix\"><\/div>\n\t\t\t\t\t\t<div class=\"sd-tour-icons\">\n\t\t\t\t<span data-tooltip=\"\"><img src=\"https:\/\/www.persimmontravels.com\/wp-content\/themes\/travelpress\/framework\/images\/metabox\/ship-icon.png\" alt=\"\" title=\"\" \/><\/span><span data-tooltip=\"\"><img src=\"https:\/\/www.persimmontravels.com\/wp-content\/themes\/travelpress\/framework\/images\/metabox\/ship-icon.png\" alt=\"\" title=\"\" \/><\/span>\t\t\t<\/div>\n\t\t\t<!-- sd-tour-icons -->\n\t\t\t\t\t\t\n\t\t\t<div class=\"sd-tour-excerpt\">\n\t\t\t\t<p><\/p>\n\t\t\t<\/div>\n\t\t\t<!-- sd-tour-excerpt -->\n\t\t\t\n\t\t\t<div class=\"sd-tour-price\">\n\t\t\t\t<!-- <span>From: <\/span>-->\t\t\t<\/div>\n\t\t\t<!-- sd-tour-price -->\n\t\t<\/div>\n\t<\/div>\n\t<!-- sd-tour-item -->\n<\/div>\n<div class=\"clearfix visible-md-block visible-lg-block sd-separate-rows\"><\/div><div class=\"clearfix visible-sm-block sd-separate-rows\"><\/div><div class=\"clearfix visible-xs-block sd-separate-rows\"><\/div><div class=\"col-md-3 col-sm-4 col-xs-12 sd-loop-class post-12087 product type-product status-publish has-post-thumbnail hentry product_cat-cruceros\">\n\t<div class=\"sd-tour-item\">\n\t\t<div class=\"sd-tour-item-thumb\"><img src=\"https:\/\/www.persimmontravels.com\/wp-content\/uploads\/2023\/09\/costa-fortuna-27-de-marzo-1.png\" class=\"attachment-shop_catalog size-shop_catalog wp-post-image\" alt=\"cruceros barcelona\" decoding=\"async\" loading=\"lazy\" srcset=\"https:\/\/www.persimmontravels.com\/wp-content\/uploads\/2023\/09\/costa-fortuna-27-de-marzo-1.png 940w, https:\/\/www.persimmontravels.com\/wp-content\/uploads\/2023\/09\/costa-fortuna-27-de-marzo-1-300x251.png 300w, https:\/\/www.persimmontravels.com\/wp-content\/uploads\/2023\/09\/costa-fortuna-27-de-marzo-1-768x644.png 768w, https:\/\/www.persimmontravels.com\/wp-content\/uploads\/2023\/09\/costa-fortuna-27-de-marzo-1-600x503.png 600w\" sizes=\"(max-width: 940px) 100vw, 940px\" \/><\/div><\/a>\t\t<div class=\"sd-tour-item-content-wrap\">\n\t\t\t<h3>\n\t\t\t\t<a href=\"https:\/\/www.persimmontravels.com\/es\/producto\/costa-fortuna-mini-crucero-por-el-mediterraneo-27-de-marzo-de-2024-barcelona-marsella-cercena-barcelona\/\" title=\"Costa Fortuna Mini Crucero por el Mediterraneo 27 de Marzo de 2024: Barcelona, Marsella, Savona, Barcelona\" rel=\"bookmark\">\n\t\t\t\t\tCosta Fortuna Mini Crucero por el Mediterraneo 27 de Marzo de 2024: Barcelona, Marsella, Savona, Barcelona\t\t\t\t<\/a>\n\t\t\t<\/h3>\n\t\t\t<span class=\"sd-tour-days\">\n\t\t\t\t \t\t\t<\/span>\n\t\t\t<!-- sd-tour-days -->\n\t\t\t\n\t\t\t\t\t\t\n\t\t\t\t<div class=\"sd-stars\">\n\t\t\t\t\t\t\t\t\t<\/div>\n\t\t\t\t\t\t\t\t\t<div class=\"clearfix\"><\/div>\n\t\t\t\t\t\t<div class=\"sd-tour-icons\">\n\t\t\t\t<span data-tooltip=\"\"><img src=\"https:\/\/www.persimmontravels.com\/wp-content\/themes\/travelpress\/framework\/images\/metabox\/ship-icon.png\" alt=\"\" title=\"\" \/><\/span><span data-tooltip=\"\"><img src=\"https:\/\/www.persimmontravels.com\/wp-content\/themes\/travelpress\/framework\/images\/metabox\/ship-icon.png\" alt=\"\" title=\"\" \/><\/span>\t\t\t<\/div>\n\t\t\t<!-- sd-tour-icons -->\n\t\t\t\t\t\t\n\t\t\t<div class=\"sd-tour-excerpt\">\n\t\t\t\t<p><\/p>\n\t\t\t<\/div>\n\t\t\t<!-- sd-tour-excerpt -->\n\t\t\t\n\t\t\t<div class=\"sd-tour-price\">\n\t\t\t\t<!-- <span>From: <\/span>-->\t\t\t<\/div>\n\t\t\t<!-- sd-tour-price -->\n\t\t<\/div>\n\t<\/div>\n\t<!-- sd-tour-item -->\n<\/div>\n<div class=\"clearfix visible-md-block visible-lg-block sd-separate-rows\"><\/div><div class=\"clearfix visible-sm-block sd-separate-rows\"><\/div><div class=\"clearfix visible-xs-block sd-separate-rows\"><\/div><div class=\"col-md-3 col-sm-4 col-xs-12 sd-loop-class post-12497 product type-product status-publish has-post-thumbnail hentry product_cat-cruceros product_tag-barcelona product_tag-costa product_tag-cruceros product_tag-mediterraneo destination-valencia\">\n\t<div class=\"sd-tour-item\">\n\t\t<div class=\"sd-tour-item-thumb\"><img src=\"https:\/\/www.persimmontravels.com\/wp-content\/uploads\/2023\/09\/costa-esmeralda-poster.png\" class=\"attachment-shop_catalog size-shop_catalog wp-post-image\" alt=\"cruceros navidades\" decoding=\"async\" loading=\"lazy\" srcset=\"https:\/\/www.persimmontravels.com\/wp-content\/uploads\/2023\/09\/costa-esmeralda-poster.png 940w, https:\/\/www.persimmontravels.com\/wp-content\/uploads\/2023\/09\/costa-esmeralda-poster-300x251.png 300w, https:\/\/www.persimmontravels.com\/wp-content\/uploads\/2023\/09\/costa-esmeralda-poster-768x644.png 768w, https:\/\/www.persimmontravels.com\/wp-content\/uploads\/2023\/09\/costa-esmeralda-poster-600x503.png 600w\" sizes=\"(max-width: 940px) 100vw, 940px\" \/><\/div><\/a>\t\t<div class=\"sd-tour-item-content-wrap\">\n\t\t\t<h3>\n\t\t\t\t<a href=\"https:\/\/www.persimmontravels.com\/es\/producto\/costa-pacifica-leyenndas-del-mediterraneo-desde-valencia-8-dias-marsella-savona-citavecchia-roma-cerdena-mallorca-valencia-desde-952e-tasas\/\" title=\"Costa Pac\u00edfica: Leyenndas del  Mediterr\u00e1neo desde Valencia ( 8 d\u00edas).  Marsella, Savona, Citavecchia (Roma), Cerde\u00f1a, Mallorca, Valencia. Desde 952\u20ac +tasas\" rel=\"bookmark\">\n\t\t\t\t\tCosta Pac\u00edfica: Leyenndas del  Mediterr\u00e1neo desde Valencia ( 8 d\u00edas).  Marsella, Savona, Citavecchia (Roma), Cerde\u00f1a, Mallorca, Valencia. Desde 952\u20ac +tasas\t\t\t\t<\/a>\n\t\t\t<\/h3>\n\t\t\t<span class=\"sd-tour-days\">\n\t\t\t\t \t\t\t<\/span>\n\t\t\t<!-- sd-tour-days -->\n\t\t\t\n\t\t\t\t\t\t\n\t\t\t\t<div class=\"sd-stars\">\n\t\t\t\t\t\t\t\t\t<\/div>\n\t\t\t\t\t\t\t\t\t<div class=\"clearfix\"><\/div>\n\t\t\t\t\t\t<div class=\"sd-tour-icons\">\n\t\t\t\t<span data-tooltip=\"\"><img src=\"https:\/\/www.persimmontravels.com\/wp-content\/themes\/travelpress\/framework\/images\/metabox\/martini-icon.png\" alt=\"\" title=\"\" \/><\/span><span data-tooltip=\"\"><img src=\"https:\/\/www.persimmontravels.com\/wp-content\/themes\/travelpress\/framework\/images\/metabox\/food-icon.png\" alt=\"\" title=\"\" \/><\/span><span data-tooltip=\"\"><img src=\"https:\/\/www.persimmontravels.com\/wp-content\/themes\/travelpress\/framework\/images\/metabox\/pool-icon.png\" alt=\"\" title=\"\" \/><\/span>\t\t\t<\/div>\n\t\t\t<!-- sd-tour-icons -->\n\t\t\t\t\t\t\n\t\t\t<div class=\"sd-tour-excerpt\">\n\t\t\t\t<p><\/p>\n\t\t\t<\/div>\n\t\t\t<!-- sd-tour-excerpt -->\n\t\t\t\n\t\t\t<div class=\"sd-tour-price\">\n\t\t\t\t<!-- <span>From: <\/span>-->\t\t\t<\/div>\n\t\t\t<!-- sd-tour-price -->\n\t\t<\/div>\n\t<\/div>\n\t<!-- sd-tour-item -->\n<\/div>\n<div class=\"clearfix visible-md-block visible-lg-block sd-separate-rows\"><\/div><div class=\"clearfix visible-sm-block sd-separate-rows\"><\/div><div class=\"clearfix visible-xs-block sd-separate-rows\"><\/div><div class=\"col-md-3 col-sm-4 col-xs-12 sd-loop-class post-12295 product type-product status-publish has-post-thumbnail hentry product_cat-cruceros product_tag-barcelona product_tag-costa product_tag-cruceros product_tag-mediterraneo destination-barcelona\">\n\t<div class=\"sd-tour-item\">\n\t\t<div class=\"sd-tour-item-thumb\"><img src=\"https:\/\/www.persimmontravels.com\/wp-content\/uploads\/2023\/09\/costa-esmeralda-poster.png\" class=\"attachment-shop_catalog size-shop_catalog wp-post-image\" alt=\"cruceros navidades\" decoding=\"async\" loading=\"lazy\" srcset=\"https:\/\/www.persimmontravels.com\/wp-content\/uploads\/2023\/09\/costa-esmeralda-poster.png 940w, https:\/\/www.persimmontravels.com\/wp-content\/uploads\/2023\/09\/costa-esmeralda-poster-300x251.png 300w, https:\/\/www.persimmontravels.com\/wp-content\/uploads\/2023\/09\/costa-esmeralda-poster-768x644.png 768w, https:\/\/www.persimmontravels.com\/wp-content\/uploads\/2023\/09\/costa-esmeralda-poster-600x503.png 600w\" sizes=\"(max-width: 940px) 100vw, 940px\" \/><\/div><\/a>\t\t<div class=\"sd-tour-item-content-wrap\">\n\t\t\t<h3>\n\t\t\t\t<a href=\"https:\/\/www.persimmontravels.com\/es\/producto\/costa-smerlada-crucero-clasico-por-el-mediterraneo-desde-barcelona-11-de-diciembre-de-2023-18-de-diciembre-de-2023-25-de-diciembre-de-2023-1-de-enero-de-2024-8-de-enero-de-2024-15-de-enero-de-2024-2\/\" title=\"Costa Smerlada: Crucero Cl\u00e1sico por el Mediterr\u00e1neo desde Barcelona ( 8 d\u00edas). Palma de Mallorca, Palermo, Cittavecchia, Savona, Marsella, Barcelona11 de diciembre de 2023\/18 de diciembre de 2023\/25 de diciembre de 2023\/1 de enero de 2024\/8 de enero de 2024\/15 de enero de 2024\/22 de enero de 2024\/19 de febrero de 2024\/26 de febrero de 2024\/ 4 de marzo de 2024\/11 de marzo de 2024\" rel=\"bookmark\">\n\t\t\t\t\tCosta Smerlada: Crucero Cl\u00e1sico por el Mediterr\u00e1neo desde Barcelona ( 8 d\u00edas). Palma de Mallorca, Palermo, Cittavecchia, Savona, Marsella, Barcelona11 de diciembre de 2023\/18 de diciembre de 2023\/25 de diciembre de 2023\/1 de enero de 2024\/8 de enero de 2024\/15 de enero de 2024\/22 de enero de 2024\/19 de febrero de 2024\/26 de febrero de 2024\/ 4 de marzo de 2024\/11 de marzo de 2024\t\t\t\t<\/a>\n\t\t\t<\/h3>\n\t\t\t<span class=\"sd-tour-days\">\n\t\t\t\t \t\t\t<\/span>\n\t\t\t<!-- sd-tour-days -->\n\t\t\t\n\t\t\t\t\t\t\n\t\t\t\t<div class=\"sd-stars\">\n\t\t\t\t\t\t\t\t\t<\/div>\n\t\t\t\t\t\t\t\t\t<div class=\"clearfix\"><\/div>\n\t\t\t\t\t\t<div class=\"sd-tour-icons\">\n\t\t\t\t<span data-tooltip=\"\"><img src=\"https:\/\/www.persimmontravels.com\/wp-content\/themes\/travelpress\/framework\/images\/metabox\/martini-icon.png\" alt=\"\" title=\"\" \/><\/span><span data-tooltip=\"\"><img src=\"https:\/\/www.persimmontravels.com\/wp-content\/themes\/travelpress\/framework\/images\/metabox\/food-icon.png\" alt=\"\" title=\"\" \/><\/span><span data-tooltip=\"\"><img src=\"https:\/\/www.persimmontravels.com\/wp-content\/themes\/travelpress\/framework\/images\/metabox\/pool-icon.png\" alt=\"\" title=\"\" \/><\/span>\t\t\t<\/div>\n\t\t\t<!-- sd-tour-icons -->\n\t\t\t\t\t\t\n\t\t\t<div class=\"sd-tour-excerpt\">\n\t\t\t\t<p><\/p>\n\t\t\t<\/div>\n\t\t\t<!-- sd-tour-excerpt -->\n\t\t\t\n\t\t\t<div class=\"sd-tour-price\">\n\t\t\t\t<!-- <span>From: <\/span>-->\t\t\t<\/div>\n\t\t\t<!-- sd-tour-price -->\n\t\t<\/div>\n\t<\/div>\n\t<!-- sd-tour-item -->\n<\/div>\n<div class=\"clearfix visible-md-block visible-lg-block sd-separate-rows\"><\/div><div class=\"clearfix visible-sm-block sd-separate-rows\"><\/div><div class=\"clearfix visible-xs-block sd-separate-rows\"><\/div><div class=\"col-md-3 col-sm-4 col-xs-12 sd-loop-class post-11206 product type-product status-publish has-post-thumbnail hentry product_cat-cruceros\">\n\t<div class=\"sd-tour-item\">\n\t\t<div class=\"sd-tour-item-thumb\"><img src=\"https:\/\/www.persimmontravels.com\/wp-content\/uploads\/2023\/08\/1Persimmon-Cruceros.png\" class=\"attachment-shop_catalog size-shop_catalog wp-post-image\" alt=\"Ofertas cruceros\" decoding=\"async\" loading=\"lazy\" srcset=\"https:\/\/www.persimmontravels.com\/wp-content\/uploads\/2023\/08\/1Persimmon-Cruceros.png 570w, https:\/\/www.persimmontravels.com\/wp-content\/uploads\/2023\/08\/1Persimmon-Cruceros-300x167.png 300w, https:\/\/www.persimmontravels.com\/wp-content\/uploads\/2023\/08\/1Persimmon-Cruceros-360x200.png 360w\" sizes=\"(max-width: 570px) 100vw, 570px\" \/><\/div><\/a>\t\t<div class=\"sd-tour-item-content-wrap\">\n\t\t\t<h3>\n\t\t\t\t<a href=\"https:\/\/www.persimmontravels.com\/es\/producto\/cruceros-persimmon-travels\/\" title=\"Cruceros Persimmon Travels\" rel=\"bookmark\">\n\t\t\t\t\tCruceros Persimmon Travels\t\t\t\t<\/a>\n\t\t\t<\/h3>\n\t\t\t<span class=\"sd-tour-days\">\n\t\t\t\t \t\t\t<\/span>\n\t\t\t<!-- sd-tour-days -->\n\t\t\t\n\t\t\t\t\t\t\n\t\t\t\t<div class=\"sd-stars\">\n\t\t\t\t\t\t\t\t\t<\/div>\n\t\t\t\t\t\t\t\t\t<div class=\"clearfix\"><\/div>\n\t\t\t\t\t\t<div class=\"sd-tour-icons\">\n\t\t\t\t<span data-tooltip=\"\"><img src=\"https:\/\/www.persimmontravels.com\/wp-content\/themes\/travelpress\/framework\/images\/metabox\/ship-icon.png\" alt=\"\" title=\"\" \/><\/span>\t\t\t<\/div>\n\t\t\t<!-- sd-tour-icons -->\n\t\t\t\t\t\t\n\t\t\t<div class=\"sd-tour-excerpt\">\n\t\t\t\t<p><\/p>\n\t\t\t<\/div>\n\t\t\t<!-- sd-tour-excerpt -->\n\t\t\t\n\t\t\t<div class=\"sd-tour-price\">\n\t\t\t\t<!-- <span>From: <\/span>-->\t\t\t<\/div>\n\t\t\t<!-- sd-tour-price -->\n\t\t<\/div>\n\t<\/div>\n\t<!-- sd-tour-item -->\n<\/div>\n<div class=\"clearfix visible-md-block visible-lg-block sd-separate-rows\"><\/div><div class=\"clearfix visible-sm-block sd-separate-rows\"><\/div><div class=\"clearfix visible-xs-block sd-separate-rows\"><\/div><div class=\"col-md-3 col-sm-4 col-xs-12 sd-loop-class post-12773 product type-product status-publish has-post-thumbnail hentry product_cat-grandes-viajes\">\n\t<div class=\"sd-tour-item\">\n\t\t<div class=\"sd-tour-item-thumb\"><img src=\"https:\/\/www.persimmontravels.com\/wp-content\/uploads\/2023\/09\/roma-1.png\" class=\"attachment-shop_catalog size-shop_catalog wp-post-image\" alt=\"\" decoding=\"async\" loading=\"lazy\" srcset=\"https:\/\/www.persimmontravels.com\/wp-content\/uploads\/2023\/09\/roma-1.png 940w, https:\/\/www.persimmontravels.com\/wp-content\/uploads\/2023\/09\/roma-1-300x251.png 300w, https:\/\/www.persimmontravels.com\/wp-content\/uploads\/2023\/09\/roma-1-768x644.png 768w, https:\/\/www.persimmontravels.com\/wp-content\/uploads\/2023\/09\/roma-1-600x503.png 600w\" sizes=\"(max-width: 940px) 100vw, 940px\" \/><\/div><\/a>\t\t<div class=\"sd-tour-item-content-wrap\">\n\t\t\t<h3>\n\t\t\t\t<a href=\"https:\/\/www.persimmontravels.com\/es\/producto\/descubre-la-antigua-roma-y-sus-joyas-ocultas-en-tres-dias\/\" title=\"Descubre la Antigua Roma y sus Joyas Ocultas en tres d\u00edas.\" rel=\"bookmark\">\n\t\t\t\t\tDescubre la Antigua Roma y sus Joyas Ocultas en tres d\u00edas.\t\t\t\t<\/a>\n\t\t\t<\/h3>\n\t\t\t<span class=\"sd-tour-days\">\n\t\t\t\t \t\t\t<\/span>\n\t\t\t<!-- sd-tour-days -->\n\t\t\t\n\t\t\t\t\t\t\n\t\t\t\t<div class=\"sd-stars\">\n\t\t\t\t\t\t\t\t\t<\/div>\n\t\t\t\t\t\t\t\t\t<div class=\"clearfix\"><\/div>\n\t\t\t\t\t\t<div class=\"sd-tour-icons\">\n\t\t\t\t<span data-tooltip=\"\"><img src=\"https:\/\/www.persimmontravels.com\/wp-content\/themes\/travelpress\/framework\/images\/metabox\/plane-icon.png\" alt=\"\" title=\"\" \/><\/span><span data-tooltip=\"\"><img src=\"https:\/\/www.persimmontravels.com\/wp-content\/themes\/travelpress\/framework\/images\/metabox\/ship-icon.png\" alt=\"\" title=\"\" \/><\/span>\t\t\t<\/div>\n\t\t\t<!-- sd-tour-icons -->\n\t\t\t\t\t\t\n\t\t\t<div class=\"sd-tour-excerpt\">\n\t\t\t\t<p><\/p>\n\t\t\t<\/div>\n\t\t\t<!-- sd-tour-excerpt -->\n\t\t\t\n\t\t\t<div class=\"sd-tour-price\">\n\t\t\t\t<!-- <span>From: <\/span>-->\t\t\t<\/div>\n\t\t\t<!-- sd-tour-price -->\n\t\t<\/div>\n\t<\/div>\n\t<!-- sd-tour-item -->\n<\/div>\n<div class=\"clearfix visible-md-block visible-lg-block sd-separate-rows\"><\/div><div class=\"clearfix visible-sm-block sd-separate-rows\"><\/div><div class=\"clearfix visible-xs-block sd-separate-rows\"><\/div><div class=\"col-md-3 col-sm-4 col-xs-12 sd-loop-class post-12939 product type-product status-publish has-post-thumbnail hentry product_cat-grandes-viajes\">\n\t<div class=\"sd-tour-item\">\n\t\t<div class=\"sd-tour-item-thumb\"><img src=\"https:\/\/www.persimmontravels.com\/wp-content\/uploads\/2023\/09\/roma-1.png\" class=\"attachment-shop_catalog size-shop_catalog wp-post-image\" alt=\"\" decoding=\"async\" loading=\"lazy\" srcset=\"https:\/\/www.persimmontravels.com\/wp-content\/uploads\/2023\/09\/roma-1.png 940w, https:\/\/www.persimmontravels.com\/wp-content\/uploads\/2023\/09\/roma-1-300x251.png 300w, https:\/\/www.persimmontravels.com\/wp-content\/uploads\/2023\/09\/roma-1-768x644.png 768w, https:\/\/www.persimmontravels.com\/wp-content\/uploads\/2023\/09\/roma-1-600x503.png 600w\" sizes=\"(max-width: 940px) 100vw, 940px\" \/><\/div><\/a>\t\t<div class=\"sd-tour-item-content-wrap\">\n\t\t\t<h3>\n\t\t\t\t<a href=\"https:\/\/www.persimmontravels.com\/es\/producto\/descubre-la-antigua-roma-y-sus-joyas-ocultas-en-tres-dias-copy\/\" title=\"Descubre la Antigua Roma y sus Joyas Ocultas en tres d\u00edas. (Copy)\" rel=\"bookmark\">\n\t\t\t\t\tDescubre la Antigua Roma y sus Joyas Ocultas en tres d\u00edas. (Copy)\t\t\t\t<\/a>\n\t\t\t<\/h3>\n\t\t\t<span class=\"sd-tour-days\">\n\t\t\t\t \t\t\t<\/span>\n\t\t\t<!-- sd-tour-days -->\n\t\t\t\n\t\t\t\t\t\t\n\t\t\t\t<div class=\"sd-stars\">\n\t\t\t\t\t\t\t\t\t<\/div>\n\t\t\t\t\t\t\t\t\t<div class=\"clearfix\"><\/div>\n\t\t\t\t\t\t<div class=\"sd-tour-icons\">\n\t\t\t\t<span data-tooltip=\"\"><img src=\"https:\/\/www.persimmontravels.com\/wp-content\/themes\/travelpress\/framework\/images\/metabox\/plane-icon.png\" alt=\"\" title=\"\" \/><\/span><span data-tooltip=\"\"><img src=\"https:\/\/www.persimmontravels.com\/wp-content\/themes\/travelpress\/framework\/images\/metabox\/ship-icon.png\" alt=\"\" title=\"\" \/><\/span>\t\t\t<\/div>\n\t\t\t<!-- sd-tour-icons -->\n\t\t\t\t\t\t\n\t\t\t<div class=\"sd-tour-excerpt\">\n\t\t\t\t<p><\/p>\n\t\t\t<\/div>\n\t\t\t<!-- sd-tour-excerpt -->\n\t\t\t\n\t\t\t<div class=\"sd-tour-price\">\n\t\t\t\t<!-- <span>From: <\/span>-->\t\t\t<\/div>\n\t\t\t<!-- sd-tour-price -->\n\t\t<\/div>\n\t<\/div>\n\t<!-- sd-tour-item -->\n<\/div>\n<div class=\"clearfix visible-md-block visible-lg-block sd-separate-rows\"><\/div><div class=\"clearfix visible-sm-block sd-separate-rows\"><\/div><div class=\"clearfix visible-xs-block sd-separate-rows\"><\/div><div class=\"col-md-3 col-sm-4 col-xs-12 sd-loop-class post-11901 product type-product status-publish has-post-thumbnail hentry product_cat-grandes-viajes\">\n\t<div class=\"sd-tour-item\">\n\t\t<div class=\"sd-tour-item-thumb\"><img src=\"https:\/\/www.persimmontravels.com\/wp-content\/uploads\/2023\/09\/Imagen-de-WhatsApp-2023-09-05-a-las-13.53.08.jpg\" class=\"attachment-shop_catalog size-shop_catalog wp-post-image\" alt=\"\" decoding=\"async\" loading=\"lazy\" srcset=\"https:\/\/www.persimmontravels.com\/wp-content\/uploads\/2023\/09\/Imagen-de-WhatsApp-2023-09-05-a-las-13.53.08.jpg 1079w, https:\/\/www.persimmontravels.com\/wp-content\/uploads\/2023\/09\/Imagen-de-WhatsApp-2023-09-05-a-las-13.53.08-298x300.jpg 298w, https:\/\/www.persimmontravels.com\/wp-content\/uploads\/2023\/09\/Imagen-de-WhatsApp-2023-09-05-a-las-13.53.08-1016x1024.jpg 1016w, https:\/\/www.persimmontravels.com\/wp-content\/uploads\/2023\/09\/Imagen-de-WhatsApp-2023-09-05-a-las-13.53.08-150x150.jpg 150w, https:\/\/www.persimmontravels.com\/wp-content\/uploads\/2023\/09\/Imagen-de-WhatsApp-2023-09-05-a-las-13.53.08-768x774.jpg 768w, https:\/\/www.persimmontravels.com\/wp-content\/uploads\/2023\/09\/Imagen-de-WhatsApp-2023-09-05-a-las-13.53.08-88x88.jpg 88w, https:\/\/www.persimmontravels.com\/wp-content\/uploads\/2023\/09\/Imagen-de-WhatsApp-2023-09-05-a-las-13.53.08-600x605.jpg 600w, https:\/\/www.persimmontravels.com\/wp-content\/uploads\/2023\/09\/Imagen-de-WhatsApp-2023-09-05-a-las-13.53.08-100x100.jpg 100w\" sizes=\"(max-width: 1079px) 100vw, 1079px\" \/><\/div><\/a>\t\t<div class=\"sd-tour-item-content-wrap\">\n\t\t\t<h3>\n\t\t\t\t<a href=\"https:\/\/www.persimmontravels.com\/es\/producto\/estambul-city-break-4-dias-septiembre-a-octubre-2023-salida-desde-estambul-turquia\/\" title=\"Estambul C\u0131ty Break, 4 d\u00edas (Septiembre a Octubre 2023) Salida desde Estambul (Turqu\u00eda)\" rel=\"bookmark\">\n\t\t\t\t\tEstambul C\u0131ty Break, 4 d\u00edas (Septiembre a Octubre 2023) Salida desde Estambul (Turqu\u00eda)\t\t\t\t<\/a>\n\t\t\t<\/h3>\n\t\t\t<span class=\"sd-tour-days\">\n\t\t\t\t \t\t\t<\/span>\n\t\t\t<!-- sd-tour-days -->\n\t\t\t\n\t\t\t\t\t\t\n\t\t\t\t<div class=\"sd-stars\">\n\t\t\t\t\t\t\t\t\t<\/div>\n\t\t\t\t\t\t\t\t\t<div class=\"clearfix\"><\/div>\n\t\t\t\t\t\t<div class=\"sd-tour-icons\">\n\t\t\t\t<span data-tooltip=\"\"><img src=\"https:\/\/www.persimmontravels.com\/wp-content\/themes\/travelpress\/framework\/images\/metabox\/plane-icon.png\" alt=\"\" title=\"\" \/><\/span><span data-tooltip=\"\"><img src=\"https:\/\/www.persimmontravels.com\/wp-content\/themes\/travelpress\/framework\/images\/metabox\/ship-icon.png\" alt=\"\" title=\"\" \/><\/span>\t\t\t<\/div>\n\t\t\t<!-- sd-tour-icons -->\n\t\t\t\t\t\t\n\t\t\t<div class=\"sd-tour-excerpt\">\n\t\t\t\t<p><\/p>\n\t\t\t<\/div>\n\t\t\t<!-- sd-tour-excerpt -->\n\t\t\t\n\t\t\t<div class=\"sd-tour-price\">\n\t\t\t\t<!-- <span>From: <\/span>-->\t\t\t<\/div>\n\t\t\t<!-- sd-tour-price -->\n\t\t<\/div>\n\t<\/div>\n\t<!-- sd-tour-item -->\n<\/div>\n<div class=\"clearfix visible-md-block visible-lg-block sd-separate-rows\"><\/div><div class=\"clearfix visible-sm-block sd-separate-rows\"><\/div><div class=\"clearfix visible-xs-block sd-separate-rows\"><\/div><div class=\"col-md-3 col-sm-4 col-xs-12 sd-loop-class post-1267 product type-product status-publish has-post-thumbnail hentry product_cat-activities product_cat-shopping product_tag-basket-gifts product_tag-cheese product_tag-iberican-ham product_tag-seville product_tag-sherry product_tag-shopping product_tag-souvernirs product_tag-wines destination-sevilla tour-month-april tour-month-august tour-month-december tour-month-february tour-month-january tour-month-july tour-month-june tour-month-march tour-month-may tour-month-november tour-month-october tour-month-september tour-type-city-tour tour-type-restaurants-bars\">\n\t<div class=\"sd-tour-item\">\n\t\t<div class=\"sd-tour-item-thumb\"><img src=\"https:\/\/www.persimmontravels.com\/wp-content\/uploads\/2020\/07\/wine-cheese-300x300.jpg\" class=\"attachment-shop_catalog size-shop_catalog wp-post-image\" alt=\"Spanish Gourmet and Gifts\" decoding=\"async\" loading=\"lazy\" srcset=\"https:\/\/www.persimmontravels.com\/wp-content\/uploads\/2020\/07\/wine-cheese-300x300.jpg 300w, https:\/\/www.persimmontravels.com\/wp-content\/uploads\/2020\/07\/wine-cheese-150x150.jpg 150w, https:\/\/www.persimmontravels.com\/wp-content\/uploads\/2020\/07\/wine-cheese-189x189.jpg 189w, https:\/\/www.persimmontravels.com\/wp-content\/uploads\/2020\/07\/wine-cheese-88x88.jpg 88w, https:\/\/www.persimmontravels.com\/wp-content\/uploads\/2020\/07\/wine-cheese-213x213.jpg 213w, https:\/\/www.persimmontravels.com\/wp-content\/uploads\/2020\/07\/wine-cheese-100x100.jpg 100w\" sizes=\"(max-width: 300px) 100vw, 300px\" \/><\/div><\/a>\t\t<div class=\"sd-tour-item-content-wrap\">\n\t\t\t<h3>\n\t\t\t\t<a href=\"https:\/\/www.persimmontravels.com\/es\/product\/la-tragoneria\/\" title=\"La Tragoneria- Gifts and Gourmet Shop in Seville\" rel=\"bookmark\">\n\t\t\t\t\tLa Tragoneria- Gifts and Gourmet Shop in Seville\t\t\t\t<\/a>\n\t\t\t<\/h3>\n\t\t\t<span class=\"sd-tour-days\">\n\t\t\t\t \t\t\t<\/span>\n\t\t\t<!-- sd-tour-days -->\n\t\t\t\n\t\t\t\t\t\t\n\t\t\t\t<div class=\"sd-stars\">\n\t\t\t\t\t\t\t\t\t<\/div>\n\t\t\t\t\t\t\t\t\t<div class=\"clearfix\"><\/div>\n\t\t\t\t\t\t<div class=\"sd-tour-icons\">\n\t\t\t\t<span data-tooltip=\"\"><img src=\"https:\/\/www.persimmontravels.com\/wp-content\/themes\/travelpress\/framework\/images\/metabox\/hotel-icon.png\" alt=\"\" title=\"\" \/><\/span>\t\t\t<\/div>\n\t\t\t<!-- sd-tour-icons -->\n\t\t\t\t\t\t\n\t\t\t<div class=\"sd-tour-excerpt\">\n\t\t\t\t<p><\/p>\n\t\t\t<\/div>\n\t\t\t<!-- sd-tour-excerpt -->\n\t\t\t\n\t\t\t<div class=\"sd-tour-price\">\n\t\t\t\t<!-- <span>From: <\/span>-->\t\t\t<\/div>\n\t\t\t<!-- sd-tour-price -->\n\t\t<\/div>\n\t<\/div>\n\t<!-- sd-tour-item -->\n<\/div>\n<div class=\"clearfix visible-md-block visible-lg-block sd-separate-rows\"><\/div><div class=\"clearfix visible-sm-block sd-separate-rows\"><\/div><div class=\"clearfix visible-xs-block sd-separate-rows\"><\/div><div class=\"col-md-3 col-sm-4 col-xs-12 sd-loop-class post-11922 product type-product status-publish has-post-thumbnail hentry product_cat-grandes-viajes\">\n\t<div class=\"sd-tour-item\">\n\t\t<div class=\"sd-tour-item-thumb\"><img src=\"https:\/\/www.persimmontravels.com\/wp-content\/uploads\/2023\/09\/turquia-poster.png\" class=\"attachment-shop_catalog size-shop_catalog wp-post-image\" alt=\"viaje a turqui\" decoding=\"async\" loading=\"lazy\" srcset=\"https:\/\/www.persimmontravels.com\/wp-content\/uploads\/2023\/09\/turquia-poster.png 940w, https:\/\/www.persimmontravels.com\/wp-content\/uploads\/2023\/09\/turquia-poster-300x251.png 300w, https:\/\/www.persimmontravels.com\/wp-content\/uploads\/2023\/09\/turquia-poster-768x644.png 768w, https:\/\/www.persimmontravels.com\/wp-content\/uploads\/2023\/09\/turquia-poster-600x503.png 600w\" sizes=\"(max-width: 940px) 100vw, 940px\" \/><\/div><\/a>\t\t<div class=\"sd-tour-item-content-wrap\">\n\t\t\t<h3>\n\t\t\t\t<a href=\"https:\/\/www.persimmontravels.com\/es\/producto\/leyendas-de-capadocia-incluye-vuelos-desde-malaga-valencia-madrid-y-barcelona-8-dias\/\" title=\"Leyendas de Capadocia. Incluye Vuelos desde M\u00e1laga, Valencia, Madrid y Barcelona. (8 d\u00edas)\" rel=\"bookmark\">\n\t\t\t\t\tLeyendas de Capadocia. Incluye Vuelos desde M\u00e1laga, Valencia, Madrid y Barcelona. (8 d\u00edas)\t\t\t\t<\/a>\n\t\t\t<\/h3>\n\t\t\t<span class=\"sd-tour-days\">\n\t\t\t\t \t\t\t<\/span>\n\t\t\t<!-- sd-tour-days -->\n\t\t\t\n\t\t\t\t\t\t\n\t\t\t\t<div class=\"sd-stars\">\n\t\t\t\t\t\t\t\t\t<\/div>\n\t\t\t\t\t\t\t\t\t<div class=\"clearfix\"><\/div>\n\t\t\t\t\t\t<div class=\"sd-tour-icons\">\n\t\t\t\t<span data-tooltip=\"\"><img src=\"https:\/\/www.persimmontravels.com\/wp-content\/themes\/travelpress\/framework\/images\/metabox\/plane-icon.png\" alt=\"\" title=\"\" \/><\/span><span data-tooltip=\"\"><img src=\"https:\/\/www.persimmontravels.com\/wp-content\/themes\/travelpress\/framework\/images\/metabox\/ship-icon.png\" alt=\"\" title=\"\" \/><\/span>\t\t\t<\/div>\n\t\t\t<!-- sd-tour-icons -->\n\t\t\t\t\t\t\n\t\t\t<div class=\"sd-tour-excerpt\">\n\t\t\t\t<p><\/p>\n\t\t\t<\/div>\n\t\t\t<!-- sd-tour-excerpt -->\n\t\t\t\n\t\t\t<div class=\"sd-tour-price\">\n\t\t\t\t<!-- <span>From: <\/span>-->\t\t\t<\/div>\n\t\t\t<!-- sd-tour-price -->\n\t\t<\/div>\n\t<\/div>\n\t<!-- sd-tour-item -->\n<\/div>\n<div class=\"clearfix visible-md-block visible-lg-block sd-separate-rows\"><\/div><div class=\"clearfix visible-sm-block sd-separate-rows\"><\/div><div class=\"clearfix visible-xs-block sd-separate-rows\"><\/div><div class=\"col-md-3 col-sm-4 col-xs-12 sd-loop-class post-12491 product type-product status-publish has-post-thumbnail hentry product_cat-cruceros product_tag-barcelona product_tag-costa product_tag-cruceros product_tag-mediterraneo\">\n\t<div class=\"sd-tour-item\">\n\t\t<div class=\"sd-tour-item-thumb\"><img src=\"https:\/\/www.persimmontravels.com\/wp-content\/uploads\/2023\/09\/costa-esmeralda-poster.png\" class=\"attachment-shop_catalog size-shop_catalog wp-post-image\" alt=\"cruceros navidades\" decoding=\"async\" loading=\"lazy\" srcset=\"https:\/\/www.persimmontravels.com\/wp-content\/uploads\/2023\/09\/costa-esmeralda-poster.png 940w, https:\/\/www.persimmontravels.com\/wp-content\/uploads\/2023\/09\/costa-esmeralda-poster-300x251.png 300w, https:\/\/www.persimmontravels.com\/wp-content\/uploads\/2023\/09\/costa-esmeralda-poster-768x644.png 768w, https:\/\/www.persimmontravels.com\/wp-content\/uploads\/2023\/09\/costa-esmeralda-poster-600x503.png 600w\" sizes=\"(max-width: 940px) 100vw, 940px\" \/><\/div><\/a>\t\t<div class=\"sd-tour-item-content-wrap\">\n\t\t\t<h3>\n\t\t\t\t<a href=\"https:\/\/www.persimmontravels.com\/es\/producto\/oasis-of-the-seas-espana-francia-italia-roma-napoles-capri-barcelona-3-noches-26-de-septiembre\/\" title=\"Oasis of the Seas: Espa\u00f1a\/Francia\/Italia: Roma-N\u00e1poles\/Capri-Barcelona (3 noches) 26 de Septiembre\" rel=\"bookmark\">\n\t\t\t\t\tOasis of the Seas: Espa\u00f1a\/Francia\/Italia: Roma-N\u00e1poles\/Capri-Barcelona (3 noches) 26 de Septiembre\t\t\t\t<\/a>\n\t\t\t<\/h3>\n\t\t\t<span class=\"sd-tour-days\">\n\t\t\t\t \t\t\t<\/span>\n\t\t\t<!-- sd-tour-days -->\n\t\t\t\n\t\t\t\t\t\t\n\t\t\t\t<div class=\"sd-stars\">\n\t\t\t\t\t\t\t\t\t<\/div>\n\t\t\t\t\t\t\t\t\t<div class=\"clearfix\"><\/div>\n\t\t\t\t\t\t<div class=\"sd-tour-icons\">\n\t\t\t\t<span data-tooltip=\"\"><img src=\"https:\/\/www.persimmontravels.com\/wp-content\/themes\/travelpress\/framework\/images\/metabox\/martini-icon.png\" alt=\"\" title=\"\" \/><\/span><span data-tooltip=\"\"><img src=\"https:\/\/www.persimmontravels.com\/wp-content\/themes\/travelpress\/framework\/images\/metabox\/food-icon.png\" alt=\"\" title=\"\" \/><\/span><span data-tooltip=\"\"><img src=\"https:\/\/www.persimmontravels.com\/wp-content\/themes\/travelpress\/framework\/images\/metabox\/pool-icon.png\" alt=\"\" title=\"\" \/><\/span>\t\t\t<\/div>\n\t\t\t<!-- sd-tour-icons -->\n\t\t\t\t\t\t\n\t\t\t<div class=\"sd-tour-excerpt\">\n\t\t\t\t<p><\/p>\n\t\t\t<\/div>\n\t\t\t<!-- sd-tour-excerpt -->\n\t\t\t\n\t\t\t<div class=\"sd-tour-price\">\n\t\t\t\t<!-- <span>From: <\/span>-->\t\t\t<\/div>\n\t\t\t<!-- sd-tour-price -->\n\t\t<\/div>\n\t<\/div>\n\t<!-- sd-tour-item -->\n<\/div>\n<div class=\"clearfix visible-md-block visible-lg-block sd-separate-rows\"><\/div><div class=\"clearfix visible-sm-block sd-separate-rows\"><\/div><div class=\"clearfix visible-xs-block sd-separate-rows\"><\/div><div class=\"col-md-3 col-sm-4 col-xs-12 sd-loop-class post-12489 product type-product status-publish has-post-thumbnail hentry product_cat-cruceros product_tag-barcelona product_tag-costa product_tag-cruceros product_tag-mediterraneo\">\n\t<div class=\"sd-tour-item\">\n\t\t<div class=\"sd-tour-item-thumb\"><img src=\"https:\/\/www.persimmontravels.com\/wp-content\/uploads\/2023\/09\/Oasis-of-the-seas-oferta-2024.png\" class=\"attachment-shop_catalog size-shop_catalog wp-post-image\" alt=\"Persimmon cruceros\" decoding=\"async\" loading=\"lazy\" srcset=\"https:\/\/www.persimmontravels.com\/wp-content\/uploads\/2023\/09\/Oasis-of-the-seas-oferta-2024.png 940w, https:\/\/www.persimmontravels.com\/wp-content\/uploads\/2023\/09\/Oasis-of-the-seas-oferta-2024-300x251.png 300w, https:\/\/www.persimmontravels.com\/wp-content\/uploads\/2023\/09\/Oasis-of-the-seas-oferta-2024-768x644.png 768w, https:\/\/www.persimmontravels.com\/wp-content\/uploads\/2023\/09\/Oasis-of-the-seas-oferta-2024-600x503.png 600w\" sizes=\"(max-width: 940px) 100vw, 940px\" \/><\/div><\/a>\t\t<div class=\"sd-tour-item-content-wrap\">\n\t\t\t<h3>\n\t\t\t\t<a href=\"https:\/\/www.persimmontravels.com\/es\/producto\/oasis-of-the-seas-mediterraneo-occidental-7-noches-barcelona-palma-de-mallorca-provenza-florencia-roma-napoles-capri-barcelona-mayo-octubre-2024\/\" title=\"Oasis of the Seas: Mediterraneo Occidental. 7 Noches: Barcelona, Palma de Mallorca, Provenza, Florencia, Roma, N\u00e1poles, Capri, Barcelona (Mayo-Octubre 2024)\" rel=\"bookmark\">\n\t\t\t\t\tOasis of the Seas: Mediterraneo Occidental. 7 Noches: Barcelona, Palma de Mallorca, Provenza, Florencia, Roma, N\u00e1poles, Capri, Barcelona (Mayo-Octubre 2024)\t\t\t\t<\/a>\n\t\t\t<\/h3>\n\t\t\t<span class=\"sd-tour-days\">\n\t\t\t\t \t\t\t<\/span>\n\t\t\t<!-- sd-tour-days -->\n\t\t\t\n\t\t\t\t\t\t\n\t\t\t\t<div class=\"sd-stars\">\n\t\t\t\t\t\t\t\t\t<\/div>\n\t\t\t\t\t\t\t\t\t<div class=\"clearfix\"><\/div>\n\t\t\t\t\t\t<div class=\"sd-tour-icons\">\n\t\t\t\t<span data-tooltip=\"\"><img src=\"https:\/\/www.persimmontravels.com\/wp-content\/themes\/travelpress\/framework\/images\/metabox\/martini-icon.png\" alt=\"\" title=\"\" \/><\/span><span data-tooltip=\"\"><img src=\"https:\/\/www.persimmontravels.com\/wp-content\/themes\/travelpress\/framework\/images\/metabox\/food-icon.png\" alt=\"\" title=\"\" \/><\/span><span data-tooltip=\"\"><img src=\"https:\/\/www.persimmontravels.com\/wp-content\/themes\/travelpress\/framework\/images\/metabox\/pool-icon.png\" alt=\"\" title=\"\" \/><\/span>\t\t\t<\/div>\n\t\t\t<!-- sd-tour-icons -->\n\t\t\t\t\t\t\n\t\t\t<div class=\"sd-tour-excerpt\">\n\t\t\t\t<p><\/p>\n\t\t\t<\/div>\n\t\t\t<!-- sd-tour-excerpt -->\n\t\t\t\n\t\t\t<div class=\"sd-tour-price\">\n\t\t\t\t<!-- <span>From: <\/span>-->\t\t\t<\/div>\n\t\t\t<!-- sd-tour-price -->\n\t\t<\/div>\n\t<\/div>\n\t<!-- sd-tour-item -->\n<\/div>\n<div class=\"clearfix visible-md-block visible-lg-block sd-separate-rows\"><\/div><div class=\"clearfix visible-sm-block sd-separate-rows\"><\/div><div class=\"clearfix visible-xs-block sd-separate-rows\"><\/div><div class=\"col-md-3 col-sm-4 col-xs-12 sd-loop-class post-12493 product type-product status-publish has-post-thumbnail hentry product_cat-cruceros product_tag-barcelona product_tag-costa product_tag-cruceros product_tag-mediterraneo\">\n\t<div class=\"sd-tour-item\">\n\t\t<div class=\"sd-tour-item-thumb\"><img src=\"https:\/\/www.persimmontravels.com\/wp-content\/uploads\/2023\/09\/costa-esmeralda-poster.png\" class=\"attachment-shop_catalog size-shop_catalog wp-post-image\" alt=\"cruceros navidades\" decoding=\"async\" loading=\"lazy\" srcset=\"https:\/\/www.persimmontravels.com\/wp-content\/uploads\/2023\/09\/costa-esmeralda-poster.png 940w, https:\/\/www.persimmontravels.com\/wp-content\/uploads\/2023\/09\/costa-esmeralda-poster-300x251.png 300w, https:\/\/www.persimmontravels.com\/wp-content\/uploads\/2023\/09\/costa-esmeralda-poster-768x644.png 768w, https:\/\/www.persimmontravels.com\/wp-content\/uploads\/2023\/09\/costa-esmeralda-poster-600x503.png 600w\" sizes=\"(max-width: 940px) 100vw, 940px\" \/><\/div><\/a>\t\t<div class=\"sd-tour-item-content-wrap\">\n\t\t\t<h3>\n\t\t\t\t<a href=\"https:\/\/www.persimmontravels.com\/es\/producto\/oasis-of-the-seas-trasatlantico-14-dias-barcelona-palma-de-mallorca-valencia-cartagena-malaga-nasau-bahamas-fort-laudelade-florida\/\" title=\"Oasis of the Seas: Trasatl\u00e1ntico (14 dias): Barcelona, Palma de Mallorca, Valencia, Cartagena, M\u00e1laga, Nasau (Bahamas), Fort Laudelade (Florida)\" rel=\"bookmark\">\n\t\t\t\t\tOasis of the Seas: Trasatl\u00e1ntico (14 dias): Barcelona, Palma de Mallorca, Valencia, Cartagena, M\u00e1laga, Nasau (Bahamas), Fort Laudelade (Florida)\t\t\t\t<\/a>\n\t\t\t<\/h3>\n\t\t\t<span class=\"sd-tour-days\">\n\t\t\t\t \t\t\t<\/span>\n\t\t\t<!-- sd-tour-days -->\n\t\t\t\n\t\t\t\t\t\t\n\t\t\t\t<div class=\"sd-stars\">\n\t\t\t\t\t\t\t\t\t<\/div>\n\t\t\t\t\t\t\t\t\t<div class=\"clearfix\"><\/div>\n\t\t\t\t\t\t<div class=\"sd-tour-icons\">\n\t\t\t\t<span data-tooltip=\"\"><img src=\"https:\/\/www.persimmontravels.com\/wp-content\/themes\/travelpress\/framework\/images\/metabox\/martini-icon.png\" alt=\"\" title=\"\" \/><\/span><span data-tooltip=\"\"><img src=\"https:\/\/www.persimmontravels.com\/wp-content\/themes\/travelpress\/framework\/images\/metabox\/food-icon.png\" alt=\"\" title=\"\" \/><\/span><span data-tooltip=\"\"><img src=\"https:\/\/www.persimmontravels.com\/wp-content\/themes\/travelpress\/framework\/images\/metabox\/pool-icon.png\" alt=\"\" title=\"\" \/><\/span>\t\t\t<\/div>\n\t\t\t<!-- sd-tour-icons -->\n\t\t\t\t\t\t\n\t\t\t<div class=\"sd-tour-excerpt\">\n\t\t\t\t<p><\/p>\n\t\t\t<\/div>\n\t\t\t<!-- sd-tour-excerpt -->\n\t\t\t\n\t\t\t<div class=\"sd-tour-price\">\n\t\t\t\t<!-- <span>From: <\/span>-->\t\t\t<\/div>\n\t\t\t<!-- sd-tour-price -->\n\t\t<\/div>\n\t<\/div>\n\t<!-- sd-tour-item -->\n<\/div>\n<div class=\"clearfix visible-md-block visible-lg-block sd-separate-rows\"><\/div><div class=\"clearfix visible-sm-block sd-separate-rows\"><\/div><div class=\"clearfix visible-xs-block sd-separate-rows\"><\/div><div class=\"col-md-3 col-sm-4 col-xs-12 sd-loop-class post-1998 product type-product status-publish has-post-thumbnail hentry product_cat-activities product_cat-shows product_tag-flamenco\">\n\t<div class=\"sd-tour-item\">\n\t\t<div class=\"sd-tour-item-thumb\"><img src=\"https:\/\/www.persimmontravels.com\/wp-content\/uploads\/2020\/08\/logo-pura-esencia.jpg\" class=\"attachment-shop_catalog size-shop_catalog wp-post-image\" alt=\"pura esencia flamenco\" decoding=\"async\" loading=\"lazy\" srcset=\"https:\/\/www.persimmontravels.com\/wp-content\/uploads\/2020\/08\/logo-pura-esencia.jpg 200w, https:\/\/www.persimmontravels.com\/wp-content\/uploads\/2020\/08\/logo-pura-esencia-150x150.jpg 150w, https:\/\/www.persimmontravels.com\/wp-content\/uploads\/2020\/08\/logo-pura-esencia-189x189.jpg 189w, https:\/\/www.persimmontravels.com\/wp-content\/uploads\/2020\/08\/logo-pura-esencia-88x88.jpg 88w, https:\/\/www.persimmontravels.com\/wp-content\/uploads\/2020\/08\/logo-pura-esencia-100x100.jpg 100w\" sizes=\"(max-width: 200px) 100vw, 200px\" \/><\/div><\/a>\t\t<div class=\"sd-tour-item-content-wrap\">\n\t\t\t<h3>\n\t\t\t\t<a href=\"https:\/\/www.persimmontravels.com\/es\/product\/pura-esencia-best-flamenco-show-skip-the-line\/\" title=\"Pura Esencia Best Flamenco show . Skip the line\" rel=\"bookmark\">\n\t\t\t\t\tPura Esencia Best Flamenco show . Skip the line\t\t\t\t<\/a>\n\t\t\t<\/h3>\n\t\t\t<span class=\"sd-tour-days\">\n\t\t\t\t \t\t\t<\/span>\n\t\t\t<!-- sd-tour-days -->\n\t\t\t\n\t\t\t\t\t\t\n\t\t\t\t<div class=\"sd-stars\">\n\t\t\t\t\t\t\t\t\t<\/div>\n\t\t\t\t\t\t\t\t\t<div class=\"clearfix\"><\/div>\n\t\t\t\t\t\t<div class=\"sd-tour-icons\">\n\t\t\t\t<span data-tooltip=\"\"><img src=\"https:\/\/www.persimmontravels.com\/wp-content\/themes\/travelpress\/framework\/images\/metabox\/martini-icon.png\" alt=\"\" title=\"\" \/><\/span>\t\t\t<\/div>\n\t\t\t<!-- sd-tour-icons -->\n\t\t\t\t\t\t\n\t\t\t<div class=\"sd-tour-excerpt\">\n\t\t\t\t<p><\/p>\n\t\t\t<\/div>\n\t\t\t<!-- sd-tour-excerpt -->\n\t\t\t\n\t\t\t<div class=\"sd-tour-price\">\n\t\t\t\t<!-- <span>From: <\/span>-->\t\t\t<\/div>\n\t\t\t<!-- sd-tour-price -->\n\t\t<\/div>\n\t<\/div>\n\t<!-- sd-tour-item -->\n<\/div>\n<div class=\"clearfix visible-md-block visible-lg-block sd-separate-rows\"><\/div><div class=\"clearfix visible-sm-block sd-separate-rows\"><\/div><div class=\"clearfix visible-xs-block sd-separate-rows\"><\/div><div class=\"col-md-3 col-sm-4 col-xs-12 sd-loop-class post-1737 product type-product status-publish has-post-thumbnail hentry product_cat-activitividades product_cat-expectaculos product_tag-flamenco-es destination-sevilla tour-month-abril tour-month-agosto tour-month-diciembre tour-month-enero tour-month-febrero tour-month-julio tour-month-junio tour-month-marzo tour-month-mayo tour-month-noviembre tour-month-octubre tour-month-septiembre tour-type-eventos-y-espectaculos\">\n\t<div class=\"sd-tour-item\">\n\t\t<div class=\"sd-tour-item-thumb\"><img src=\"https:\/\/www.persimmontravels.com\/wp-content\/uploads\/2020\/08\/logo-pura-esencia.jpg\" class=\"attachment-shop_catalog size-shop_catalog wp-post-image\" alt=\"pura esencia flamenco\" decoding=\"async\" loading=\"lazy\" srcset=\"https:\/\/www.persimmontravels.com\/wp-content\/uploads\/2020\/08\/logo-pura-esencia.jpg 200w, https:\/\/www.persimmontravels.com\/wp-content\/uploads\/2020\/08\/logo-pura-esencia-150x150.jpg 150w, https:\/\/www.persimmontravels.com\/wp-content\/uploads\/2020\/08\/logo-pura-esencia-189x189.jpg 189w, https:\/\/www.persimmontravels.com\/wp-content\/uploads\/2020\/08\/logo-pura-esencia-88x88.jpg 88w, https:\/\/www.persimmontravels.com\/wp-content\/uploads\/2020\/08\/logo-pura-esencia-100x100.jpg 100w\" sizes=\"(max-width: 200px) 100vw, 200px\" \/><\/div><\/a>\t\t<div class=\"sd-tour-item-content-wrap\">\n\t\t\t<h3>\n\t\t\t\t<a href=\"https:\/\/www.persimmontravels.com\/es\/producto\/pura-esencia-flamenco-el-mejor-espectaculo-de-sevilla-20-de-descuento\/\" title=\"Pura Esencia Flamenco. El mejor espect\u00e1culo de Sevilla. 20% de descuento\" rel=\"bookmark\">\n\t\t\t\t\tPura Esencia Flamenco. El mejor espect\u00e1culo de Sevilla. 20% de descuento\t\t\t\t<\/a>\n\t\t\t<\/h3>\n\t\t\t<span class=\"sd-tour-days\">\n\t\t\t\t \t\t\t<\/span>\n\t\t\t<!-- sd-tour-days -->\n\t\t\t\n\t\t\t\t\t\t\n\t\t\t\t<div class=\"sd-stars\">\n\t\t\t\t\t\t\t\t\t<\/div>\n\t\t\t\t\t\t\t\t\t<div class=\"clearfix\"><\/div>\n\t\t\t\t\t\t\n\t\t\t<div class=\"sd-tour-excerpt\">\n\t\t\t\t<p><\/p>\n\t\t\t<\/div>\n\t\t\t<!-- sd-tour-excerpt -->\n\t\t\t\n\t\t\t<div class=\"sd-tour-price\">\n\t\t\t\t<!-- <span>From: <\/span>-->\t\t\t<\/div>\n\t\t\t<!-- sd-tour-price -->\n\t\t<\/div>\n\t<\/div>\n\t<!-- sd-tour-item -->\n<\/div>\n<div class=\"clearfix visible-md-block visible-lg-block sd-separate-rows\"><\/div><div class=\"clearfix visible-sm-block sd-separate-rows\"><\/div><div class=\"clearfix visible-xs-block sd-separate-rows\"><\/div><div class=\"col-md-3 col-sm-4 col-xs-12 sd-loop-class post-10571 product type-product status-publish has-post-thumbnail hentry product_cat-aventura product_tag-aventuras product_tag-rafting destination-cadiz destination-cordoba destination-malaga destination-sevilla\">\n\t<div class=\"sd-tour-item\">\n\t\t<div class=\"sd-tour-item-thumb\"><img src=\"https:\/\/www.persimmontravels.com\/wp-content\/uploads\/2023\/08\/RAPIDO-TERMINADO-1.jpg\" class=\"attachment-shop_catalog size-shop_catalog wp-post-image\" alt=\"Rafting Persimmon\" decoding=\"async\" loading=\"lazy\" srcset=\"https:\/\/www.persimmontravels.com\/wp-content\/uploads\/2023\/08\/RAPIDO-TERMINADO-1.jpg 1920w, https:\/\/www.persimmontravels.com\/wp-content\/uploads\/2023\/08\/RAPIDO-TERMINADO-1-300x169.jpg 300w, https:\/\/www.persimmontravels.com\/wp-content\/uploads\/2023\/08\/RAPIDO-TERMINADO-1-1024x576.jpg 1024w, https:\/\/www.persimmontravels.com\/wp-content\/uploads\/2023\/08\/RAPIDO-TERMINADO-1-768x432.jpg 768w, https:\/\/www.persimmontravels.com\/wp-content\/uploads\/2023\/08\/RAPIDO-TERMINADO-1-1536x864.jpg 1536w, https:\/\/www.persimmontravels.com\/wp-content\/uploads\/2023\/08\/RAPIDO-TERMINADO-1-600x338.jpg 600w\" sizes=\"(max-width: 1920px) 100vw, 1920px\" \/><\/div><\/a>\t\t<div class=\"sd-tour-item-content-wrap\">\n\t\t\t<h3>\n\t\t\t\t<a href=\"https:\/\/www.persimmontravels.com\/es\/producto\/rafting-con-dos-bajadas-benameji-cordoba\/\" title=\"Rafting con dos bajadas Benameji  (C\u00f3rdoba)\" rel=\"bookmark\">\n\t\t\t\t\tRafting con dos bajadas Benameji  (C\u00f3rdoba)\t\t\t\t<\/a>\n\t\t\t<\/h3>\n\t\t\t<span class=\"sd-tour-days\">\n\t\t\t\t \t\t\t<\/span>\n\t\t\t<!-- sd-tour-days -->\n\t\t\t\n\t\t\t\t\t\t\n\t\t\t\t<div class=\"sd-stars\">\n\t\t\t\t\t\t\t\t\t<\/div>\n\t\t\t\t\t\t\t\t\t<div class=\"clearfix\"><\/div>\n\t\t\t\t\t\t<div class=\"sd-tour-icons\">\n\t\t\t\t<span data-tooltip=\"\"><img src=\"https:\/\/www.persimmontravels.com\/wp-content\/themes\/travelpress\/framework\/images\/metabox\/backpack-icon.png\" alt=\"\" title=\"\" \/><\/span>\t\t\t<\/div>\n\t\t\t<!-- sd-tour-icons -->\n\t\t\t\t\t\t\n\t\t\t<div class=\"sd-tour-excerpt\">\n\t\t\t\t<p><\/p>\n\t\t\t<\/div>\n\t\t\t<!-- sd-tour-excerpt -->\n\t\t\t\n\t\t\t<div class=\"sd-tour-price\">\n\t\t\t\t<!-- <span>From: <\/span>-->\t\t\t<\/div>\n\t\t\t<!-- sd-tour-price -->\n\t\t<\/div>\n\t<\/div>\n\t<!-- sd-tour-item -->\n<\/div>\n<div class=\"clearfix visible-md-block visible-lg-block sd-separate-rows\"><\/div><div class=\"clearfix visible-sm-block sd-separate-rows\"><\/div><div class=\"clearfix visible-xs-block sd-separate-rows\"><\/div><div class=\"col-md-3 col-sm-4 col-xs-12 sd-loop-class post-10775 product type-product status-publish has-post-thumbnail hentry product_cat-aventura product_tag-aventuras product_tag-rafting\">\n\t<div class=\"sd-tour-item\">\n\t\t<div class=\"sd-tour-item-thumb\"><img src=\"https:\/\/www.persimmontravels.com\/wp-content\/uploads\/2023\/08\/RAPIDO-TERMINADO-1.jpg\" class=\"attachment-shop_catalog size-shop_catalog wp-post-image\" alt=\"Rafting Persimmon\" decoding=\"async\" loading=\"lazy\" srcset=\"https:\/\/www.persimmontravels.com\/wp-content\/uploads\/2023\/08\/RAPIDO-TERMINADO-1.jpg 1920w, https:\/\/www.persimmontravels.com\/wp-content\/uploads\/2023\/08\/RAPIDO-TERMINADO-1-300x169.jpg 300w, https:\/\/www.persimmontravels.com\/wp-content\/uploads\/2023\/08\/RAPIDO-TERMINADO-1-1024x576.jpg 1024w, https:\/\/www.persimmontravels.com\/wp-content\/uploads\/2023\/08\/RAPIDO-TERMINADO-1-768x432.jpg 768w, https:\/\/www.persimmontravels.com\/wp-content\/uploads\/2023\/08\/RAPIDO-TERMINADO-1-1536x864.jpg 1536w, https:\/\/www.persimmontravels.com\/wp-content\/uploads\/2023\/08\/RAPIDO-TERMINADO-1-600x338.jpg 600w\" sizes=\"(max-width: 1920px) 100vw, 1920px\" \/><\/div><\/a>\t\t<div class=\"sd-tour-item-content-wrap\">\n\t\t\t<h3>\n\t\t\t\t<a href=\"https:\/\/www.persimmontravels.com\/es\/producto\/rafting-con-una-bajadas-benameji-cordoba\/\" title=\"Rafting con una bajadas Benameji  (C\u00f3rdoba)\" rel=\"bookmark\">\n\t\t\t\t\tRafting con una bajadas Benameji  (C\u00f3rdoba)\t\t\t\t<\/a>\n\t\t\t<\/h3>\n\t\t\t<span class=\"sd-tour-days\">\n\t\t\t\t \t\t\t<\/span>\n\t\t\t<!-- sd-tour-days -->\n\t\t\t\n\t\t\t\t\t\t\n\t\t\t\t<div class=\"sd-stars\">\n\t\t\t\t\t\t\t\t\t<\/div>\n\t\t\t\t\t\t\t\t\t<div class=\"clearfix\"><\/div>\n\t\t\t\t\t\t<div class=\"sd-tour-icons\">\n\t\t\t\t<span data-tooltip=\"\"><img src=\"https:\/\/www.persimmontravels.com\/wp-content\/themes\/travelpress\/framework\/images\/metabox\/backpack-icon.png\" alt=\"\" title=\"\" \/><\/span>\t\t\t<\/div>\n\t\t\t<!-- sd-tour-icons -->\n\t\t\t\t\t\t\n\t\t\t<div class=\"sd-tour-excerpt\">\n\t\t\t\t<p><\/p>\n\t\t\t<\/div>\n\t\t\t<!-- sd-tour-excerpt -->\n\t\t\t\n\t\t\t<div class=\"sd-tour-price\">\n\t\t\t\t<!-- <span>From: <\/span>-->\t\t\t<\/div>\n\t\t\t<!-- sd-tour-price -->\n\t\t<\/div>\n\t<\/div>\n\t<!-- sd-tour-item -->\n<\/div>\n<div class=\"clearfix visible-md-block visible-lg-block sd-separate-rows\"><\/div><div class=\"clearfix visible-sm-block sd-separate-rows\"><\/div><div class=\"clearfix visible-xs-block sd-separate-rows\"><\/div><div class=\"col-md-3 col-sm-4 col-xs-12 sd-loop-class post-1041 product type-product status-publish has-post-thumbnail hentry product_cat-monumentos product_cat-tour-en-la-ciudad destination-sevilla tour-month-abril tour-month-agosto tour-month-diciembre tour-month-enero tour-month-febrero tour-month-julio tour-month-junio tour-month-marzo tour-month-mayo tour-month-noviembre tour-month-octubre tour-month-septiembre tour-type-tour-ciudad\">\n\t<div class=\"sd-tour-item\">\n\t\t<div class=\"sd-tour-item-thumb\"><img src=\"https:\/\/www.persimmontravels.com\/wp-content\/uploads\/2020\/03\/Plaza-Espana-Sevilla-300x300.jpg\" class=\"attachment-shop_catalog size-shop_catalog wp-post-image\" alt=\"\" decoding=\"async\" loading=\"lazy\" srcset=\"https:\/\/www.persimmontravels.com\/wp-content\/uploads\/2020\/03\/Plaza-Espana-Sevilla-300x300.jpg 300w, https:\/\/www.persimmontravels.com\/wp-content\/uploads\/2020\/03\/Plaza-Espana-Sevilla-150x150.jpg 150w, https:\/\/www.persimmontravels.com\/wp-content\/uploads\/2020\/03\/Plaza-Espana-Sevilla-189x189.jpg 189w, https:\/\/www.persimmontravels.com\/wp-content\/uploads\/2020\/03\/Plaza-Espana-Sevilla-88x88.jpg 88w, https:\/\/www.persimmontravels.com\/wp-content\/uploads\/2020\/03\/Plaza-Espana-Sevilla-213x213.jpg 213w, https:\/\/www.persimmontravels.com\/wp-content\/uploads\/2020\/03\/Plaza-Espana-Sevilla-100x100.jpg 100w\" sizes=\"(max-width: 300px) 100vw, 300px\" \/><\/div><\/a>\t\t<div class=\"sd-tour-item-content-wrap\">\n\t\t\t<h3>\n\t\t\t\t<a href=\"https:\/\/www.persimmontravels.com\/es\/producto\/tour-alcazar-palacio-real-sevilla\/\" title=\"Tour Alcazar-Palacio Real\" rel=\"bookmark\">\n\t\t\t\t\tTour Alcazar-Palacio Real\t\t\t\t<\/a>\n\t\t\t<\/h3>\n\t\t\t<span class=\"sd-tour-days\">\n\t\t\t\t \t\t\t<\/span>\n\t\t\t<!-- sd-tour-days -->\n\t\t\t\n\t\t\t\t\t\t\n\t\t\t\t<div class=\"sd-stars\">\n\t\t\t\t\t\t\t\t\t<\/div>\n\t\t\t\t\t\t\t\t\t<div class=\"clearfix\"><\/div>\n\t\t\t\t\t\t\n\t\t\t<div class=\"sd-tour-excerpt\">\n\t\t\t\t<p><\/p>\n\t\t\t<\/div>\n\t\t\t<!-- sd-tour-excerpt -->\n\t\t\t\n\t\t\t<div class=\"sd-tour-price\">\n\t\t\t\t<!-- <span>From: <\/span>-->\t\t\t<\/div>\n\t\t\t<!-- sd-tour-price -->\n\t\t<\/div>\n\t<\/div>\n\t<!-- sd-tour-item -->\n<\/div>\n<div class=\"clearfix visible-md-block visible-lg-block sd-separate-rows\"><\/div><div class=\"clearfix visible-sm-block sd-separate-rows\"><\/div><div class=\"clearfix visible-xs-block sd-separate-rows\"><\/div><div class=\"col-md-3 col-sm-4 col-xs-12 sd-loop-class post-1789 product type-product status-publish has-post-thumbnail hentry product_cat-activitividades product_cat-expectaculos product_cat-tour-en-la-ciudad product_cat-uncategorized-es product_tag-flamenco-es product_tag-flamenco-dinner-es product_tag-tour-es destination-sevilla tour-month-abril tour-month-agosto tour-month-diciembre tour-month-enero tour-month-febrero tour-month-julio tour-month-junio tour-month-marzo tour-month-mayo tour-month-noviembre tour-month-octubre tour-month-septiembre tour-type-actividades tour-type-tour-ciudad\">\n\t<div class=\"sd-tour-item\">\n\t\t<div class=\"sd-tour-item-thumb\"><img src=\"https:\/\/www.persimmontravels.com\/wp-content\/uploads\/2020\/12\/TOUR-FLAMENCO-TRIANA-PURA-ESENCIA-FLAMENCO-SHOW-1-300x300.jpg\" class=\"attachment-shop_catalog size-shop_catalog wp-post-image\" alt=\"Flamenco Tour\" decoding=\"async\" loading=\"lazy\" srcset=\"https:\/\/www.persimmontravels.com\/wp-content\/uploads\/2020\/12\/TOUR-FLAMENCO-TRIANA-PURA-ESENCIA-FLAMENCO-SHOW-1-300x300.jpg 300w, https:\/\/www.persimmontravels.com\/wp-content\/uploads\/2020\/12\/TOUR-FLAMENCO-TRIANA-PURA-ESENCIA-FLAMENCO-SHOW-1-150x150.jpg 150w, https:\/\/www.persimmontravels.com\/wp-content\/uploads\/2020\/12\/TOUR-FLAMENCO-TRIANA-PURA-ESENCIA-FLAMENCO-SHOW-1-189x189.jpg 189w, https:\/\/www.persimmontravels.com\/wp-content\/uploads\/2020\/12\/TOUR-FLAMENCO-TRIANA-PURA-ESENCIA-FLAMENCO-SHOW-1-88x88.jpg 88w, https:\/\/www.persimmontravels.com\/wp-content\/uploads\/2020\/12\/TOUR-FLAMENCO-TRIANA-PURA-ESENCIA-FLAMENCO-SHOW-1-213x213.jpg 213w, https:\/\/www.persimmontravels.com\/wp-content\/uploads\/2020\/12\/TOUR-FLAMENCO-TRIANA-PURA-ESENCIA-FLAMENCO-SHOW-1-100x100.jpg 100w\" sizes=\"(max-width: 300px) 100vw, 300px\" \/><\/div><\/a>\t\t<div class=\"sd-tour-item-content-wrap\">\n\t\t\t<h3>\n\t\t\t\t<a href=\"https:\/\/www.persimmontravels.com\/es\/producto\/tour-flamenco-pura-esencia\/\" title=\"Tour Flamenco : Pura Esencia Flamenco Show+Tour de Flamenco por el Barrio Triana\" rel=\"bookmark\">\n\t\t\t\t\tTour Flamenco : Pura Esencia Flamenco Show+Tour de Flamenco por el Barrio Triana\t\t\t\t<\/a>\n\t\t\t<\/h3>\n\t\t\t<span class=\"sd-tour-days\">\n\t\t\t\t \t\t\t<\/span>\n\t\t\t<!-- sd-tour-days -->\n\t\t\t\n\t\t\t\t\t\t\n\t\t\t\t<div class=\"sd-stars\">\n\t\t\t\t\t\t\t\t\t<\/div>\n\t\t\t\t\t\t\t\t\t<div class=\"clearfix\"><\/div>\n\t\t\t\t\t\t\n\t\t\t<div class=\"sd-tour-excerpt\">\n\t\t\t\t<p><\/p>\n\t\t\t<\/div>\n\t\t\t<!-- sd-tour-excerpt -->\n\t\t\t\n\t\t\t<div class=\"sd-tour-price\">\n\t\t\t\t<!-- <span>From: <\/span>-->\t\t\t<\/div>\n\t\t\t<!-- sd-tour-price -->\n\t\t<\/div>\n\t<\/div>\n\t<!-- sd-tour-item -->\n<\/div>\n<div class=\"clearfix visible-md-block visible-lg-block sd-separate-rows\"><\/div><div class=\"clearfix visible-sm-block sd-separate-rows\"><\/div><div class=\"clearfix visible-xs-block sd-separate-rows\"><\/div><div class=\"col-md-3 col-sm-4 col-xs-12 sd-loop-class post-11903 product type-product status-publish has-post-thumbnail hentry product_cat-grandes-viajes\">\n\t<div class=\"sd-tour-item\">\n\t\t<div class=\"sd-tour-item-thumb\"><img src=\"https:\/\/www.persimmontravels.com\/wp-content\/uploads\/2023\/09\/Post-FB-Venecia1.png\" class=\"attachment-shop_catalog size-shop_catalog wp-post-image\" alt=\"\" decoding=\"async\" loading=\"lazy\" srcset=\"https:\/\/www.persimmontravels.com\/wp-content\/uploads\/2023\/09\/Post-FB-Venecia1.png 940w, https:\/\/www.persimmontravels.com\/wp-content\/uploads\/2023\/09\/Post-FB-Venecia1-300x251.png 300w, https:\/\/www.persimmontravels.com\/wp-content\/uploads\/2023\/09\/Post-FB-Venecia1-768x644.png 768w, https:\/\/www.persimmontravels.com\/wp-content\/uploads\/2023\/09\/Post-FB-Venecia1-600x503.png 600w\" sizes=\"(max-width: 940px) 100vw, 940px\" \/><\/div><\/a>\t\t<div class=\"sd-tour-item-content-wrap\">\n\t\t\t<h3>\n\t\t\t\t<a href=\"https:\/\/www.persimmontravels.com\/es\/producto\/viaje-a-venecia-3-noches\/\" title=\"Venecia&#8230;arte, historia y cultura en tres d\u00edas.\" rel=\"bookmark\">\n\t\t\t\t\tVenecia&#8230;arte, historia y cultura en tres d\u00edas.\t\t\t\t<\/a>\n\t\t\t<\/h3>\n\t\t\t<span class=\"sd-tour-days\">\n\t\t\t\t \t\t\t<\/span>\n\t\t\t<!-- sd-tour-days -->\n\t\t\t\n\t\t\t\t\t\t\n\t\t\t\t<div class=\"sd-stars\">\n\t\t\t\t\t\t\t\t\t<\/div>\n\t\t\t\t\t\t\t\t\t<div class=\"clearfix\"><\/div>\n\t\t\t\t\t\t<div class=\"sd-tour-icons\">\n\t\t\t\t<span data-tooltip=\"\"><img src=\"https:\/\/www.persimmontravels.com\/wp-content\/themes\/travelpress\/framework\/images\/metabox\/plane-icon.png\" alt=\"\" title=\"\" \/><\/span><span data-tooltip=\"\"><img src=\"https:\/\/www.persimmontravels.com\/wp-content\/themes\/travelpress\/framework\/images\/metabox\/ship-icon.png\" alt=\"\" title=\"\" \/><\/span>\t\t\t<\/div>\n\t\t\t<!-- sd-tour-icons -->\n\t\t\t\t\t\t\n\t\t\t<div class=\"sd-tour-excerpt\">\n\t\t\t\t<p><\/p>\n\t\t\t<\/div>\n\t\t\t<!-- sd-tour-excerpt -->\n\t\t\t\n\t\t\t<div class=\"sd-tour-price\">\n\t\t\t\t<!-- <span>From: <\/span>-->\t\t\t<\/div>\n\t\t\t<!-- sd-tour-price -->\n\t\t<\/div>\n\t<\/div>\n\t<!-- sd-tour-item -->\n<\/div>\n<div class=\"clearfix visible-md-block visible-lg-block sd-separate-rows\"><\/div><div class=\"clearfix visible-sm-block sd-separate-rows\"><\/div><div class=\"clearfix visible-xs-block sd-separate-rows\"><\/div><div class=\"col-md-3 col-sm-4 col-xs-12 sd-loop-class post-11775 product type-product status-publish has-post-thumbnail hentry product_cat-grandes-viajes\">\n\t<div class=\"sd-tour-item\">\n\t\t<div class=\"sd-tour-item-thumb\"><img src=\"https:\/\/www.persimmontravels.com\/wp-content\/uploads\/2023\/08\/Egipto-oferta-agosto.png\" class=\"attachment-shop_catalog size-shop_catalog wp-post-image\" alt=\"Paquetes egipto con crucero\" decoding=\"async\" loading=\"lazy\" srcset=\"https:\/\/www.persimmontravels.com\/wp-content\/uploads\/2023\/08\/Egipto-oferta-agosto.png 940w, https:\/\/www.persimmontravels.com\/wp-content\/uploads\/2023\/08\/Egipto-oferta-agosto-300x251.png 300w, https:\/\/www.persimmontravels.com\/wp-content\/uploads\/2023\/08\/Egipto-oferta-agosto-768x644.png 768w, https:\/\/www.persimmontravels.com\/wp-content\/uploads\/2023\/08\/Egipto-oferta-agosto-600x503.png 600w\" sizes=\"(max-width: 940px) 100vw, 940px\" \/><\/div><\/a>\t\t<div class=\"sd-tour-item-content-wrap\">\n\t\t\t<h3>\n\t\t\t\t<a href=\"https:\/\/www.persimmontravels.com\/es\/producto\/viaje-a-egipto-3-noches-en-crucero-septiembre-2023-a-marzo-2024-salida-madrid-malaga-valencia-copy\/\" title=\"Viaje a Egipto 3 noches en crucero (Septiembre 2023 a Marzo 2024) Salida Madrid, M\u00e1laga, Valencia (Copy)\" rel=\"bookmark\">\n\t\t\t\t\tViaje a Egipto 3 noches en crucero (Septiembre 2023 a Marzo 2024) Salida Madrid, M\u00e1laga, Valencia (Copy)\t\t\t\t<\/a>\n\t\t\t<\/h3>\n\t\t\t<span class=\"sd-tour-days\">\n\t\t\t\t \t\t\t<\/span>\n\t\t\t<!-- sd-tour-days -->\n\t\t\t\n\t\t\t\t\t\t\n\t\t\t\t<div class=\"sd-stars\">\n\t\t\t\t\t\t\t\t\t<\/div>\n\t\t\t\t\t\t\t\t\t<div class=\"clearfix\"><\/div>\n\t\t\t\t\t\t<div class=\"sd-tour-icons\">\n\t\t\t\t<span data-tooltip=\"\"><img src=\"https:\/\/www.persimmontravels.com\/wp-content\/themes\/travelpress\/framework\/images\/metabox\/plane-icon.png\" alt=\"\" title=\"\" \/><\/span><span data-tooltip=\"\"><img src=\"https:\/\/www.persimmontravels.com\/wp-content\/themes\/travelpress\/framework\/images\/metabox\/ship-icon.png\" alt=\"\" title=\"\" \/><\/span>\t\t\t<\/div>\n\t\t\t<!-- sd-tour-icons -->\n\t\t\t\t\t\t\n\t\t\t<div class=\"sd-tour-excerpt\">\n\t\t\t\t<p><\/p>\n\t\t\t<\/div>\n\t\t\t<!-- sd-tour-excerpt -->\n\t\t\t\n\t\t\t<div class=\"sd-tour-price\">\n\t\t\t\t<!-- <span>From: <\/span>-->\t\t\t<\/div>\n\t\t\t<!-- sd-tour-price -->\n\t\t<\/div>\n\t<\/div>\n\t<!-- sd-tour-item -->\n<\/div>\n<div class=\"clearfix visible-md-block visible-lg-block sd-separate-rows\"><\/div><div class=\"clearfix visible-sm-block sd-separate-rows\"><\/div><div class=\"clearfix visible-xs-block sd-separate-rows\"><\/div><div class=\"col-md-3 col-sm-4 col-xs-12 sd-loop-class post-11905 product type-product status-publish has-post-thumbnail hentry product_cat-grandes-viajes\">\n\t<div class=\"sd-tour-item\">\n\t\t<div class=\"sd-tour-item-thumb\"><img src=\"https:\/\/www.persimmontravels.com\/wp-content\/uploads\/2023\/09\/cabecera-sin-oferta.png\" class=\"attachment-shop_catalog size-shop_catalog wp-post-image\" alt=\"egipto barato\" decoding=\"async\" loading=\"lazy\" srcset=\"https:\/\/www.persimmontravels.com\/wp-content\/uploads\/2023\/09\/cabecera-sin-oferta.png 940w, https:\/\/www.persimmontravels.com\/wp-content\/uploads\/2023\/09\/cabecera-sin-oferta-300x251.png 300w, https:\/\/www.persimmontravels.com\/wp-content\/uploads\/2023\/09\/cabecera-sin-oferta-768x644.png 768w, https:\/\/www.persimmontravels.com\/wp-content\/uploads\/2023\/09\/cabecera-sin-oferta-600x503.png 600w\" sizes=\"(max-width: 940px) 100vw, 940px\" \/><\/div><\/a>\t\t<div class=\"sd-tour-item-content-wrap\">\n\t\t\t<h3>\n\t\t\t\t<a href=\"https:\/\/www.persimmontravels.com\/es\/producto\/viaje-a-egipto-4-noches-en-crucero-septiembre-2023-a-marzo-2024-salida-madrid\/\" title=\"Viaje a Egipto 4 noches en crucero (Septiembre 2023 a Marzo 2024) Salida Madrid\" rel=\"bookmark\">\n\t\t\t\t\tViaje a Egipto 4 noches en crucero (Septiembre 2023 a Marzo 2024) Salida Madrid\t\t\t\t<\/a>\n\t\t\t<\/h3>\n\t\t\t<span class=\"sd-tour-days\">\n\t\t\t\t \t\t\t<\/span>\n\t\t\t<!-- sd-tour-days -->\n\t\t\t\n\t\t\t\t\t\t\n\t\t\t\t<div class=\"sd-stars\">\n\t\t\t\t\t\t\t\t\t<\/div>\n\t\t\t\t\t\t\t\t\t<div class=\"clearfix\"><\/div>\n\t\t\t\t\t\t<div class=\"sd-tour-icons\">\n\t\t\t\t<span data-tooltip=\"\"><img src=\"https:\/\/www.persimmontravels.com\/wp-content\/themes\/travelpress\/framework\/images\/metabox\/plane-icon.png\" alt=\"\" title=\"\" \/><\/span><span data-tooltip=\"\"><img src=\"https:\/\/www.persimmontravels.com\/wp-content\/themes\/travelpress\/framework\/images\/metabox\/ship-icon.png\" alt=\"\" title=\"\" \/><\/span>\t\t\t<\/div>\n\t\t\t<!-- sd-tour-icons -->\n\t\t\t\t\t\t\n\t\t\t<div class=\"sd-tour-excerpt\">\n\t\t\t\t<p><\/p>\n\t\t\t<\/div>\n\t\t\t<!-- sd-tour-excerpt -->\n\t\t\t\n\t\t\t<div class=\"sd-tour-price\">\n\t\t\t\t<!-- <span>From: <\/span>-->\t\t\t<\/div>\n\t\t\t<!-- sd-tour-price -->\n\t\t<\/div>\n\t<\/div>\n\t<!-- sd-tour-item -->\n<\/div>\n<div class=\"clearfix visible-md-block visible-lg-block sd-separate-rows\"><\/div><div class=\"clearfix visible-sm-block sd-separate-rows\"><\/div><div class=\"clearfix visible-xs-block sd-separate-rows\"><\/div><div class=\"col-md-3 col-sm-4 col-xs-12 sd-loop-class post-11628 product type-product status-publish has-post-thumbnail hentry product_cat-grandes-viajes destination-madrid tour-type-grandes-viajes\">\n\t<div class=\"sd-tour-item\">\n\t\t<div class=\"sd-tour-item-thumb\"><img src=\"https:\/\/www.persimmontravels.com\/wp-content\/uploads\/2023\/08\/Jordania-1.png\" class=\"attachment-shop_catalog size-shop_catalog wp-post-image\" alt=\"viajes a jordania baratos\" decoding=\"async\" loading=\"lazy\" srcset=\"https:\/\/www.persimmontravels.com\/wp-content\/uploads\/2023\/08\/Jordania-1.png 940w, https:\/\/www.persimmontravels.com\/wp-content\/uploads\/2023\/08\/Jordania-1-300x251.png 300w, https:\/\/www.persimmontravels.com\/wp-content\/uploads\/2023\/08\/Jordania-1-768x644.png 768w, https:\/\/www.persimmontravels.com\/wp-content\/uploads\/2023\/08\/Jordania-1-600x503.png 600w\" sizes=\"(max-width: 940px) 100vw, 940px\" \/><\/div><\/a>\t\t<div class=\"sd-tour-item-content-wrap\">\n\t\t\t<h3>\n\t\t\t\t<a href=\"https:\/\/www.persimmontravels.com\/es\/producto\/viaje-a-jordania-desde-madrid-octubre-2023\/\" title=\"Viaje a Jordania desde Madrid (Octubre 2023)\" rel=\"bookmark\">\n\t\t\t\t\tViaje a Jordania desde Madrid (Octubre 2023)\t\t\t\t<\/a>\n\t\t\t<\/h3>\n\t\t\t<span class=\"sd-tour-days\">\n\t\t\t\t \t\t\t<\/span>\n\t\t\t<!-- sd-tour-days -->\n\t\t\t\n\t\t\t\t\t\t\n\t\t\t\t<div class=\"sd-stars\">\n\t\t\t\t\t\t\t\t\t<\/div>\n\t\t\t\t\t\t\t\t\t<div class=\"clearfix\"><\/div>\n\t\t\t\t\t\t<div class=\"sd-tour-icons\">\n\t\t\t\t<span data-tooltip=\"\"><img src=\"https:\/\/www.persimmontravels.com\/wp-content\/themes\/travelpress\/framework\/images\/metabox\/plane-icon.png\" alt=\"\" title=\"\" \/><\/span><span data-tooltip=\"\"><img src=\"https:\/\/www.persimmontravels.com\/wp-content\/themes\/travelpress\/framework\/images\/metabox\/scuba-icon.png\" alt=\"\" title=\"\" \/><\/span>\t\t\t<\/div>\n\t\t\t<!-- sd-tour-icons -->\n\t\t\t\t\t\t\n\t\t\t<div class=\"sd-tour-excerpt\">\n\t\t\t\t<p><\/p>\n\t\t\t<\/div>\n\t\t\t<!-- sd-tour-excerpt -->\n\t\t\t\n\t\t\t<div class=\"sd-tour-price\">\n\t\t\t\t<!-- <span>From: <\/span>-->\t\t\t<\/div>\n\t\t\t<!-- sd-tour-price -->\n\t\t<\/div>\n\t<\/div>\n\t<!-- sd-tour-item -->\n<\/div>\n<div class=\"clearfix visible-md-block visible-lg-block sd-separate-rows\"><\/div><div class=\"clearfix visible-sm-block sd-separate-rows\"><\/div><div class=\"clearfix visible-xs-block sd-separate-rows\"><\/div><div class=\"col-md-3 col-sm-4 col-xs-12 sd-loop-class post-12138 product type-product status-publish has-post-thumbnail hentry product_cat-tour-en-la-ciudad product_tag-madrid product_tag-puente-del-pilar product_tag-tren destination-madrid tour-month-octubre tour-type-pequenos-viajes\">\n\t<div class=\"sd-tour-item\">\n\t\t<div class=\"sd-tour-item-thumb\"><img src=\"https:\/\/www.persimmontravels.com\/wp-content\/uploads\/2023\/09\/8.jpeg\" class=\"attachment-shop_catalog size-shop_catalog wp-post-image\" alt=\"\" decoding=\"async\" loading=\"lazy\" srcset=\"https:\/\/www.persimmontravels.com\/wp-content\/uploads\/2023\/09\/8.jpeg 309w, https:\/\/www.persimmontravels.com\/wp-content\/uploads\/2023\/09\/8-300x227.jpeg 300w\" sizes=\"(max-width: 309px) 100vw, 309px\" \/><\/div><\/a>\t\t<div class=\"sd-tour-item-content-wrap\">\n\t\t\t<h3>\n\t\t\t\t<a href=\"https:\/\/www.persimmontravels.com\/es\/producto\/viaje-a-madrid-3-noches-tren-hotel-12-al-15-de-octubre-2023-salida-sevilla\/\" title=\"Viaje a Madrid 3 noches. Tren + Hotel (12 al 15 de Octubre 2023) Salida Sevilla\" rel=\"bookmark\">\n\t\t\t\t\tViaje a Madrid 3 noches. Tren + Hotel (12 al 15 de Octubre 2023) Salida Sevilla\t\t\t\t<\/a>\n\t\t\t<\/h3>\n\t\t\t<span class=\"sd-tour-days\">\n\t\t\t\t \t\t\t<\/span>\n\t\t\t<!-- sd-tour-days -->\n\t\t\t\n\t\t\t\t\t\t\n\t\t\t\t<div class=\"sd-stars\">\n\t\t\t\t\t\t\t\t\t<\/div>\n\t\t\t\t\t\t\t\t\t<div class=\"clearfix\"><\/div>\n\t\t\t\t\t\t<div class=\"sd-tour-icons\">\n\t\t\t\t<span data-tooltip=\"\"><img src=\"https:\/\/www.persimmontravels.com\/wp-content\/themes\/travelpress\/framework\/images\/metabox\/plane-icon.png\" alt=\"\" title=\"\" \/><\/span><span data-tooltip=\"\"><img src=\"https:\/\/www.persimmontravels.com\/wp-content\/themes\/travelpress\/framework\/images\/metabox\/ship-icon.png\" alt=\"\" title=\"\" \/><\/span>\t\t\t<\/div>\n\t\t\t<!-- sd-tour-icons -->\n\t\t\t\t\t\t\n\t\t\t<div class=\"sd-tour-excerpt\">\n\t\t\t\t<p><\/p>\n\t\t\t<\/div>\n\t\t\t<!-- sd-tour-excerpt -->\n\t\t\t\n\t\t\t<div class=\"sd-tour-price\">\n\t\t\t\t<!-- <span>From: <\/span>-->\t\t\t<\/div>\n\t\t\t<!-- sd-tour-price -->\n\t\t<\/div>\n\t<\/div>\n\t<!-- sd-tour-item -->\n<\/div>\n<div class=\"clearfix visible-md-block visible-lg-block sd-separate-rows\"><\/div><div class=\"clearfix visible-sm-block sd-separate-rows\"><\/div><div class=\"clearfix visible-xs-block sd-separate-rows\"><\/div><div class=\"col-md-3 col-sm-4 col-xs-12 sd-loop-class post-10959 product type-product status-publish has-post-thumbnail hentry product_cat-aventura destination-malaga destination-cadiz destination-madrid destination-sevilla tour-month-octubre tour-type-aventures tour-type-pequenos-viajes\">\n\t<div class=\"sd-tour-item\">\n\t\t<div class=\"sd-tour-item-thumb\"><img src=\"https:\/\/www.persimmontravels.com\/wp-content\/uploads\/2023\/08\/puente-de-diciembre-marrruecos.jpeg\" class=\"attachment-shop_catalog size-shop_catalog wp-post-image\" alt=\"\" decoding=\"async\" loading=\"lazy\" srcset=\"https:\/\/www.persimmontravels.com\/wp-content\/uploads\/2023\/08\/puente-de-diciembre-marrruecos.jpeg 1080w, https:\/\/www.persimmontravels.com\/wp-content\/uploads\/2023\/08\/puente-de-diciembre-marrruecos-300x300.jpeg 300w, https:\/\/www.persimmontravels.com\/wp-content\/uploads\/2023\/08\/puente-de-diciembre-marrruecos-1024x1024.jpeg 1024w, https:\/\/www.persimmontravels.com\/wp-content\/uploads\/2023\/08\/puente-de-diciembre-marrruecos-150x150.jpeg 150w, https:\/\/www.persimmontravels.com\/wp-content\/uploads\/2023\/08\/puente-de-diciembre-marrruecos-768x768.jpeg 768w, https:\/\/www.persimmontravels.com\/wp-content\/uploads\/2023\/08\/puente-de-diciembre-marrruecos-189x189.jpeg 189w, https:\/\/www.persimmontravels.com\/wp-content\/uploads\/2023\/08\/puente-de-diciembre-marrruecos-88x88.jpeg 88w, https:\/\/www.persimmontravels.com\/wp-content\/uploads\/2023\/08\/puente-de-diciembre-marrruecos-213x213.jpeg 213w, https:\/\/www.persimmontravels.com\/wp-content\/uploads\/2023\/08\/puente-de-diciembre-marrruecos-600x600.jpeg 600w, https:\/\/www.persimmontravels.com\/wp-content\/uploads\/2023\/08\/puente-de-diciembre-marrruecos-100x100.jpeg 100w\" sizes=\"(max-width: 1080px) 100vw, 1080px\" \/><\/div><\/a>\t\t<div class=\"sd-tour-item-content-wrap\">\n\t\t\t<h3>\n\t\t\t\t<a href=\"https:\/\/www.persimmontravels.com\/es\/producto\/viaje-al-norte-de-marruecos-rif-3-dias\/\" title=\"Viaje al Norte de Marruecos  8, 9 y 10 de Diciembre (Rif-3 d\u00edas\/2 noches) 280\u20ac\" rel=\"bookmark\">\n\t\t\t\t\tViaje al Norte de Marruecos  8, 9 y 10 de Diciembre (Rif-3 d\u00edas\/2 noches) 280\u20ac\t\t\t\t<\/a>\n\t\t\t<\/h3>\n\t\t\t<span class=\"sd-tour-days\">\n\t\t\t\t \t\t\t<\/span>\n\t\t\t<!-- sd-tour-days -->\n\t\t\t\n\t\t\t\t\t\t\n\t\t\t\t<div class=\"sd-stars\">\n\t\t\t\t\t\t\t\t\t<\/div>\n\t\t\t\t\t\t\t\t\t<div class=\"clearfix\"><\/div>\n\t\t\t\t\t\t<div class=\"sd-tour-icons\">\n\t\t\t\t<span data-tooltip=\"\"><img src=\"https:\/\/www.persimmontravels.com\/wp-content\/themes\/travelpress\/framework\/images\/metabox\/backpack-icon.png\" alt=\"\" title=\"\" \/><\/span>\t\t\t<\/div>\n\t\t\t<!-- sd-tour-icons -->\n\t\t\t\t\t\t\n\t\t\t<div class=\"sd-tour-excerpt\">\n\t\t\t\t<p><\/p>\n\t\t\t<\/div>\n\t\t\t<!-- sd-tour-excerpt -->\n\t\t\t\n\t\t\t<div class=\"sd-tour-price\">\n\t\t\t\t<!-- <span>From: <\/span>-->\t\t\t<\/div>\n\t\t\t<!-- sd-tour-price -->\n\t\t<\/div>\n\t<\/div>\n\t<!-- sd-tour-item -->\n<\/div>\n<div class=\"clearfix visible-md-block visible-lg-block sd-separate-rows\"><\/div><div class=\"clearfix visible-sm-block sd-separate-rows\"><\/div><div class=\"clearfix visible-xs-block sd-separate-rows\"><\/div><div class=\"col-md-3 col-sm-4 col-xs-12 sd-loop-class post-11115 product type-product status-publish has-post-thumbnail hentry product_cat-aventura product_cat-pequenos-viajes product_tag-aventuras product_tag-kayak product_tag-pequenos-viajes destination-cadiz destination-cordoba destination-sevilla tour-month-abril tour-month-agosto tour-month-diciembre tour-month-enero tour-month-febrero tour-month-julio tour-month-junio tour-month-marzo tour-month-mayo tour-month-noviembre tour-month-octubre tour-month-septiembre tour-type-pequenos-viajes\">\n\t<div class=\"sd-tour-item\">\n\t\t<div class=\"sd-tour-item-thumb\"><img src=\"https:\/\/www.persimmontravels.com\/wp-content\/uploads\/2023\/08\/Screenshot_2023-08-16-09-56-18-17_6012fa4d4ddec268fc5c7112cbb265e7-01.jpeg\" class=\"attachment-shop_catalog size-shop_catalog wp-post-image\" alt=\"Kayak Sevilla\" decoding=\"async\" loading=\"lazy\" srcset=\"https:\/\/www.persimmontravels.com\/wp-content\/uploads\/2023\/08\/Screenshot_2023-08-16-09-56-18-17_6012fa4d4ddec268fc5c7112cbb265e7-01.jpeg 900w, https:\/\/www.persimmontravels.com\/wp-content\/uploads\/2023\/08\/Screenshot_2023-08-16-09-56-18-17_6012fa4d4ddec268fc5c7112cbb265e7-01-300x162.jpeg 300w, https:\/\/www.persimmontravels.com\/wp-content\/uploads\/2023\/08\/Screenshot_2023-08-16-09-56-18-17_6012fa4d4ddec268fc5c7112cbb265e7-01-768x415.jpeg 768w, https:\/\/www.persimmontravels.com\/wp-content\/uploads\/2023\/08\/Screenshot_2023-08-16-09-56-18-17_6012fa4d4ddec268fc5c7112cbb265e7-01-600x324.jpeg 600w\" sizes=\"(max-width: 900px) 100vw, 900px\" \/><\/div><\/a>\t\t<div class=\"sd-tour-item-content-wrap\">\n\t\t\t<h3>\n\t\t\t\t<a href=\"https:\/\/www.persimmontravels.com\/es\/producto\/viaje-de-aventura-al-algarve-portugues-2-noches-3-dias\/\" title=\"Viaje de Aventura al Algarve Portugues (2 noches\/3 d\u00edas)\" rel=\"bookmark\">\n\t\t\t\t\tViaje de Aventura al Algarve Portugues (2 noches\/3 d\u00edas)\t\t\t\t<\/a>\n\t\t\t<\/h3>\n\t\t\t<span class=\"sd-tour-days\">\n\t\t\t\t \t\t\t<\/span>\n\t\t\t<!-- sd-tour-days -->\n\t\t\t\n\t\t\t\t\t\t\n\t\t\t\t<div class=\"sd-stars\">\n\t\t\t\t\t\t\t\t\t<\/div>\n\t\t\t\t\t\t\t\t\t<div class=\"clearfix\"><\/div>\n\t\t\t\t\t\t<div class=\"sd-tour-icons\">\n\t\t\t\t<span data-tooltip=\"\"><img src=\"https:\/\/www.persimmontravels.com\/wp-content\/themes\/travelpress\/framework\/images\/metabox\/boat-icon.png\" alt=\"\" title=\"\" \/><\/span>\t\t\t<\/div>\n\t\t\t<!-- sd-tour-icons -->\n\t\t\t\t\t\t\n\t\t\t<div class=\"sd-tour-excerpt\">\n\t\t\t\t<p><\/p>\n\t\t\t<\/div>\n\t\t\t<!-- sd-tour-excerpt -->\n\t\t\t\n\t\t\t<div class=\"sd-tour-price\">\n\t\t\t\t<!-- <span>From: <\/span>-->\t\t\t<\/div>\n\t\t\t<!-- sd-tour-price -->\n\t\t<\/div>\n\t<\/div>\n\t<!-- sd-tour-item -->\n<\/div>\n<div class=\"clearfix visible-md-block visible-lg-block sd-separate-rows\"><\/div><div class=\"clearfix visible-sm-block sd-separate-rows\"><\/div><div class=\"clearfix visible-xs-block sd-separate-rows\"><\/div><div class=\"col-md-3 col-sm-4 col-xs-12 sd-loop-class post-776 product type-product status-publish has-post-thumbnail hentry product_cat-uncategorized-es product_tag-restaurants-es product_tag-seville-es destination-sevilla tour-month-abril tour-month-agosto tour-month-diciembre tour-month-enero tour-month-febrero tour-month-julio tour-month-junio tour-month-marzo tour-month-mayo tour-month-noviembre tour-month-octubre tour-month-septiembre tour-type-restaurants-bars-es\">\n\t<div class=\"sd-tour-item\">\n\t\t<div class=\"sd-tour-item-thumb\"><img src=\"https:\/\/www.persimmontravels.com\/wp-content\/uploads\/2020\/04\/WhatsApp-Image-2019-11-12-at-18.41.46-1-300x300.jpeg\" class=\"attachment-shop_catalog size-shop_catalog wp-post-image\" alt=\"\" decoding=\"async\" loading=\"lazy\" srcset=\"https:\/\/www.persimmontravels.com\/wp-content\/uploads\/2020\/04\/WhatsApp-Image-2019-11-12-at-18.41.46-1-300x300.jpeg 300w, https:\/\/www.persimmontravels.com\/wp-content\/uploads\/2020\/04\/WhatsApp-Image-2019-11-12-at-18.41.46-1-150x150.jpeg 150w, https:\/\/www.persimmontravels.com\/wp-content\/uploads\/2020\/04\/WhatsApp-Image-2019-11-12-at-18.41.46-1-189x189.jpeg 189w, https:\/\/www.persimmontravels.com\/wp-content\/uploads\/2020\/04\/WhatsApp-Image-2019-11-12-at-18.41.46-1-88x88.jpeg 88w, https:\/\/www.persimmontravels.com\/wp-content\/uploads\/2020\/04\/WhatsApp-Image-2019-11-12-at-18.41.46-1-213x213.jpeg 213w, https:\/\/www.persimmontravels.com\/wp-content\/uploads\/2020\/04\/WhatsApp-Image-2019-11-12-at-18.41.46-1-100x100.jpeg 100w\" sizes=\"(max-width: 300px) 100vw, 300px\" \/><div class=\"sd-off-price sd-solout-text\"><span class=\"sd-sale-arrow\"> <\/span><span class=\"sd-sale-text  sd-sale-text-first\">SOLD OUT<\/span><\/div><!-- sd-off-price --><\/div><\/a>\t\t<div class=\"sd-tour-item-content-wrap\">\n\t\t\t<h3>\n\t\t\t\t<a href=\"https:\/\/www.persimmontravels.com\/es\/producto\/betis7-triana\/\" title=\"Betis7 (Triana)\" rel=\"bookmark\">\n\t\t\t\t\tBetis7 (Triana)\t\t\t\t<\/a>\n\t\t\t<\/h3>\n\t\t\t<span class=\"sd-tour-days\">\n\t\t\t\t \t\t\t<\/span>\n\t\t\t<!-- sd-tour-days -->\n\t\t\t\n\t\t\t\t\t\t\n\t\t\t\t<div class=\"sd-stars\">\n\t\t\t\t\t\t\t\t\t<\/div>\n\t\t\t\t\t\t\t\t\t<div class=\"clearfix\"><\/div>\n\t\t\t\t\t\t\n\t\t\t<div class=\"sd-tour-excerpt\">\n\t\t\t\t<p><\/p>\n\t\t\t<\/div>\n\t\t\t<!-- sd-tour-excerpt -->\n\t\t\t\n\t\t\t<div class=\"sd-tour-price\">\n\t\t\t\t<!-- <span>From: <\/span>-->\t\t\t<\/div>\n\t\t\t<!-- sd-tour-price -->\n\t\t<\/div>\n\t<\/div>\n\t<!-- sd-tour-item -->\n<\/div>\n<div class=\"clearfix visible-md-block visible-lg-block sd-separate-rows\"><\/div><div class=\"clearfix visible-sm-block sd-separate-rows\"><\/div><div class=\"clearfix visible-xs-block sd-separate-rows\"><\/div><div class=\"col-md-3 col-sm-4 col-xs-12 sd-loop-class post-874 product type-product status-publish has-post-thumbnail hentry product_cat-expectaculos product_cat-resturantsbars-es product_cat-uncategorized-es product_tag-cena product_tag-clases-de-flamenco product_tag-expectaculos product_tag-flamenco-es product_tag-seville-es destination-sevilla tour-month-abril tour-month-agosto tour-month-diciembre tour-month-enero tour-month-febrero tour-month-julio tour-month-junio tour-month-marzo tour-month-mayo tour-month-noviembre tour-month-octubre tour-month-septiembre tour-type-eventos-y-espectaculos\">\n\t<div class=\"sd-tour-item\">\n\t\t<div class=\"sd-tour-item-thumb\"><img src=\"https:\/\/www.persimmontravels.com\/wp-content\/uploads\/2020\/03\/DSC_0187-01-300x300.jpeg\" class=\"attachment-shop_catalog size-shop_catalog wp-post-image\" alt=\"\" decoding=\"async\" loading=\"lazy\" srcset=\"https:\/\/www.persimmontravels.com\/wp-content\/uploads\/2020\/03\/DSC_0187-01-300x300.jpeg 300w, https:\/\/www.persimmontravels.com\/wp-content\/uploads\/2020\/03\/DSC_0187-01-150x150.jpeg 150w, https:\/\/www.persimmontravels.com\/wp-content\/uploads\/2020\/03\/DSC_0187-01-189x189.jpeg 189w, https:\/\/www.persimmontravels.com\/wp-content\/uploads\/2020\/03\/DSC_0187-01-88x88.jpeg 88w, https:\/\/www.persimmontravels.com\/wp-content\/uploads\/2020\/03\/DSC_0187-01-213x213.jpeg 213w, https:\/\/www.persimmontravels.com\/wp-content\/uploads\/2020\/03\/DSC_0187-01-100x100.jpeg 100w\" sizes=\"(max-width: 300px) 100vw, 300px\" \/><\/div><\/a>\t\t<div class=\"sd-tour-item-content-wrap\">\n\t\t\t<h3>\n\t\t\t\t<a href=\"https:\/\/www.persimmontravels.com\/es\/producto\/flamenco-sevilla\/\" title=\"Pura Esencia Flamenco Sevilla\" rel=\"bookmark\">\n\t\t\t\t\tPura Esencia Flamenco Sevilla\t\t\t\t<\/a>\n\t\t\t<\/h3>\n\t\t\t<span class=\"sd-tour-days\">\n\t\t\t\t \t\t\t<\/span>\n\t\t\t<!-- sd-tour-days -->\n\t\t\t\n\t\t\t\t\t\t\n\t\t\t\t<div class=\"sd-stars\">\n\t\t\t\t\t\t\t\t\t<\/div>\n\t\t\t\t\t\t\t\t\t<div class=\"clearfix\"><\/div>\n\t\t\t\t\t\t\n\t\t\t<div class=\"sd-tour-excerpt\">\n\t\t\t\t<p><\/p>\n\t\t\t<\/div>\n\t\t\t<!-- sd-tour-excerpt -->\n\t\t\t\n\t\t\t<div class=\"sd-tour-price\">\n\t\t\t\t<!-- <span>From: <\/span>-->\t\t\t<\/div>\n\t\t\t<!-- sd-tour-price -->\n\t\t<\/div>\n\t<\/div>\n\t<!-- sd-tour-item -->\n<\/div>\n<div class=\"clearfix visible-md-block visible-lg-block sd-separate-rows\"><\/div><div class=\"clearfix visible-sm-block sd-separate-rows\"><\/div><div class=\"clearfix visible-xs-block sd-separate-rows\"><\/div><div class=\"col-md-3 col-sm-4 col-xs-12 sd-loop-class post-866 product type-product status-publish has-post-thumbnail hentry product_cat-resturantsbars-es product_tag-restaurants-es product_tag-seville-es destination-sevilla tour-month-abril tour-month-agosto tour-month-diciembre tour-month-enero tour-month-febrero tour-month-julio tour-month-junio tour-month-marzo tour-month-mayo tour-month-noviembre tour-month-octubre tour-month-septiembre tour-type-restaurants-bars-es\">\n\t<div class=\"sd-tour-item\">\n\t\t<div class=\"sd-tour-item-thumb\"><img src=\"https:\/\/www.persimmontravels.com\/wp-content\/uploads\/2020\/04\/62487857_2313545012044214_7734785987523379200_n-300x300.jpg\" class=\"attachment-shop_catalog size-shop_catalog wp-post-image\" alt=\"\" decoding=\"async\" loading=\"lazy\" srcset=\"https:\/\/www.persimmontravels.com\/wp-content\/uploads\/2020\/04\/62487857_2313545012044214_7734785987523379200_n-300x300.jpg 300w, https:\/\/www.persimmontravels.com\/wp-content\/uploads\/2020\/04\/62487857_2313545012044214_7734785987523379200_n-150x150.jpg 150w, https:\/\/www.persimmontravels.com\/wp-content\/uploads\/2020\/04\/62487857_2313545012044214_7734785987523379200_n-768x768.jpg 768w, https:\/\/www.persimmontravels.com\/wp-content\/uploads\/2020\/04\/62487857_2313545012044214_7734785987523379200_n-189x189.jpg 189w, https:\/\/www.persimmontravels.com\/wp-content\/uploads\/2020\/04\/62487857_2313545012044214_7734785987523379200_n-88x88.jpg 88w, https:\/\/www.persimmontravels.com\/wp-content\/uploads\/2020\/04\/62487857_2313545012044214_7734785987523379200_n-213x213.jpg 213w, https:\/\/www.persimmontravels.com\/wp-content\/uploads\/2020\/04\/62487857_2313545012044214_7734785987523379200_n-600x600.jpg 600w, https:\/\/www.persimmontravels.com\/wp-content\/uploads\/2020\/04\/62487857_2313545012044214_7734785987523379200_n-100x100.jpg 100w, https:\/\/www.persimmontravels.com\/wp-content\/uploads\/2020\/04\/62487857_2313545012044214_7734785987523379200_n.jpg 960w\" sizes=\"(max-width: 300px) 100vw, 300px\" \/><\/div><\/a>\t\t<div class=\"sd-tour-item-content-wrap\">\n\t\t\t<h3>\n\t\t\t\t<a href=\"https:\/\/www.persimmontravels.com\/es\/producto\/tgb-cristina-the-good-burguer\/\" title=\"TGB Cristina (The Good Burguer)\" rel=\"bookmark\">\n\t\t\t\t\tTGB Cristina (The Good Burguer)\t\t\t\t<\/a>\n\t\t\t<\/h3>\n\t\t\t<span class=\"sd-tour-days\">\n\t\t\t\t \t\t\t<\/span>\n\t\t\t<!-- sd-tour-days -->\n\t\t\t\n\t\t\t\t\t\t\n\t\t\t\t<div class=\"sd-stars\">\n\t\t\t\t\t\t\t\t\t<\/div>\n\t\t\t\t\t\t\t\t\t<div class=\"clearfix\"><\/div>\n\t\t\t\t\t\t\n\t\t\t<div class=\"sd-tour-excerpt\">\n\t\t\t\t<p><\/p>\n\t\t\t<\/div>\n\t\t\t<!-- sd-tour-excerpt -->\n\t\t\t\n\t\t\t<div class=\"sd-tour-price\">\n\t\t\t\t<!-- <span>From: <\/span>-->\t\t\t<\/div>\n\t\t\t<!-- sd-tour-price -->\n\t\t<\/div>\n\t<\/div>\n\t<!-- sd-tour-item -->\n<\/div>\n<div class=\"clearfix visible-md-block visible-lg-block sd-separate-rows\"><\/div><div class=\"clearfix visible-sm-block sd-separate-rows\"><\/div><div class=\"clearfix visible-xs-block sd-separate-rows\"><\/div><div class=\"col-md-3 col-sm-4 col-xs-12 sd-loop-class post-875 product type-product status-publish has-post-thumbnail hentry product_cat-monumentos product_cat-tour-en-la-ciudad product_cat-uncategorized-es product_tag-alcazar-es product_tag-catedral product_tag-monumentos product_tag-palacios-reales product_tag-seville-es product_tag-tour-de-ciudad destination-sevilla tour-month-abril tour-month-agosto tour-month-diciembre tour-month-enero tour-month-febrero tour-month-julio tour-month-junio tour-month-marzo tour-month-mayo tour-month-noviembre tour-month-octubre tour-month-septiembre tour-type-tour-ciudad\">\n\t<div class=\"sd-tour-item\">\n\t\t<div class=\"sd-tour-item-thumb\"><img src=\"https:\/\/www.persimmontravels.com\/wp-content\/uploads\/2020\/03\/Plaza-Espana-Sevilla-300x300.jpg\" class=\"attachment-shop_catalog size-shop_catalog wp-post-image\" alt=\"\" decoding=\"async\" loading=\"lazy\" srcset=\"https:\/\/www.persimmontravels.com\/wp-content\/uploads\/2020\/03\/Plaza-Espana-Sevilla-300x300.jpg 300w, https:\/\/www.persimmontravels.com\/wp-content\/uploads\/2020\/03\/Plaza-Espana-Sevilla-150x150.jpg 150w, https:\/\/www.persimmontravels.com\/wp-content\/uploads\/2020\/03\/Plaza-Espana-Sevilla-189x189.jpg 189w, https:\/\/www.persimmontravels.com\/wp-content\/uploads\/2020\/03\/Plaza-Espana-Sevilla-88x88.jpg 88w, https:\/\/www.persimmontravels.com\/wp-content\/uploads\/2020\/03\/Plaza-Espana-Sevilla-213x213.jpg 213w, https:\/\/www.persimmontravels.com\/wp-content\/uploads\/2020\/03\/Plaza-Espana-Sevilla-100x100.jpg 100w\" sizes=\"(max-width: 300px) 100vw, 300px\" \/><\/div><\/a>\t\t<div class=\"sd-tour-item-content-wrap\">\n\t\t\t<h3>\n\t\t\t\t<a href=\"https:\/\/www.persimmontravels.com\/es\/producto\/visita-a-monumentos-en-sevilla\/\" title=\"Tour Monumental de Sevilla(Alc\u00e1zar  y la Catedral-Giralda)\" rel=\"bookmark\">\n\t\t\t\t\tTour Monumental de Sevilla(Alc\u00e1zar  y la Catedral-Giralda)\t\t\t\t<\/a>\n\t\t\t<\/h3>\n\t\t\t<span class=\"sd-tour-days\">\n\t\t\t\t \t\t\t<\/span>\n\t\t\t<!-- sd-tour-days -->\n\t\t\t\n\t\t\t\t\t\t\n\t\t\t\t<div class=\"sd-stars\">\n\t\t\t\t\t\t\t\t\t<\/div>\n\t\t\t\t\t\t\t\t\t<div class=\"clearfix\"><\/div>\n\t\t\t\t\t\t\n\t\t\t<div class=\"sd-tour-excerpt\">\n\t\t\t\t<p><\/p>\n\t\t\t<\/div>\n\t\t\t<!-- sd-tour-excerpt -->\n\t\t\t\n\t\t\t<div class=\"sd-tour-price\">\n\t\t\t\t<!-- <span>From: <\/span>-->\t\t\t<\/div>\n\t\t\t<!-- sd-tour-price -->\n\t\t<\/div>\n\t<\/div>\n\t<!-- sd-tour-item -->\n<\/div>\n<div class=\"clearfix visible-md-block visible-lg-block sd-separate-rows\"><\/div><div class=\"clearfix visible-sm-block sd-separate-rows\"><\/div><div class=\"clearfix visible-xs-block sd-separate-rows\"><\/div><div class=\"col-md-3 col-sm-4 col-xs-12 sd-loop-class post-873 product type-product status-publish has-post-thumbnail hentry product_cat-tour-en-la-ciudad product_cat-uncategorized-es product_tag-paseo-en-barco product_tag-seville-es product_tag-tour-de-ciudad destination-sevilla tour-month-abril tour-month-agosto tour-month-diciembre tour-month-enero tour-month-febrero tour-month-julio tour-month-junio tour-month-marzo tour-month-mayo tour-month-noviembre tour-month-octubre tour-month-septiembre tour-type-tours-en-grupo\">\n\t<div class=\"sd-tour-item\">\n\t\t<div class=\"sd-tour-item-thumb\"><img src=\"https:\/\/www.persimmontravels.com\/wp-content\/uploads\/2020\/03\/celebraciones-en-barco-300x300.jpg\" class=\"attachment-shop_catalog size-shop_catalog wp-post-image\" alt=\"boat trip\" decoding=\"async\" loading=\"lazy\" srcset=\"https:\/\/www.persimmontravels.com\/wp-content\/uploads\/2020\/03\/celebraciones-en-barco-300x300.jpg 300w, https:\/\/www.persimmontravels.com\/wp-content\/uploads\/2020\/03\/celebraciones-en-barco-150x150.jpg 150w, https:\/\/www.persimmontravels.com\/wp-content\/uploads\/2020\/03\/celebraciones-en-barco-189x189.jpg 189w, https:\/\/www.persimmontravels.com\/wp-content\/uploads\/2020\/03\/celebraciones-en-barco-88x88.jpg 88w, https:\/\/www.persimmontravels.com\/wp-content\/uploads\/2020\/03\/celebraciones-en-barco-213x213.jpg 213w, https:\/\/www.persimmontravels.com\/wp-content\/uploads\/2020\/03\/celebraciones-en-barco-100x100.jpg 100w\" sizes=\"(max-width: 300px) 100vw, 300px\" \/><\/div><\/a>\t\t<div class=\"sd-tour-item-content-wrap\">\n\t\t\t<h3>\n\t\t\t\t<a href=\"https:\/\/www.persimmontravels.com\/es\/producto\/boat-trip-sevilla\/\" title=\"Paseo en Barco Ecol\u00f3gico por el Guadalquivir\" rel=\"bookmark\">\n\t\t\t\t\tPaseo en Barco Ecol\u00f3gico por el Guadalquivir\t\t\t\t<\/a>\n\t\t\t<\/h3>\n\t\t\t<span class=\"sd-tour-days\">\n\t\t\t\t \t\t\t<\/span>\n\t\t\t<!-- sd-tour-days -->\n\t\t\t\n\t\t\t\t\t\t\n\t\t\t\t<div class=\"sd-stars\">\n\t\t\t\t\t\t\t\t\t<\/div>\n\t\t\t\t\t\t\t\t\t<div class=\"clearfix\"><\/div>\n\t\t\t\t\t\t\n\t\t\t<div class=\"sd-tour-excerpt\">\n\t\t\t\t<p><\/p>\n\t\t\t<\/div>\n\t\t\t<!-- sd-tour-excerpt -->\n\t\t\t\n\t\t\t<div class=\"sd-tour-price\">\n\t\t\t\t<!-- <span>From: <\/span>-->\t\t\t<\/div>\n\t\t\t<!-- sd-tour-price -->\n\t\t<\/div>\n\t<\/div>\n\t<!-- sd-tour-item -->\n<\/div>\n<div class=\"clearfix visible-md-block visible-lg-block sd-separate-rows\"><\/div><div class=\"clearfix visible-sm-block sd-separate-rows\"><\/div><div class=\"clearfix visible-xs-block sd-separate-rows\"><\/div><div class=\"col-md-3 col-sm-4 col-xs-12 sd-loop-class post-668 product type-product status-publish has-post-thumbnail hentry product_cat-tour-en-la-ciudad product_cat-uncategorized-es destination-sevilla tour-month-abril tour-month-agosto tour-month-diciembre tour-month-enero tour-month-febrero tour-month-julio tour-month-junio tour-month-marzo tour-month-mayo tour-month-noviembre tour-month-octubre tour-month-septiembre tour-type-tour-ciudad tour-type-tours-en-grupo\">\n\t<div class=\"sd-tour-item\">\n\t\t<div class=\"sd-tour-item-thumb\"><img src=\"https:\/\/www.persimmontravels.com\/wp-content\/uploads\/2020\/03\/e1b5bcd0-9fa8-4474-a215-46c59620fa07-300x300.jpg\" class=\"attachment-shop_catalog size-shop_catalog wp-post-image\" alt=\"\" decoding=\"async\" loading=\"lazy\" srcset=\"https:\/\/www.persimmontravels.com\/wp-content\/uploads\/2020\/03\/e1b5bcd0-9fa8-4474-a215-46c59620fa07-300x300.jpg 300w, https:\/\/www.persimmontravels.com\/wp-content\/uploads\/2020\/03\/e1b5bcd0-9fa8-4474-a215-46c59620fa07-150x150.jpg 150w, https:\/\/www.persimmontravels.com\/wp-content\/uploads\/2020\/03\/e1b5bcd0-9fa8-4474-a215-46c59620fa07-189x189.jpg 189w, https:\/\/www.persimmontravels.com\/wp-content\/uploads\/2020\/03\/e1b5bcd0-9fa8-4474-a215-46c59620fa07-88x88.jpg 88w, https:\/\/www.persimmontravels.com\/wp-content\/uploads\/2020\/03\/e1b5bcd0-9fa8-4474-a215-46c59620fa07-213x213.jpg 213w, https:\/\/www.persimmontravels.com\/wp-content\/uploads\/2020\/03\/e1b5bcd0-9fa8-4474-a215-46c59620fa07-100x100.jpg 100w\" sizes=\"(max-width: 300px) 100vw, 300px\" \/><\/div><\/a>\t\t<div class=\"sd-tour-item-content-wrap\">\n\t\t\t<h3>\n\t\t\t\t<a href=\"https:\/\/www.persimmontravels.com\/es\/producto\/segway-sevilla\/\" title=\"Segway Sevilla\" rel=\"bookmark\">\n\t\t\t\t\tSegway Sevilla\t\t\t\t<\/a>\n\t\t\t<\/h3>\n\t\t\t<span class=\"sd-tour-days\">\n\t\t\t\t \t\t\t<\/span>\n\t\t\t<!-- sd-tour-days -->\n\t\t\t\n\t\t\t\t\t\t\n\t\t\t\t<div class=\"sd-stars\">\n\t\t\t\t\t\t\t\t\t<\/div>\n\t\t\t\t\t\t\t\t\t<div class=\"clearfix\"><\/div>\n\t\t\t\t\t\t\n\t\t\t<div class=\"sd-tour-excerpt\">\n\t\t\t\t<p><\/p>\n\t\t\t<\/div>\n\t\t\t<!-- sd-tour-excerpt -->\n\t\t\t\n\t\t\t<div class=\"sd-tour-price\">\n\t\t\t\t<!-- <span>From: <\/span>-->\t\t\t<\/div>\n\t\t\t<!-- sd-tour-price -->\n\t\t<\/div>\n\t<\/div>\n\t<!-- sd-tour-item -->\n<\/div>\n<div class=\"clearfix visible-md-block visible-lg-block sd-separate-rows\"><\/div><div class=\"clearfix visible-sm-block sd-separate-rows\"><\/div><div class=\"clearfix visible-xs-block sd-separate-rows\"><\/div><div class=\"col-md-3 col-sm-4 col-xs-12 sd-loop-class post-2397 product type-product status-publish has-post-thumbnail hentry product_cat-day-trip product_cat-uncategorized product_tag-day-trips product_tag-seville destination-sevilla tour-month-april tour-month-august tour-month-december tour-month-february tour-month-january tour-month-july tour-month-june tour-month-march tour-month-may tour-month-november tour-month-october tour-month-september tour-type-activities tour-type-day-trip tour-type-day-trip-seville tour-type-group-tours\">\n\t<div class=\"sd-tour-item\">\n\t\t<div class=\"sd-tour-item-thumb\"><img src=\"https:\/\/www.persimmontravels.com\/wp-content\/uploads\/2021\/02\/concurso-2-300x300.jpg\" class=\"attachment-shop_catalog size-shop_catalog wp-post-image\" alt=\"\" decoding=\"async\" loading=\"lazy\" srcset=\"https:\/\/www.persimmontravels.com\/wp-content\/uploads\/2021\/02\/concurso-2-300x300.jpg 300w, https:\/\/www.persimmontravels.com\/wp-content\/uploads\/2021\/02\/concurso-2-150x150.jpg 150w, https:\/\/www.persimmontravels.com\/wp-content\/uploads\/2021\/02\/concurso-2-189x189.jpg 189w, https:\/\/www.persimmontravels.com\/wp-content\/uploads\/2021\/02\/concurso-2-88x88.jpg 88w, https:\/\/www.persimmontravels.com\/wp-content\/uploads\/2021\/02\/concurso-2-213x213.jpg 213w, https:\/\/www.persimmontravels.com\/wp-content\/uploads\/2021\/02\/concurso-2-100x100.jpg 100w\" sizes=\"(max-width: 300px) 100vw, 300px\" \/><\/div><\/a>\t\t<div class=\"sd-tour-item-content-wrap\">\n\t\t\t<h3>\n\t\t\t\t<a href=\"https:\/\/www.persimmontravels.com\/es\/product\/day-trip-to-andalusian-hacienda-cortijo-andaluz-private-tour-small-groups\/\" title=\"Andalusian Country House (Cortijo Andaluz) [PRIVATE\/SMALL GROUPS]\" rel=\"bookmark\">\n\t\t\t\t\tAndalusian Country House (Cortijo Andaluz) [PRIVATE\/SMALL GROUPS]\t\t\t\t<\/a>\n\t\t\t<\/h3>\n\t\t\t<span class=\"sd-tour-days\">\n\t\t\t\t \t\t\t<\/span>\n\t\t\t<!-- sd-tour-days -->\n\t\t\t\n\t\t\t\t\t\t\n\t\t\t\t<div class=\"sd-stars\">\n\t\t\t\t\t\t\t\t\t<\/div>\n\t\t\t\t\t\t\t\t\t<div class=\"clearfix\"><\/div>\n\t\t\t\t\t\t\n\t\t\t<div class=\"sd-tour-excerpt\">\n\t\t\t\t<p><\/p>\n\t\t\t<\/div>\n\t\t\t<!-- sd-tour-excerpt -->\n\t\t\t\n\t\t\t<div class=\"sd-tour-price\">\n\t\t\t\t<!-- <span>From: <\/span>-->\t\t\t<\/div>\n\t\t\t<!-- sd-tour-price -->\n\t\t<\/div>\n\t<\/div>\n\t<!-- sd-tour-item -->\n<\/div>\n<div class=\"clearfix visible-md-block visible-lg-block sd-separate-rows\"><\/div><div class=\"clearfix visible-sm-block sd-separate-rows\"><\/div><div class=\"clearfix visible-xs-block sd-separate-rows\"><\/div><div class=\"col-md-3 col-sm-4 col-xs-12 sd-loop-class post-3057 product type-product status-publish has-post-thumbnail hentry product_cat-day-trip product_cat-uncategorized product_tag-day-trips product_tag-seville destination-sevilla tour-month-april tour-month-december tour-month-february tour-month-january tour-month-march tour-month-may tour-month-november tour-month-october tour-month-september tour-type-day-trip tour-type-day-trip-seville\">\n\t<div class=\"sd-tour-item\">\n\t\t<div class=\"sd-tour-item-thumb\"><img src=\"https:\/\/www.persimmontravels.com\/wp-content\/uploads\/2021\/02\/caminito-del-rey1.jpg\" class=\"attachment-shop_catalog size-shop_catalog wp-post-image\" alt=\"\" decoding=\"async\" loading=\"lazy\" \/><\/div><\/a>\t\t<div class=\"sd-tour-item-content-wrap\">\n\t\t\t<h3>\n\t\t\t\t<a href=\"https:\/\/www.persimmontravels.com\/es\/product\/day-trip-to-caminito-del-rey-private-tour-small-groups\/\" title=\"Caminito del Rey (King&#8217;s Little Path) &#038; Antequera Dolmens Archaeological Site or Osuna [Private\/Small Groups]\" rel=\"bookmark\">\n\t\t\t\t\tCaminito del Rey (King&#8217;s Little Path) &#038; Antequera Dolmens Archaeological Site or Osuna [Private\/Small Groups]\t\t\t\t<\/a>\n\t\t\t<\/h3>\n\t\t\t<span class=\"sd-tour-days\">\n\t\t\t\t \t\t\t<\/span>\n\t\t\t<!-- sd-tour-days -->\n\t\t\t\n\t\t\t\t\t\t\n\t\t\t\t<div class=\"sd-stars\">\n\t\t\t\t\t\t\t\t\t<\/div>\n\t\t\t\t\t\t\t\t\t<div class=\"clearfix\"><\/div>\n\t\t\t\t\t\t\n\t\t\t<div class=\"sd-tour-excerpt\">\n\t\t\t\t<p><\/p>\n\t\t\t<\/div>\n\t\t\t<!-- sd-tour-excerpt -->\n\t\t\t\n\t\t\t<div class=\"sd-tour-price\">\n\t\t\t\t<!-- <span>From: <\/span>-->\t\t\t<\/div>\n\t\t\t<!-- sd-tour-price -->\n\t\t<\/div>\n\t<\/div>\n\t<!-- sd-tour-item -->\n<\/div>\n<div class=\"clearfix visible-md-block visible-lg-block sd-separate-rows\"><\/div><div class=\"clearfix visible-sm-block sd-separate-rows\"><\/div><div class=\"clearfix visible-xs-block sd-separate-rows\"><\/div><div class=\"col-md-3 col-sm-4 col-xs-12 sd-loop-class post-872 product type-product status-publish has-post-thumbnail hentry product_cat-viajes-de-un-dia product_tag-alhambra-es product_tag-excursiones-privadas-es product_tag-excursiones-privadas product_tag-granada-es product_tag-tickets-de-la-alhambra destination-sevilla tour-month-abril tour-month-agosto tour-month-diciembre tour-month-enero tour-month-febrero tour-month-julio tour-month-junio tour-month-marzo tour-month-mayo tour-month-noviembre tour-month-octubre tour-month-septiembre tour-type-day-trip-es tour-type-day-trip-seville-es\">\n\t<div class=\"sd-tour-item\">\n\t\t<div class=\"sd-tour-item-thumb\"><img src=\"https:\/\/www.persimmontravels.com\/wp-content\/uploads\/2020\/03\/lions-4680963_1920-300x300.jpg\" class=\"attachment-shop_catalog size-shop_catalog wp-post-image\" alt=\"\" decoding=\"async\" loading=\"lazy\" srcset=\"https:\/\/www.persimmontravels.com\/wp-content\/uploads\/2020\/03\/lions-4680963_1920-300x300.jpg 300w, https:\/\/www.persimmontravels.com\/wp-content\/uploads\/2020\/03\/lions-4680963_1920-150x150.jpg 150w, https:\/\/www.persimmontravels.com\/wp-content\/uploads\/2020\/03\/lions-4680963_1920-189x189.jpg 189w, https:\/\/www.persimmontravels.com\/wp-content\/uploads\/2020\/03\/lions-4680963_1920-88x88.jpg 88w, https:\/\/www.persimmontravels.com\/wp-content\/uploads\/2020\/03\/lions-4680963_1920-213x213.jpg 213w, https:\/\/www.persimmontravels.com\/wp-content\/uploads\/2020\/03\/lions-4680963_1920-100x100.jpg 100w\" sizes=\"(max-width: 300px) 100vw, 300px\" \/><\/div><\/a>\t\t<div class=\"sd-tour-item-content-wrap\">\n\t\t\t<h3>\n\t\t\t\t<a href=\"https:\/\/www.persimmontravels.com\/es\/producto\/day-trip-sevilla-granada-alhambra-privada\/\" title=\"Day Trip Sevilla &#8211; Granada &#038; Alhambra (Excursi\u00f3n privada)\" rel=\"bookmark\">\n\t\t\t\t\tDay Trip Sevilla &#8211; Granada &#038; Alhambra (Excursi\u00f3n privada)\t\t\t\t<\/a>\n\t\t\t<\/h3>\n\t\t\t<span class=\"sd-tour-days\">\n\t\t\t\t \t\t\t<\/span>\n\t\t\t<!-- sd-tour-days -->\n\t\t\t\n\t\t\t\t\t\t\n\t\t\t\t<div class=\"sd-stars\">\n\t\t\t\t\t\t\t\t\t<\/div>\n\t\t\t\t\t\t\t\t\t<div class=\"clearfix\"><\/div>\n\t\t\t\t\t\t\n\t\t\t<div class=\"sd-tour-excerpt\">\n\t\t\t\t<p><\/p>\n\t\t\t<\/div>\n\t\t\t<!-- sd-tour-excerpt -->\n\t\t\t\n\t\t\t<div class=\"sd-tour-price\">\n\t\t\t\t<!-- <span>From: <\/span>-->\t\t\t<\/div>\n\t\t\t<!-- sd-tour-price -->\n\t\t<\/div>\n\t<\/div>\n\t<!-- sd-tour-item -->\n<\/div>\n<div class=\"clearfix visible-md-block visible-lg-block sd-separate-rows\"><\/div><div class=\"clearfix visible-sm-block sd-separate-rows\"><\/div><div class=\"clearfix visible-xs-block sd-separate-rows\"><\/div><div class=\"col-md-3 col-sm-4 col-xs-12 sd-loop-class post-870 product type-product status-publish has-post-thumbnail hentry product_cat-viajes-de-un-dia destination-sevilla tour-month-abril tour-month-agosto tour-month-diciembre tour-month-enero tour-month-febrero tour-month-julio tour-month-junio tour-month-marzo tour-month-mayo tour-month-noviembre tour-month-octubre tour-month-septiembre tour-type-day-trip-es tour-type-day-trip-seville-es\">\n\t<div class=\"sd-tour-item\">\n\t\t<div class=\"sd-tour-item-thumb\"><img src=\"https:\/\/www.persimmontravels.com\/wp-content\/uploads\/2020\/03\/cadiz9-1-300x300.png\" class=\"attachment-shop_catalog size-shop_catalog wp-post-image\" alt=\"\" decoding=\"async\" loading=\"lazy\" srcset=\"https:\/\/www.persimmontravels.com\/wp-content\/uploads\/2020\/03\/cadiz9-1-300x300.png 300w, https:\/\/www.persimmontravels.com\/wp-content\/uploads\/2020\/03\/cadiz9-1-150x150.png 150w, https:\/\/www.persimmontravels.com\/wp-content\/uploads\/2020\/03\/cadiz9-1-189x189.png 189w, https:\/\/www.persimmontravels.com\/wp-content\/uploads\/2020\/03\/cadiz9-1-88x88.png 88w, https:\/\/www.persimmontravels.com\/wp-content\/uploads\/2020\/03\/cadiz9-1-213x213.png 213w, https:\/\/www.persimmontravels.com\/wp-content\/uploads\/2020\/03\/cadiz9-1-100x100.png 100w\" sizes=\"(max-width: 300px) 100vw, 300px\" \/><\/div><\/a>\t\t<div class=\"sd-tour-item-content-wrap\">\n\t\t\t<h3>\n\t\t\t\t<a href=\"https:\/\/www.persimmontravels.com\/es\/producto\/day-trip-seville-jerez-cadiz\/\" title=\"Excursi\u00f3n de un d\u00eda Sevilla &#8211; Jerez y C\u00e1diz (Tour Privado)\" rel=\"bookmark\">\n\t\t\t\t\tExcursi\u00f3n de un d\u00eda Sevilla &#8211; Jerez y C\u00e1diz (Tour Privado)\t\t\t\t<\/a>\n\t\t\t<\/h3>\n\t\t\t<span class=\"sd-tour-days\">\n\t\t\t\t \t\t\t<\/span>\n\t\t\t<!-- sd-tour-days -->\n\t\t\t\n\t\t\t\t\t\t\n\t\t\t\t<div class=\"sd-stars\">\n\t\t\t\t\t\t\t\t\t<\/div>\n\t\t\t\t\t\t\t\t\t<div class=\"clearfix\"><\/div>\n\t\t\t\t\t\t\n\t\t\t<div class=\"sd-tour-excerpt\">\n\t\t\t\t<p><\/p>\n\t\t\t<\/div>\n\t\t\t<!-- sd-tour-excerpt -->\n\t\t\t\n\t\t\t<div class=\"sd-tour-price\">\n\t\t\t\t<!-- <span>From: <\/span>-->\t\t\t<\/div>\n\t\t\t<!-- sd-tour-price -->\n\t\t<\/div>\n\t<\/div>\n\t<!-- sd-tour-item -->\n<\/div>\n<div class=\"clearfix visible-md-block visible-lg-block sd-separate-rows\"><\/div><div class=\"clearfix visible-sm-block sd-separate-rows\"><\/div><div class=\"clearfix visible-xs-block sd-separate-rows\"><\/div><div class=\"col-md-3 col-sm-4 col-xs-12 sd-loop-class post-871 product type-product status-publish has-post-thumbnail hentry product_cat-viajes-de-un-dia destination-sevilla tour-month-abril tour-month-agosto tour-month-diciembre tour-month-enero tour-month-febrero tour-month-julio tour-month-junio tour-month-marzo tour-month-mayo tour-month-noviembre tour-month-octubre tour-month-septiembre tour-type-day-trip-es tour-type-day-trip-seville-es\">\n\t<div class=\"sd-tour-item\">\n\t\t<div class=\"sd-tour-item-thumb\"><img src=\"https:\/\/www.persimmontravels.com\/wp-content\/uploads\/2020\/03\/round-3223149_1920-1-300x300.jpg\" class=\"attachment-shop_catalog size-shop_catalog wp-post-image\" alt=\"\" decoding=\"async\" loading=\"lazy\" srcset=\"https:\/\/www.persimmontravels.com\/wp-content\/uploads\/2020\/03\/round-3223149_1920-1-300x300.jpg 300w, https:\/\/www.persimmontravels.com\/wp-content\/uploads\/2020\/03\/round-3223149_1920-1-150x150.jpg 150w, https:\/\/www.persimmontravels.com\/wp-content\/uploads\/2020\/03\/round-3223149_1920-1-189x189.jpg 189w, https:\/\/www.persimmontravels.com\/wp-content\/uploads\/2020\/03\/round-3223149_1920-1-88x88.jpg 88w, https:\/\/www.persimmontravels.com\/wp-content\/uploads\/2020\/03\/round-3223149_1920-1-213x213.jpg 213w, https:\/\/www.persimmontravels.com\/wp-content\/uploads\/2020\/03\/round-3223149_1920-1-100x100.jpg 100w\" sizes=\"(max-width: 300px) 100vw, 300px\" \/><\/div><\/a>\t\t<div class=\"sd-tour-item-content-wrap\">\n\t\t\t<h3>\n\t\t\t\t<a href=\"https:\/\/www.persimmontravels.com\/es\/producto\/day-trip-seville-ronda\/\" title=\"Excursi\u00f3n de un d\u00eda Sevilla &#8211; Ronda y Pueblos Blancos\" rel=\"bookmark\">\n\t\t\t\t\tExcursi\u00f3n de un d\u00eda Sevilla &#8211; Ronda y Pueblos Blancos\t\t\t\t<\/a>\n\t\t\t<\/h3>\n\t\t\t<span class=\"sd-tour-days\">\n\t\t\t\t \t\t\t<\/span>\n\t\t\t<!-- sd-tour-days -->\n\t\t\t\n\t\t\t\t\t\t\n\t\t\t\t<div class=\"sd-stars\">\n\t\t\t\t\t\t\t\t\t<\/div>\n\t\t\t\t\t\t\t\t\t<div class=\"clearfix\"><\/div>\n\t\t\t\t\t\t\n\t\t\t<div class=\"sd-tour-excerpt\">\n\t\t\t\t<p><\/p>\n\t\t\t<\/div>\n\t\t\t<!-- sd-tour-excerpt -->\n\t\t\t\n\t\t\t<div class=\"sd-tour-price\">\n\t\t\t\t<!-- <span>From: <\/span>-->\t\t\t<\/div>\n\t\t\t<!-- sd-tour-price -->\n\t\t<\/div>\n\t<\/div>\n\t<!-- sd-tour-item -->\n<\/div>\n<div class=\"clearfix visible-md-block visible-lg-block sd-separate-rows\"><\/div><div class=\"clearfix visible-sm-block sd-separate-rows\"><\/div><div class=\"clearfix visible-xs-block sd-separate-rows\"><\/div><div class=\"col-md-3 col-sm-4 col-xs-12 sd-loop-class post-867 product type-product status-publish has-post-thumbnail hentry product_cat-viajes-de-un-dia destination-sevilla tour-month-abril tour-month-agosto tour-month-diciembre tour-month-enero tour-month-febrero tour-month-julio tour-month-junio tour-month-marzo tour-month-mayo tour-month-noviembre tour-month-octubre tour-month-septiembre tour-type-day-trip-es tour-type-day-trip-seville-es\">\n\t<div class=\"sd-tour-item\">\n\t\t<div class=\"sd-tour-item-thumb\"><img src=\"https:\/\/www.persimmontravels.com\/wp-content\/uploads\/2020\/03\/italica-2-300x300.jpg\" class=\"attachment-shop_catalog size-shop_catalog wp-post-image\" alt=\"\" decoding=\"async\" loading=\"lazy\" srcset=\"https:\/\/www.persimmontravels.com\/wp-content\/uploads\/2020\/03\/italica-2-300x300.jpg 300w, https:\/\/www.persimmontravels.com\/wp-content\/uploads\/2020\/03\/italica-2-150x150.jpg 150w, https:\/\/www.persimmontravels.com\/wp-content\/uploads\/2020\/03\/italica-2-189x189.jpg 189w, https:\/\/www.persimmontravels.com\/wp-content\/uploads\/2020\/03\/italica-2-88x88.jpg 88w, https:\/\/www.persimmontravels.com\/wp-content\/uploads\/2020\/03\/italica-2-213x213.jpg 213w, https:\/\/www.persimmontravels.com\/wp-content\/uploads\/2020\/03\/italica-2-100x100.jpg 100w\" sizes=\"(max-width: 300px) 100vw, 300px\" \/><\/div><\/a>\t\t<div class=\"sd-tour-item-content-wrap\">\n\t\t\t<h3>\n\t\t\t\t<a href=\"https:\/\/www.persimmontravels.com\/es\/producto\/trip-roman-ruins-italica-monastery-san-isidoro\/\" title=\"Excursi\u00f3n privada a las Ruinas Romanas de It\u00e1lica y el Monasterio de San Isidoro del Campo\" rel=\"bookmark\">\n\t\t\t\t\tExcursi\u00f3n privada a las Ruinas Romanas de It\u00e1lica y el Monasterio de San Isidoro del Campo\t\t\t\t<\/a>\n\t\t\t<\/h3>\n\t\t\t<span class=\"sd-tour-days\">\n\t\t\t\t \t\t\t<\/span>\n\t\t\t<!-- sd-tour-days -->\n\t\t\t\n\t\t\t\t\t\t\n\t\t\t\t<div class=\"sd-stars\">\n\t\t\t\t\t\t\t\t\t<\/div>\n\t\t\t\t\t\t\t\t\t<div class=\"clearfix\"><\/div>\n\t\t\t\t\t\t\n\t\t\t<div class=\"sd-tour-excerpt\">\n\t\t\t\t<p><\/p>\n\t\t\t<\/div>\n\t\t\t<!-- sd-tour-excerpt -->\n\t\t\t\n\t\t\t<div class=\"sd-tour-price\">\n\t\t\t\t<!-- <span>From: <\/span>-->\t\t\t<\/div>\n\t\t\t<!-- sd-tour-price -->\n\t\t<\/div>\n\t<\/div>\n\t<!-- sd-tour-item -->\n<\/div>\n<div class=\"clearfix visible-md-block visible-lg-block sd-separate-rows\"><\/div><div class=\"clearfix visible-sm-block sd-separate-rows\"><\/div><div class=\"clearfix visible-xs-block sd-separate-rows\"><\/div><div class=\"col-md-3 col-sm-4 col-xs-12 sd-loop-class post-868 product type-product status-publish has-post-thumbnail hentry product_cat-viajes-de-un-dia destination-sevilla tour-month-abril tour-month-agosto tour-month-diciembre tour-month-enero tour-month-febrero tour-month-julio tour-month-junio tour-month-marzo tour-month-mayo tour-month-noviembre tour-month-octubre tour-month-septiembre tour-type-day-trip-es tour-type-day-trip-seville-es\">\n\t<div class=\"sd-tour-item\">\n\t\t<div class=\"sd-tour-item-thumb\"><img src=\"https:\/\/www.persimmontravels.com\/wp-content\/uploads\/2020\/03\/aracena-ciudad-de-la-cut-300x300.jpg\" class=\"attachment-shop_catalog size-shop_catalog wp-post-image\" alt=\"\" decoding=\"async\" loading=\"lazy\" srcset=\"https:\/\/www.persimmontravels.com\/wp-content\/uploads\/2020\/03\/aracena-ciudad-de-la-cut-300x300.jpg 300w, https:\/\/www.persimmontravels.com\/wp-content\/uploads\/2020\/03\/aracena-ciudad-de-la-cut-150x150.jpg 150w, https:\/\/www.persimmontravels.com\/wp-content\/uploads\/2020\/03\/aracena-ciudad-de-la-cut-189x189.jpg 189w, https:\/\/www.persimmontravels.com\/wp-content\/uploads\/2020\/03\/aracena-ciudad-de-la-cut-88x88.jpg 88w, https:\/\/www.persimmontravels.com\/wp-content\/uploads\/2020\/03\/aracena-ciudad-de-la-cut-213x213.jpg 213w, https:\/\/www.persimmontravels.com\/wp-content\/uploads\/2020\/03\/aracena-ciudad-de-la-cut-100x100.jpg 100w\" sizes=\"(max-width: 300px) 100vw, 300px\" \/><\/div><\/a>\t\t<div class=\"sd-tour-item-content-wrap\">\n\t\t\t<h3>\n\t\t\t\t<a href=\"https:\/\/www.persimmontravels.com\/es\/producto\/day-trip-seville-arecena\/\" title=\"Excursi\u00f3n Sevilla &#8211; Aracena (Tour Privado)\" rel=\"bookmark\">\n\t\t\t\t\tExcursi\u00f3n Sevilla &#8211; Aracena (Tour Privado)\t\t\t\t<\/a>\n\t\t\t<\/h3>\n\t\t\t<span class=\"sd-tour-days\">\n\t\t\t\t \t\t\t<\/span>\n\t\t\t<!-- sd-tour-days -->\n\t\t\t\n\t\t\t\t\t\t\n\t\t\t\t<div class=\"sd-stars\">\n\t\t\t\t\t\t\t\t\t<\/div>\n\t\t\t\t\t\t\t\t\t<div class=\"clearfix\"><\/div>\n\t\t\t\t\t\t\n\t\t\t<div class=\"sd-tour-excerpt\">\n\t\t\t\t<p><\/p>\n\t\t\t<\/div>\n\t\t\t<!-- sd-tour-excerpt -->\n\t\t\t\n\t\t\t<div class=\"sd-tour-price\">\n\t\t\t\t<!-- <span>From: <\/span>-->\t\t\t<\/div>\n\t\t\t<!-- sd-tour-price -->\n\t\t<\/div>\n\t<\/div>\n\t<!-- sd-tour-item -->\n<\/div>\n<div class=\"clearfix visible-md-block visible-lg-block sd-separate-rows\"><\/div><div class=\"clearfix visible-sm-block sd-separate-rows\"><\/div><div class=\"clearfix visible-xs-block sd-separate-rows\"><\/div><div class=\"col-md-3 col-sm-4 col-xs-12 sd-loop-class post-869 product type-product status-publish has-post-thumbnail hentry product_cat-viajes-de-un-dia product_tag-cordoba-es product_tag-cordoba-es-2 product_tag-excursion-privada product_tag-excursiones-privadas product_tag-mesquita product_tag-mezquita-es destination-sevilla tour-month-abril tour-month-agosto tour-month-diciembre tour-month-enero tour-month-febrero tour-month-julio tour-month-junio tour-month-marzo tour-month-mayo tour-month-noviembre tour-month-octubre tour-month-septiembre tour-type-day-trip-es tour-type-day-trip-seville-es\">\n\t<div class=\"sd-tour-item\">\n\t\t<div class=\"sd-tour-item-thumb\"><img src=\"https:\/\/www.persimmontravels.com\/wp-content\/uploads\/2020\/03\/architecture-756147_1920-300x300.jpg\" class=\"attachment-shop_catalog size-shop_catalog wp-post-image\" alt=\"\" decoding=\"async\" loading=\"lazy\" srcset=\"https:\/\/www.persimmontravels.com\/wp-content\/uploads\/2020\/03\/architecture-756147_1920-300x300.jpg 300w, https:\/\/www.persimmontravels.com\/wp-content\/uploads\/2020\/03\/architecture-756147_1920-150x150.jpg 150w, https:\/\/www.persimmontravels.com\/wp-content\/uploads\/2020\/03\/architecture-756147_1920-189x189.jpg 189w, https:\/\/www.persimmontravels.com\/wp-content\/uploads\/2020\/03\/architecture-756147_1920-88x88.jpg 88w, https:\/\/www.persimmontravels.com\/wp-content\/uploads\/2020\/03\/architecture-756147_1920-213x213.jpg 213w, https:\/\/www.persimmontravels.com\/wp-content\/uploads\/2020\/03\/architecture-756147_1920-100x100.jpg 100w\" sizes=\"(max-width: 300px) 100vw, 300px\" \/><\/div><\/a>\t\t<div class=\"sd-tour-item-content-wrap\">\n\t\t\t<h3>\n\t\t\t\t<a href=\"https:\/\/www.persimmontravels.com\/es\/producto\/day-trip-seville-cordoba\/\" title=\"Excursion Sevilla &#8211; C\u00f3rdoba (Tour Privado)\" rel=\"bookmark\">\n\t\t\t\t\tExcursion Sevilla &#8211; C\u00f3rdoba (Tour Privado)\t\t\t\t<\/a>\n\t\t\t<\/h3>\n\t\t\t<span class=\"sd-tour-days\">\n\t\t\t\t \t\t\t<\/span>\n\t\t\t<!-- sd-tour-days -->\n\t\t\t\n\t\t\t\t\t\t\n\t\t\t\t<div class=\"sd-stars\">\n\t\t\t\t\t\t\t\t\t<\/div>\n\t\t\t\t\t\t\t\t\t<div class=\"clearfix\"><\/div>\n\t\t\t\t\t\t\n\t\t\t<div class=\"sd-tour-excerpt\">\n\t\t\t\t<p><\/p>\n\t\t\t<\/div>\n\t\t\t<!-- sd-tour-excerpt -->\n\t\t\t\n\t\t\t<div class=\"sd-tour-price\">\n\t\t\t\t<!-- <span>From: <\/span>-->\t\t\t<\/div>\n\t\t\t<!-- sd-tour-price -->\n\t\t<\/div>\n\t<\/div>\n\t<!-- sd-tour-item -->\n<\/div>\n<div class=\"clearfix visible-md-block visible-lg-block sd-separate-rows\"><\/div><div class=\"clearfix visible-sm-block sd-separate-rows\"><\/div><div class=\"clearfix visible-xs-block sd-separate-rows\"><\/div><div class=\"col-md-3 col-sm-4 col-xs-12 sd-loop-class post-4920 product type-product status-publish has-post-thumbnail hentry product_cat-day-trip product_tag-alhambra product_tag-granada product_tag-private-day-trips product_tag-tickets-alhambra destination-cadiz tour-month-april tour-month-august tour-month-december tour-month-february tour-month-january tour-type-day-trip\">\n\t<div class=\"sd-tour-item\">\n\t\t<div class=\"sd-tour-item-thumb\"><img src=\"https:\/\/www.persimmontravels.com\/wp-content\/uploads\/2020\/03\/Sevilla-copia-300x300.jpg\" class=\"attachment-shop_catalog size-shop_catalog wp-post-image\" alt=\"free tour permisson\" decoding=\"async\" loading=\"lazy\" srcset=\"https:\/\/www.persimmontravels.com\/wp-content\/uploads\/2020\/03\/Sevilla-copia-300x300.jpg 300w, https:\/\/www.persimmontravels.com\/wp-content\/uploads\/2020\/03\/Sevilla-copia-150x150.jpg 150w, https:\/\/www.persimmontravels.com\/wp-content\/uploads\/2020\/03\/Sevilla-copia-189x189.jpg 189w, https:\/\/www.persimmontravels.com\/wp-content\/uploads\/2020\/03\/Sevilla-copia-88x88.jpg 88w, https:\/\/www.persimmontravels.com\/wp-content\/uploads\/2020\/03\/Sevilla-copia-213x213.jpg 213w, https:\/\/www.persimmontravels.com\/wp-content\/uploads\/2020\/03\/Sevilla-copia-100x100.jpg 100w\" sizes=\"(max-width: 300px) 100vw, 300px\" \/><\/div><\/a>\t\t<div class=\"sd-tour-item-content-wrap\">\n\t\t\t<h3>\n\t\t\t\t<a href=\"https:\/\/www.persimmontravels.com\/es\/product\/day-trip-cadiz-seville-special-from-boat-trip\/\" title=\"From Cadiz: Day Trip Cadiz-Seville (Special for Cruise &#038; Boat Tourists)\" rel=\"bookmark\">\n\t\t\t\t\tFrom Cadiz: Day Trip Cadiz-Seville (Special for Cruise &#038; Boat Tourists)\t\t\t\t<\/a>\n\t\t\t<\/h3>\n\t\t\t<span class=\"sd-tour-days\">\n\t\t\t\t \t\t\t<\/span>\n\t\t\t<!-- sd-tour-days -->\n\t\t\t\n\t\t\t\t\t\t\n\t\t\t\t<div class=\"sd-stars\">\n\t\t\t\t\t\t\t\t\t<\/div>\n\t\t\t\t\t\t\t\t\t<div class=\"clearfix\"><\/div>\n\t\t\t\t\t\t\n\t\t\t<div class=\"sd-tour-excerpt\">\n\t\t\t\t<p><\/p>\n\t\t\t<\/div>\n\t\t\t<!-- sd-tour-excerpt -->\n\t\t\t\n\t\t\t<div class=\"sd-tour-price\">\n\t\t\t\t<!-- <span>From: <\/span>-->\t\t\t<\/div>\n\t\t\t<!-- sd-tour-price -->\n\t\t<\/div>\n\t<\/div>\n\t<!-- sd-tour-item -->\n<\/div>\n<div class=\"clearfix visible-md-block visible-lg-block sd-separate-rows\"><\/div><div class=\"clearfix visible-sm-block sd-separate-rows\"><\/div><div class=\"clearfix visible-xs-block sd-separate-rows\"><\/div><\/div>\t\t\t<\/div>\n\t\t<\/div>\n\t\t\n\t[\/vc_column][\/vc_row]<\/p>\n","protected":false},"excerpt":{"rendered":"<p>[vc_row centered=\u00bbyes\u00bb bg_type=\u00bbimage\u00bb parallax_style=\u00bbvcpb-default\u00bb bg_image_new=\u00bbid^634|url^https:\/\/www.persimmontravels.com\/wp-content\/uploads\/2020\/04\/sevilla.jpg|caption^null|alt^null|title^sevilla|description^null\u00bb bg_image_repeat=\u00bbno-repeat\u00bb bg_image_posiiton=\u00bbcenter center\u00bb][vc_column][\/vc_column][\/vc_row][vc_row][vc_column][\/vc_column][\/vc_row]<\/p>\n","protected":false},"author":1,"featured_media":0,"parent":0,"menu_order":0,"comment_status":"closed","ping_status":"closed","template":"full-width-page.php","meta":{"content-type":""},"_links":{"self":[{"href":"https:\/\/www.persimmontravels.com\/es\/wp-json\/wp\/v2\/pages\/823"}],"collection":[{"href":"https:\/\/www.persimmontravels.com\/es\/wp-json\/wp\/v2\/pages"}],"about":[{"href":"https:\/\/www.persimmontravels.com\/es\/wp-json\/wp\/v2\/types\/page"}],"author":[{"embeddable":true,"href":"https:\/\/www.persimmontravels.com\/es\/wp-json\/wp\/v2\/users\/1"}],"replies":[{"embeddable":true,"href":"https:\/\/www.persimmontravels.com\/es\/wp-json\/wp\/v2\/comments?post=823"}],"version-history":[{"count":2,"href":"https:\/\/www.persimmontravels.com\/es\/wp-json\/wp\/v2\/pages\/823\/revisions"}],"predecessor-version":[{"id":839,"href":"https:\/\/www.persimmontravels.com\/es\/wp-json\/wp\/v2\/pages\/823\/revisions\/839"}],"wp:attachment":[{"href":"https:\/\/www.persimmontravels.com\/es\/wp-json\/wp\/v2\/media?parent=823"}],"curies":[{"name":"wp","href":"https:\/\/api.w.org\/{rel}","templated":true}]}}